{"id":2094,"date":"2023-04-03T14:02:03","date_gmt":"2023-04-03T14:02:03","guid":{"rendered":"https:\/\/www.asamuel.pt\/novo\/?page_id=2094"},"modified":"2025-05-29T13:44:49","modified_gmt":"2025-05-29T13:44:49","slug":"acolher-com-afetos-acolhimento-familiar","status":"publish","type":"page","link":"https:\/\/www.asamuel.pt\/novo\/acolher-com-afetos-acolhimento-familiar\/","title":{"rendered":"Acolher com Afetos \u2013 Acolhimento Familiar"},"content":{"rendered":"<p>[et_pb_section fb_built=&#8221;1&#8243; fullwidth=&#8221;on&#8221; _builder_version=&#8221;4.16&#8243; global_colors_info=&#8221;{}&#8221;][et_pb_fullwidth_slider _builder_version=&#8221;4.16&#8243; auto=&#8221;on&#8221; auto_speed=&#8221;4000&#8243; global_colors_info=&#8221;{}&#8221; button_text_size__hover_enabled=&#8221;off&#8221; button_one_text_size__hover_enabled=&#8221;off&#8221; button_two_text_size__hover_enabled=&#8221;off&#8221; button_text_color__hover_enabled=&#8221;off&#8221; button_one_text_color__hover_enabled=&#8221;off&#8221; button_two_text_color__hover_enabled=&#8221;off&#8221; button_border_width__hover_enabled=&#8221;off&#8221; button_one_border_width__hover_enabled=&#8221;off&#8221; button_two_border_width__hover_enabled=&#8221;off&#8221; button_border_color__hover_enabled=&#8221;off&#8221; button_one_border_color__hover_enabled=&#8221;off&#8221; button_two_border_color__hover_enabled=&#8221;off&#8221; button_border_radius__hover_enabled=&#8221;off&#8221; button_one_border_radius__hover_enabled=&#8221;off&#8221; button_two_border_radius__hover_enabled=&#8221;off&#8221; button_letter_spacing__hover_enabled=&#8221;off&#8221; button_one_letter_spacing__hover_enabled=&#8221;off&#8221; button_two_letter_spacing__hover_enabled=&#8221;off&#8221; button_bg_color__hover_enabled=&#8221;off&#8221; button_one_bg_color__hover_enabled=&#8221;off&#8221; button_two_bg_color__hover_enabled=&#8221;off&#8221;][et_pb_slide use_bg_overlay=&#8221;off&#8221; use_text_overlay=&#8221;off&#8221; _builder_version=&#8221;4.16&#8243; background_color=&#8221;rgba(255,255,255,0)&#8221; background_image=&#8221;https:\/\/www.asamuel.pt\/novo\/wp-content\/uploads\/2018\/06\/slide_1.jpg&#8221; button_on_hover=&#8221;on&#8221; global_colors_info=&#8221;{}&#8221; button_text_size__hover_enabled=&#8221;off&#8221; button_one_text_size__hover_enabled=&#8221;off&#8221; button_two_text_size__hover_enabled=&#8221;off&#8221; button_text_color__hover_enabled=&#8221;off&#8221; button_one_text_color__hover_enabled=&#8221;off&#8221; button_two_text_color__hover_enabled=&#8221;off&#8221; button_border_width__hover_enabled=&#8221;off&#8221; button_one_border_width__hover_enabled=&#8221;off&#8221; button_two_border_width__hover_enabled=&#8221;off&#8221; button_border_color__hover_enabled=&#8221;off&#8221; button_one_border_color__hover_enabled=&#8221;off&#8221; button_two_border_color__hover_enabled=&#8221;off&#8221; button_border_radius__hover_enabled=&#8221;off&#8221; button_one_border_radius__hover_enabled=&#8221;off&#8221; button_two_border_radius__hover_enabled=&#8221;off&#8221; button_letter_spacing__hover_enabled=&#8221;off&#8221; button_one_letter_spacing__hover_enabled=&#8221;off&#8221; button_two_letter_spacing__hover_enabled=&#8221;off&#8221; button_bg_color__hover_enabled=&#8221;off&#8221; button_one_bg_color__hover_enabled=&#8221;off&#8221; button_two_bg_color__hover_enabled=&#8221;off&#8221; sticky_transition=&#8221;on&#8221;][\/et_pb_slide][\/et_pb_fullwidth_slider][\/et_pb_section][et_pb_section fb_built=&#8221;1&#8243; _builder_version=&#8221;4.16&#8243; global_colors_info=&#8221;{}&#8221;][et_pb_row _builder_version=&#8221;4.20.4&#8243; _module_preset=&#8221;default&#8221; min_height=&#8221;61.3px&#8221; global_colors_info=&#8221;{}&#8221;][et_pb_column type=&#8221;4_4&#8243; _builder_version=&#8221;4.20.2&#8243; _module_preset=&#8221;default&#8221; global_colors_info=&#8221;{}&#8221;][et_pb_text _builder_version=&#8221;4.20.4&#8243; _module_preset=&#8221;default&#8221; global_colors_info=&#8221;{}&#8221;]<\/p>\n<h2 style=\"text-align: center;\"><span><\/span>Toda a CRIAN\u00c7A tem DIREITO a uma FAM\u00cdLIA!<\/h2>\n<p>[\/et_pb_text][\/et_pb_column][\/et_pb_row][et_pb_row column_structure=&#8221;2_5,3_5&#8243; _builder_version=&#8221;4.20.2&#8243; _module_preset=&#8221;default&#8221; min_height=&#8221;318.3px&#8221; global_colors_info=&#8221;{}&#8221;][et_pb_column type=&#8221;2_5&#8243; _builder_version=&#8221;4.20.2&#8243; _module_preset=&#8221;default&#8221; global_colors_info=&#8221;{}&#8221;][et_pb_image src=&#8221;https:\/\/www.asamuel.pt\/novo\/wp-content\/uploads\/2023\/04\/Logo-removebg-preview.png&#8221; title_text=&#8221;Logo-removebg-preview&#8221; _builder_version=&#8221;4.20.4&#8243; _module_preset=&#8221;default&#8221; custom_margin=&#8221;||-78px|||&#8221; custom_padding=&#8221;|58px||||&#8221; global_colors_info=&#8221;{}&#8221;][\/et_pb_image][\/et_pb_column][et_pb_column type=&#8221;3_5&#8243; _builder_version=&#8221;4.20.2&#8243; _module_preset=&#8221;default&#8221; global_colors_info=&#8221;{}&#8221;][et_pb_text _builder_version=&#8221;4.20.2&#8243; _module_preset=&#8221;default&#8221; global_colors_info=&#8221;{}&#8221;]<\/p>\n<p><span><\/span><\/p>\n<p><span><\/span><\/p>\n<p><span><\/span><\/p>\n<p><span><\/span><\/p>\n<p><span>A Associa\u00e7\u00e3o Cultural, Recreativa e Social de Samuel, no \u00e2mbito da resposta social Acolhimento Familiar de Crian\u00e7as e Jovens, apresenta o Programa &#8220;Acolher com Afetos&#8221;, que visa sensibilizar a comunidade para a resposta de acolhimento familiar. Trabalhamos para a redu\u00e7\u00e3o da residencializa\u00e7\u00e3o de crian\u00e7as e jovens dando a estes a oportunidade de viverem em ambiente familiar, t\u00e3o importante para o seu desenvolvimento integral e bem-estar.<\/span><\/p>\n<p>[\/et_pb_text][\/et_pb_column][\/et_pb_row][et_pb_row column_structure=&#8221;2_5,3_5&#8243; _builder_version=&#8221;4.20.2&#8243; _module_preset=&#8221;default&#8221; global_colors_info=&#8221;{}&#8221;][et_pb_column type=&#8221;2_5&#8243; _builder_version=&#8221;4.20.2&#8243; _module_preset=&#8221;default&#8221; global_colors_info=&#8221;{}&#8221;][et_pb_text _builder_version=&#8221;4.20.2&#8243; _module_preset=&#8221;default&#8221; min_height=&#8221;178.6px&#8221; custom_margin=&#8221;||19px|||&#8221; global_colors_info=&#8221;{}&#8221;]<\/p>\n<h4 class=\"title\">Contactos<\/h4>\n<p>&nbsp;<\/p>\n<div class=\"textwidget\">\n<p>Acolher com Afetos &#8211; Acolhimento Familiar<\/p>\n<p>Associa\u00e7\u00e3o Cultural Recreativa e Social de Samuel<br \/>Rua Duques de Aveiro, n\u00ba 35<br \/>Coles de Samuel<br \/>3130-119 Samuel<\/p>\n<p>Tel: 239 580 000 <span>(Chamada para a rede fixa nacional)<\/span><br \/>Email:<span><a href=\"mailto:geral@asamuel.pt\" target=\"_top\" rel=\"noopener\"> <\/a><a href=\"mailto:acrss.acolhercomafetos@gmail.com\">acrss.acolhercomafetos@gmail.com<\/a><a href=\"mailto:geral@asamuel.pt\" target=\"_top\" rel=\"noopener\"><\/a><\/span><span><\/span><\/p>\n<p><span><\/span><\/p>\n<\/div>\n<p>[\/et_pb_text][et_pb_social_media_follow _builder_version=&#8221;4.20.2&#8243; _module_preset=&#8221;default&#8221; global_colors_info=&#8221;{}&#8221;][et_pb_social_media_follow_network social_network=&#8221;facebook&#8221; url=&#8221;https:\/\/www.facebook.com\/people\/Acolher-com-Afetos-ACRS-Samuel\/100090065217196\/&#8221; _builder_version=&#8221;4.20.2&#8243; _module_preset=&#8221;default&#8221; background_color=&#8221;#3b5998&#8243; global_colors_info=&#8221;{}&#8221; follow_button=&#8221;off&#8221; url_new_window=&#8221;on&#8221;]facebook[\/et_pb_social_media_follow_network][et_pb_social_media_follow_network social_network=&#8221;instagram&#8221; url=&#8221;https:\/\/www.instagram.com\/acrss_acolhercomafetos\/&#8221; _builder_version=&#8221;4.20.2&#8243; _module_preset=&#8221;default&#8221; background_color=&#8221;#ea2c59&#8243; global_colors_info=&#8221;{}&#8221; follow_button=&#8221;off&#8221; url_new_window=&#8221;on&#8221;]instagram[\/et_pb_social_media_follow_network][\/et_pb_social_media_follow][\/et_pb_column][et_pb_column type=&#8221;3_5&#8243; _builder_version=&#8221;4.20.2&#8243; _module_preset=&#8221;default&#8221; global_colors_info=&#8221;{}&#8221;][et_pb_video src=&#8221;https:\/\/www.asamuel.pt\/acolhimento.mp4&#8243; _builder_version=&#8221;4.20.2&#8243; _module_preset=&#8221;default&#8221; global_colors_info=&#8221;{}&#8221;][\/et_pb_video][\/et_pb_column][\/et_pb_row][et_pb_row _builder_version=&#8221;4.20.2&#8243; _module_preset=&#8221;default&#8221; global_colors_info=&#8221;{}&#8221;][et_pb_column type=&#8221;4_4&#8243; _builder_version=&#8221;4.20.2&#8243; _module_preset=&#8221;default&#8221; global_colors_info=&#8221;{}&#8221;][et_pb_contact_form email=&#8221;acrss.acolhercomafetos@gmail.com&#8221; title=&#8221;Manifesta\u00e7\u00e3o de Interesse&#8221; custom_message=&#8221;Nome: %%Nome%%||et_pb_line_break_holder||Tlm: %%Tlm%%||et_pb_line_break_holder||Email: %%Email%%||et_pb_line_break_holder||Mensagem: %%Mensagem%%&#8221; success_message=&#8221;Manifesta\u00e7\u00e3o de Interesse Enviada&#8221; submit_button_text=&#8221;Enviar&#8221; _builder_version=&#8221;4.20.4&#8243; _module_preset=&#8221;default&#8221; _unique_id=&#8221;74ab88da-461f-4a27-9ee9-b6fe1388e092&#8243; custom_margin=&#8221;||-208px|||&#8221; global_colors_info=&#8221;{}&#8221;][et_pb_contact_field field_id=&#8221;Nome&#8221; field_title=&#8221;Nome&#8221; fullwidth_field=&#8221;on&#8221; _builder_version=&#8221;4.20.2&#8243; global_colors_info=&#8221;{}&#8221; button_text_size__hover_enabled=&#8221;off&#8221; button_one_text_size__hover_enabled=&#8221;off&#8221; button_two_text_size__hover_enabled=&#8221;off&#8221; button_text_color__hover_enabled=&#8221;off&#8221; button_one_text_color__hover_enabled=&#8221;off&#8221; button_two_text_color__hover_enabled=&#8221;off&#8221; button_border_width__hover_enabled=&#8221;off&#8221; button_one_border_width__hover_enabled=&#8221;off&#8221; button_two_border_width__hover_enabled=&#8221;off&#8221; button_border_color__hover_enabled=&#8221;off&#8221; button_one_border_color__hover_enabled=&#8221;off&#8221; button_two_border_color__hover_enabled=&#8221;off&#8221; button_border_radius__hover_enabled=&#8221;off&#8221; button_one_border_radius__hover_enabled=&#8221;off&#8221; button_two_border_radius__hover_enabled=&#8221;off&#8221; button_letter_spacing__hover_enabled=&#8221;off&#8221; button_one_letter_spacing__hover_enabled=&#8221;off&#8221; button_two_letter_spacing__hover_enabled=&#8221;off&#8221; button_bg_color__hover_enabled=&#8221;off&#8221; button_one_bg_color__hover_enabled=&#8221;off&#8221; button_two_bg_color__hover_enabled=&#8221;off&#8221;][\/et_pb_contact_field][et_pb_contact_field field_id=&#8221;Tlm&#8221; field_title=&#8221;Tlm&#8221; _builder_version=&#8221;4.20.2&#8243; global_colors_info=&#8221;{}&#8221; button_text_size__hover_enabled=&#8221;off&#8221; button_one_text_size__hover_enabled=&#8221;off&#8221; button_two_text_size__hover_enabled=&#8221;off&#8221; button_text_color__hover_enabled=&#8221;off&#8221; button_one_text_color__hover_enabled=&#8221;off&#8221; button_two_text_color__hover_enabled=&#8221;off&#8221; button_border_width__hover_enabled=&#8221;off&#8221; button_one_border_width__hover_enabled=&#8221;off&#8221; button_two_border_width__hover_enabled=&#8221;off&#8221; button_border_color__hover_enabled=&#8221;off&#8221; button_one_border_color__hover_enabled=&#8221;off&#8221; button_two_border_color__hover_enabled=&#8221;off&#8221; button_border_radius__hover_enabled=&#8221;off&#8221; button_one_border_radius__hover_enabled=&#8221;off&#8221; button_two_border_radius__hover_enabled=&#8221;off&#8221; button_letter_spacing__hover_enabled=&#8221;off&#8221; button_one_letter_spacing__hover_enabled=&#8221;off&#8221; button_two_letter_spacing__hover_enabled=&#8221;off&#8221; button_bg_color__hover_enabled=&#8221;off&#8221; button_one_bg_color__hover_enabled=&#8221;off&#8221; button_two_bg_color__hover_enabled=&#8221;off&#8221;][\/et_pb_contact_field][et_pb_contact_field field_id=&#8221;Email&#8221; field_title=&#8221;Email&#8221; field_type=&#8221;email&#8221; _builder_version=&#8221;4.20.2&#8243; global_colors_info=&#8221;{}&#8221; button_text_size__hover_enabled=&#8221;off&#8221; button_one_text_size__hover_enabled=&#8221;off&#8221; button_two_text_size__hover_enabled=&#8221;off&#8221; button_text_color__hover_enabled=&#8221;off&#8221; button_one_text_color__hover_enabled=&#8221;off&#8221; button_two_text_color__hover_enabled=&#8221;off&#8221; button_border_width__hover_enabled=&#8221;off&#8221; button_one_border_width__hover_enabled=&#8221;off&#8221; button_two_border_width__hover_enabled=&#8221;off&#8221; button_border_color__hover_enabled=&#8221;off&#8221; button_one_border_color__hover_enabled=&#8221;off&#8221; button_two_border_color__hover_enabled=&#8221;off&#8221; button_border_radius__hover_enabled=&#8221;off&#8221; button_one_border_radius__hover_enabled=&#8221;off&#8221; button_two_border_radius__hover_enabled=&#8221;off&#8221; button_letter_spacing__hover_enabled=&#8221;off&#8221; button_one_letter_spacing__hover_enabled=&#8221;off&#8221; button_two_letter_spacing__hover_enabled=&#8221;off&#8221; button_bg_color__hover_enabled=&#8221;off&#8221; button_one_bg_color__hover_enabled=&#8221;off&#8221; button_two_bg_color__hover_enabled=&#8221;off&#8221;][\/et_pb_contact_field][et_pb_contact_field field_id=&#8221;Mensagem&#8221; field_title=&#8221;Mensagem&#8221; field_type=&#8221;text&#8221; fullwidth_field=&#8221;on&#8221; _builder_version=&#8221;4.20.2&#8243; global_colors_info=&#8221;{}&#8221; button_text_size__hover_enabled=&#8221;off&#8221; button_one_text_size__hover_enabled=&#8221;off&#8221; button_two_text_size__hover_enabled=&#8221;off&#8221; button_text_color__hover_enabled=&#8221;off&#8221; button_one_text_color__hover_enabled=&#8221;off&#8221; button_two_text_color__hover_enabled=&#8221;off&#8221; button_border_width__hover_enabled=&#8221;off&#8221; button_one_border_width__hover_enabled=&#8221;off&#8221; button_two_border_width__hover_enabled=&#8221;off&#8221; button_border_color__hover_enabled=&#8221;off&#8221; button_one_border_color__hover_enabled=&#8221;off&#8221; button_two_border_color__hover_enabled=&#8221;off&#8221; button_border_radius__hover_enabled=&#8221;off&#8221; button_one_border_radius__hover_enabled=&#8221;off&#8221; button_two_border_radius__hover_enabled=&#8221;off&#8221; button_letter_spacing__hover_enabled=&#8221;off&#8221; button_one_letter_spacing__hover_enabled=&#8221;off&#8221; button_two_letter_spacing__hover_enabled=&#8221;off&#8221; button_bg_color__hover_enabled=&#8221;off&#8221; button_one_bg_color__hover_enabled=&#8221;off&#8221; button_two_bg_color__hover_enabled=&#8221;off&#8221;][\/et_pb_contact_field][\/et_pb_contact_form][\/et_pb_column][\/et_pb_row][et_pb_row _builder_version=&#8221;4.20.2&#8243; _module_preset=&#8221;default&#8221; global_colors_info=&#8221;{}&#8221;][et_pb_column type=&#8221;4_4&#8243; _builder_version=&#8221;4.20.2&#8243; _module_preset=&#8221;default&#8221; global_colors_info=&#8221;{}&#8221;][et_pb_text _builder_version=&#8221;4.20.2&#8243; _module_preset=&#8221;default&#8221; global_colors_info=&#8221;{}&#8221;]<\/p>\n<h1>Quest\u00f5es Frequentes<\/h1>\n<p>[\/et_pb_text][et_pb_toggle title=&#8221;O que \u00e9 Acolhimento Familiar?&#8221; open_toggle_text_color=&#8221;#008040&#8243; icon_color=&#8221;#008040&#8243; toggle_icon=&#8221;&#xe050;||divi||400&#8243; _builder_version=&#8221;4.20.2&#8243; _module_preset=&#8221;default&#8221; global_colors_info=&#8221;{}&#8221;]<\/p>\n<p>O acolhimento familiar \u00e9 uma medida de promo\u00e7\u00e3o dos direitos e prote\u00e7\u00e3o das crian\u00e7as e jovens em perigo, de caracter tempor\u00e1rio, decidida pelos tribunais ou pelas comiss\u00f5es de prote\u00e7\u00e3o de crian\u00e7as e jovens. Desta forma, esta medida consiste na atribui\u00e7\u00e3o da confian\u00e7a da crian\u00e7a ou jovem a uma pessoa singular ou a uma fam\u00edlia com vista \u00e0 integra\u00e7\u00e3o em contexto familiar onde as necessidades das crian\u00e7as e jovens s\u00e3o asseguradas promovendo o seu bem-estar e desenvolvimento integral.<\/p>\n<p>[\/et_pb_toggle][et_pb_toggle title=&#8221;Quem pode ser fam\u00edlia de acolhimento?&#8221; open_toggle_text_color=&#8221;#008040&#8243; icon_color=&#8221;#008040&#8243; toggle_icon=&#8221;&#xe050;||divi||400&#8243; _builder_version=&#8221;4.20.2&#8243; _module_preset=&#8221;default&#8221; global_colors_info=&#8221;{}&#8221;]<\/p>\n<p>&#8211; Uma pessoa singular.<br \/>&#8211; Duas pessoas casadas ou unidas de facto h\u00e1 mais de 2 anos.<br \/>&#8211; Duas ou mais pessoas do mesmo parentesco que vivam na mesma habita\u00e7\u00e3o.<\/p>\n<p>[\/et_pb_toggle][et_pb_toggle title=&#8221;Que outras condi\u00e7\u00f5es existem para ser fam\u00edlia de acolhimento?&#8221; open_toggle_text_color=&#8221;#008040&#8243; icon_color=&#8221;#008040&#8243; toggle_icon=&#8221;&#xe050;||divi||400&#8243; _builder_version=&#8221;4.20.2&#8243; _module_preset=&#8221;default&#8221; global_colors_info=&#8221;{}&#8221;]<\/p>\n<p>&#8211; Idade superior a 25 anos.<br \/>&#8211; Ter condi\u00e7\u00f5es de sa\u00fade f\u00edsica e mental para acolher crian\u00e7as ou jovens.<br \/>&#8211; Ter condi\u00e7\u00f5es habitacionais adequadas para acolher crian\u00e7as ou jovens.<br \/>&#8211; Ser pessoa id\u00f3nea para a pr\u00e1tica do acolhimento familiar.<br \/>&#8211; Os elementos do agregado familiar em coabita\u00e7\u00e3o n\u00e3o podem ter sido indiciados, pronunciados, acusados, ou condenados por crimes contra a vida, liberdade pessoal, integridade f\u00edsica, liberdade e autodetermina\u00e7\u00e3o sexual.<br \/>&#8211; Os elementos do agregado familiar em coabita\u00e7\u00e3o n\u00e3o podem estar inibidos do exerc\u00edcio das responsabilidades parentais, nem ter o seu exerc\u00edcio limitado.<\/p>\n<p>[\/et_pb_toggle][et_pb_toggle title=&#8221;Qual o papel das fam\u00edlias de acolhimento?&#8221; open_toggle_text_color=&#8221;#008040&#8243; icon_color=&#8221;#008040&#8243; toggle_icon=&#8221;&#xe050;||divi||400&#8243; _builder_version=&#8221;4.20.2&#8243; _module_preset=&#8221;default&#8221; global_colors_info=&#8221;{}&#8221;]<\/p>\n<p>&#8211; Estar dispon\u00edvel para cuidar de uma crian\u00e7a ou jovem com muito afeto.<br \/>&#8211; Ter tempo para a crian\u00e7a ou jovem.<br \/>&#8211; Acompanhar a crian\u00e7a ou jovem na sua vida di\u00e1ria.<br \/>&#8211; Construir um ambiente seguro e harmonioso para a crian\u00e7a ou jovem.<\/p>\n<p>[\/et_pb_toggle][et_pb_toggle title=&#8221;A fam\u00edlia de acolhimento tem que contactar com a fam\u00edlia de origem?&#8221; open_toggle_text_color=&#8221;#008040&#8243; icon_color=&#8221;#008040&#8243; toggle_icon=&#8221;&#xe050;||divi||400&#8243; _builder_version=&#8221;4.20.2&#8243; _module_preset=&#8221;default&#8221; global_colors_info=&#8221;{}&#8221;]<\/p>\n<p>As fam\u00edlias de acolhimento devem estar dispon\u00edveis para estabelecer contactos com a fam\u00edlia de origem da crian\u00e7a ou jovem que acolhem, desde que essa rela\u00e7\u00e3o seja para o bem-estar da crian\u00e7a.<br \/>A equipa da institui\u00e7\u00e3o de enquadramento que acompanhar\u00e1 a fam\u00edlia de acolhimento estar\u00e1 sempre dispon\u00edvel para ajudar nesta articula\u00e7\u00e3o com a fam\u00edlia de origem.<\/p>\n<p>[\/et_pb_toggle][et_pb_toggle title=&#8221;Qual o projeto de vida ap\u00f3s a medida de acolhimento familiar terminar?&#8221; open_toggle_text_color=&#8221;#008040&#8243; icon_color=&#8221;#008040&#8243; toggle_icon=&#8221;&#xe050;||divi||400&#8243; _builder_version=&#8221;4.20.2&#8243; _module_preset=&#8221;default&#8221; global_colors_info=&#8221;{}&#8221;]<\/p>\n<p>Quando \u00e9 realizada a cessa\u00e7\u00e3o da medida de acolhimento familiar os projetos de promo\u00e7\u00e3o e prote\u00e7\u00e3o das crian\u00e7as e jovens pode ser um dos seguintes: reunifica\u00e7\u00e3o familiar, confian\u00e7a a pessoa id\u00f3nea, autonomia de vida, apadrinhamento civil ou ado\u00e7\u00e3o.<\/p>\n<p>[\/et_pb_toggle][et_pb_toggle title=&#8221;Quais os concelhos que a ACRSS abrange?&#8221; open_toggle_text_color=&#8221;#008040&#8243; icon_color=&#8221;#008040&#8243; toggle_icon=&#8221;&#xe050;||divi||400&#8243; _builder_version=&#8221;4.20.2&#8243; _module_preset=&#8221;default&#8221; global_colors_info=&#8221;{}&#8221;]<\/p>\n<p>A \u00e1rea de abrang\u00eancia da resposta social ser\u00e3o os concelhos de Soure, Montemor-o-Velho, Figueira da Foz, Condeixa, Coimbra, Miranda do Corvo, Penela, Lous\u00e3, G\u00f3is e Pampilhosa da Serra.<\/p>\n<p>[\/et_pb_toggle][et_pb_toggle title=&#8221;O que tenho de fazer para ser fam\u00edlia de acolhimento?&#8221; open_toggle_text_color=&#8221;#008040&#8243; icon_color=&#8221;#008040&#8243; toggle_icon=&#8221;&#xe050;||divi||400&#8243; _builder_version=&#8221;4.20.2&#8243; _module_preset=&#8221;default&#8221; global_colors_info=&#8221;{}&#8221;]<\/p>\n<p>Enviar um email para a ACRSS (institui\u00e7\u00e3o de enquadramento) a manifestar interesse em ser fam\u00edlia de acolhimento.<br \/>ACRSS: acrss.acolhercomafetos@gmail.com<br \/>Ap\u00f3s ser realizada a manifesta\u00e7\u00e3o de interesse, a institui\u00e7\u00e3o ir\u00e1 contactar com vista a agendar uma sess\u00e3o informativa relativa ao acolhimento familiar. Depois da sess\u00e3o informativa poder\u00e1 realizar a candidatura.<\/p>\n<p>[\/et_pb_toggle][et_pb_toggle title=&#8221;Ap\u00f3s a candidatura quais os pr\u00f3ximos procedimentos at\u00e9 ser fam\u00edlia de acolhimento?&#8221; open_toggle_text_color=&#8221;#008040&#8243; icon_color=&#8221;#008040&#8243; toggle_icon=&#8221;&#xe050;||divi||400&#8243; _builder_version=&#8221;4.20.2&#8243; _module_preset=&#8221;default&#8221; global_colors_info=&#8221;{}&#8221;]<\/p>\n<p>Quando a institui\u00e7\u00e3o de enquadramento recebe a candidatura, realiza um estudo psicossocial da fam\u00edlia candidata.<br \/>Este estudo ir\u00e1 ser realizado atrav\u00e9s de entrevistas, visitas domicili\u00e1rias e outros procedimentos pertinentes. Assim, permitir\u00e1 \u00e0 equipa t\u00e9cnica compreender se a fam\u00edlia tem as capacidades e as condi\u00e7\u00f5es para assegurar as necessidades das crian\u00e7as e jovens.<\/p>\n<p>[\/et_pb_toggle][et_pb_toggle title=&#8221;Quais s\u00e3o os apoios disponibilizados \u00e0s fam\u00edlias de acolhimento?&#8221; open_toggle_text_color=&#8221;#008040&#8243; icon_color=&#8221;#008040&#8243; toggle_icon=&#8221;&#xe050;||divi||400&#8243; _builder_version=&#8221;4.20.2&#8243; _module_preset=&#8221;default&#8221; global_colors_info=&#8221;{}&#8221;]<\/p>\n<p>Para al\u00e9m de forma\u00e7\u00e3o inicial e cont\u00ednua e de acompanhamento t\u00e9cnico, assim que \u00e9 decidida a coloca\u00e7\u00e3o da crian\u00e7a ou jovem numa fam\u00edlia de acolhimento, esta ir\u00e1 receber um apoio mensal destinado a assegurar os cuidados a prestar \u00e0 crian\u00e7a ou jovem.<\/p>\n<table>\n<tbody>\n<tr>\n<td style=\"width: 234px;\"><strong>APOIO PECUNI\u00c1RIO MENSAL<\/strong><\/td>\n<td style=\"width: 189px;\"><strong> F\u00d3RMULA DE C\u00c1LCULO<\/strong><\/td>\n<td style=\"width: 10px;\"><strong> MONTANTE A ATRIBUIR**<\/strong><\/td>\n<\/tr>\n<tr>\n<td style=\"width: 234px;\">Por crian\u00e7a com idade superior a 6 anos<\/td>\n<td style=\"width: 189px;\">Equivalente a 1,2 IAS*<\/td>\n<td style=\"width: 10px;\">\u20ac627,00<\/td>\n<\/tr>\n<tr>\n<td style=\"width: 234px;\">Por crian\u00e7a com idade at\u00e9 6 anos<\/td>\n<td style=\"width: 189px;\">Equivalente a 1,2 IAS + Majora\u00e7\u00e3o de 15% sobre o valor do apoio pecuni\u00e1rio<\/td>\n<td style=\"width: 10px;\">\u20ac721,05 = \u20ac627,00 + \u20ac94,05<\/td>\n<\/tr>\n<tr>\n<td style=\"width: 234px;\">Por crian\u00e7a com defici\u00eancia e\/ou doen\u00e7a cr\u00f3nica devidamente comprovadas e idade superior a 6 anos<\/td>\n<td style=\"width: 189px;\">Equivalente a 1,2 IAS + Majora\u00e7\u00e3o de 15% sobre o valor do apoio pecuni\u00e1rio<\/td>\n<td style=\"width: 10px;\">\u20ac721,05 = \u20ac627,00 + \u20ac94,05<\/td>\n<\/tr>\n<tr>\n<td style=\"width: 234px;\">Por crian\u00e7a com defici\u00eancia e\/ou doen\u00e7a cr\u00f3nica devidamente comprovadas e idade at\u00e9 6 anos<\/td>\n<td style=\"width: 189px;\">Equivalente a 1,2 IAS + Duas majora\u00e7\u00f5es de 15% cada uma sobre o valor do apoio pecuni\u00e1rio<\/td>\n<td style=\"width: 10px;\">\u20ac815,10 = \u20ac627,00 + \u20ac94,05 + \u20ac94,05<\/td>\n<\/tr>\n<\/tbody>\n<\/table>\n<p>Usufruem tamb\u00e9m de direitos laborais (licen\u00e7a parental no caso de acolher crian\u00e7as at\u00e9 1 ano de idade e faltas de assist\u00eancia \u00e0 crian\u00e7a ou jovem) e benef\u00edcios fiscais.<\/p>\n<p>[\/et_pb_toggle][et_pb_toggle title=&#8221;Legisla\u00e7\u00e3o&#8221; open_toggle_text_color=&#8221;#008040&#8243; icon_color=&#8221;#008040&#8243; toggle_icon=&#8221;&#xe050;||divi||400&#8243; _builder_version=&#8221;4.20.2&#8243; _module_preset=&#8221;default&#8221; global_colors_info=&#8221;{}&#8221;]<\/p>\n<p><strong>Decreto-Lei n\u00ba 139\/2019<\/strong>, de 16 de setembro, que estabelece o regime de execu\u00e7\u00e3o do acolhimento familiar, alterado pela <strong>Lei n\u00ba37\/2025<\/strong>, de 31 de mar\u00e7o, que p<span style=\"font-size: 14px; background-color: #ffffff;\">ossibilita que familiares e pessoas candidatas \u00e0 ado\u00e7\u00e3o possam ser fam\u00edlias de acolhimento e refor\u00e7a os direitos das crian\u00e7as e jovens em acolhimento.<\/span><\/p>\n<p><strong>Portaria n.\u00ba 278-A\/2020<\/strong>, de 4 de dezembro, define os termos, condi\u00e7\u00f5es e procedimentos do processo de candidatura, sele\u00e7\u00e3o, forma\u00e7\u00e3o e avalia\u00e7\u00e3o das fam\u00edlias de acolhimento, bem como o respetivo reconhecimento.<\/p>\n<p><strong>Lei n\u00ba 147\/99<\/strong>, de 1 de setembro &#8211; Lei de Prote\u00e7\u00e3o de Crian\u00e7as e Jovens em Perigo, alterada pela <strong>Lei n\u00ba37\/2025<\/strong>, de 31 de mar\u00e7o, que p<span style=\"font-size: 14px; background-color: #ffffff;\">ossibilita que familiares e pessoas candidatas \u00e0 ado\u00e7\u00e3o possam ser fam\u00edlias de acolhimento e refor\u00e7a os direitos das crian\u00e7as e jovens em acolhimento<\/span><\/p>\n<p><strong>Lei n\u00ba 142\/2015<\/strong>, de 8 de setembro &#8211; Segunda altera\u00e7\u00e3o \u00e0 Lei de Prote\u00e7\u00e3o de Crian\u00e7as e Jovens em Perigo<\/p>\n<p><strong>Lei n.\u00ba 23\/2017<\/strong>, de 23 de maio &#8211; Terceira altera\u00e7\u00e3o \u00e0 Lei de Prote\u00e7\u00e3o de Crian\u00e7as e Jovens em Perigo<\/p>\n<p><strong>Regulamento Interno<\/strong><\/p>\n<p>[\/et_pb_toggle][\/et_pb_column][\/et_pb_row][\/et_pb_section]<\/p>\n","protected":false},"excerpt":{"rendered":"<p>Toda a CRIAN\u00c7A tem DIREITO a uma FAM\u00cdLIA! A Associa\u00e7\u00e3o Cultural, Recreativa e Social de Samuel, no \u00e2mbito da resposta social Acolhimento Familiar de Crian\u00e7as e Jovens, apresenta o Programa &#8220;Acolher com Afetos&#8221;, que visa sensibilizar a comunidade para a resposta de acolhimento familiar. Trabalhamos para a redu\u00e7\u00e3o da residencializa\u00e7\u00e3o de crian\u00e7as e jovens dando [&hellip;]<\/p>\n","protected":false},"author":2,"featured_media":0,"parent":0,"menu_order":0,"comment_status":"closed","ping_status":"closed","template":"","meta":{"_et_pb_use_builder":"on","_et_pb_old_content":"<!-- wp:divi\/placeholder \/-->","_et_gb_content_width":"","footnotes":""},"class_list":["post-2094","page","type-page","status-publish","hentry"],"_links":{"self":[{"href":"https:\/\/www.asamuel.pt\/novo\/wp-json\/wp\/v2\/pages\/2094","targetHints":{"allow":["GET"]}}],"collection":[{"href":"https:\/\/www.asamuel.pt\/novo\/wp-json\/wp\/v2\/pages"}],"about":[{"href":"https:\/\/www.asamuel.pt\/novo\/wp-json\/wp\/v2\/types\/page"}],"author":[{"embeddable":true,"href":"https:\/\/www.asamuel.pt\/novo\/wp-json\/wp\/v2\/users\/2"}],"replies":[{"embeddable":true,"href":"https:\/\/www.asamuel.pt\/novo\/wp-json\/wp\/v2\/comments?post=2094"}],"version-history":[{"count":35,"href":"https:\/\/www.asamuel.pt\/novo\/wp-json\/wp\/v2\/pages\/2094\/revisions"}],"predecessor-version":[{"id":2515,"href":"https:\/\/www.asamuel.pt\/novo\/wp-json\/wp\/v2\/pages\/2094\/revisions\/2515"}],"wp:attachment":[{"href":"https:\/\/www.asamuel.pt\/novo\/wp-json\/wp\/v2\/media?parent=2094"}],"curies":[{"name":"wp","href":"https:\/\/api.w.org\/{rel}","templated":true}]}}