{"id":123,"date":"2018-06-14T11:20:19","date_gmt":"2018-06-14T11:20:19","guid":{"rendered":"http:\/\/www.asamuel.pt\/novo\/?page_id=123"},"modified":"2023-05-23T17:00:21","modified_gmt":"2023-05-23T17:00:21","slug":"atividades","status":"publish","type":"page","link":"https:\/\/www.asamuel.pt\/novo\/atividades\/","title":{"rendered":"Atividades"},"content":{"rendered":"<p>[et_pb_section bb_built=&#8221;1&#8243; fullwidth=&#8221;on&#8221; specialty=&#8221;off&#8221; prev_background_color=&#8221;#000000&#8243;][et_pb_fullwidth_slider _builder_version=&#8221;3.6&#8243; box_shadow_blur=&#8221;10px&#8221; box_shadow_color=&#8221;rgba(0,0,0,0.1)&#8221; auto=&#8221;on&#8221; auto_speed=&#8221;4000&#8243;][et_pb_slide _builder_version=&#8221;3.6&#8243; button_link=&#8221;#&#8221; background_color=&#8221;rgba(255,255,255,0)&#8221; use_background_color_gradient=&#8221;off&#8221; background_color_gradient_start=&#8221;#2b87da&#8221; background_color_gradient_end=&#8221;#29c4a9&#8243; background_color_gradient_type=&#8221;linear&#8221; background_color_gradient_direction=&#8221;180deg&#8221; background_color_gradient_direction_radial=&#8221;center&#8221; background_color_gradient_start_position=&#8221;0%&#8221; background_color_gradient_end_position=&#8221;100%&#8221; background_color_gradient_overlays_image=&#8221;off&#8221; background_image=&#8221;https:\/\/www.asamuel.pt\/novo\/wp-content\/uploads\/2018\/06\/slide_1.jpg&#8221; parallax=&#8221;off&#8221; parallax_method=&#8221;on&#8221; background_size=&#8221;cover&#8221; background_position=&#8221;center&#8221; background_repeat=&#8221;no-repeat&#8221; background_blend=&#8221;normal&#8221; allow_player_pause=&#8221;off&#8221; background_video_pause_outside_viewport=&#8221;on&#8221; use_bg_overlay=&#8221;off&#8221; use_text_overlay=&#8221;off&#8221; text_border_radius=&#8221;3&#8243; alignment=&#8221;center&#8221; child_filter_hue_rotate=&#8221;0deg&#8221; child_filter_saturate=&#8221;100%&#8221; child_filter_brightness=&#8221;100%&#8221; child_filter_contrast=&#8221;100%&#8221; child_filter_invert=&#8221;0%&#8221; child_filter_sepia=&#8221;0%&#8221; child_filter_opacity=&#8221;100%&#8221; child_filter_blur=&#8221;0px&#8221; child_mix_blend_mode=&#8221;normal&#8221; background_layout=&#8221;dark&#8221; text_shadow_style=&#8221;none&#8221; header_text_shadow_style=&#8221;none&#8221; body_text_shadow_style=&#8221;none&#8221; custom_button=&#8221;off&#8221; button_bg_use_color_gradient=&#8221;off&#8221; button_bg_color_gradient_overlays_image=&#8221;off&#8221; button_use_icon=&#8221;on&#8221; button_on_hover=&#8221;on&#8221; button_text_shadow_style=&#8221;none&#8221; box_shadow_style_button=&#8221;none&#8221; text_shadow_horizontal_length=&#8221;0em&#8221; text_shadow_vertical_length=&#8221;0em&#8221; text_shadow_blur_strength=&#8221;0em&#8221; header_text_shadow_horizontal_length=&#8221;0em&#8221; header_text_shadow_vertical_length=&#8221;0em&#8221; header_text_shadow_blur_strength=&#8221;0em&#8221; body_text_shadow_horizontal_length=&#8221;0em&#8221; body_text_shadow_vertical_length=&#8221;0em&#8221; body_text_shadow_blur_strength=&#8221;0em&#8221; button_text_shadow_horizontal_length=&#8221;0em&#8221; button_text_shadow_vertical_length=&#8221;0em&#8221; button_text_shadow_blur_strength=&#8221;0em&#8221; \/][\/et_pb_fullwidth_slider][\/et_pb_section][et_pb_section bb_built=&#8221;1&#8243; next_background_color=&#8221;#000000&#8243;][et_pb_row][et_pb_column type=&#8221;4_4&#8243;][et_pb_text _builder_version=&#8221;3.6&#8243;]<\/p>\n<div id=\"i63ugq2b_NewsPostsView_i63ugq01201_Array__0_0_0_positionInParent_default\" class=\" flex_vbox\">\n<div id=\"NewsPostsView_i63ugq01201_NewsPosts_i63ugpzw200__0_0_0\" class=\" \">\n<div id=\"i63ugq2b_NewsPostsView_i63ugq01201_NewsPosts_i63ugpzw200__0_0_0_0_def_0\" class=\" flex_vbox\">\n<div id=\"i63ugq2b_NewsPostsView_i63ugq01201_NewsPosts_i63ugpzw200__0_0_0_0_def_3\" class=\"flex_display\">\n<div id=\"i63ugq2b_NewsPostsView_i63ugq01201_NewsPosts_i63ugpzw200__0_0_0_0_Left\" class=\" flex_vbox\">\n<div id=\"i63ugq2b_NewsPostsView_i63ugq01201_NewsPosts_i63ugpzw200__0_0_0_0_image_1\" class=\"\">\n<div id=\"i63ugq2b_NewsPostsView_i63ugq01201_NewsPosts_i63ugpzw200__0_0_0_0_image_1\" class=\"flex_display flex_vbox\">\n<div id=\"i63ugq2b_NewsPostsView_i63ugq01201_NewsPosts_i63ugpzw200__0_0_0_0_image_1_proxy_container\" data-proxy-name=\"Image\" data-width=\"3648\" data-height=\"2736\" data-uri=\"2a6fc3_014284f5446643a1ac80d665d0a66ea6~mv2_d_3648_2736_s_4_2.jpg\" data-display-mode=\"fill\">\n<div id=\"i63ugq2b_NewsPostsView_i63ugq01201_NewsPosts_i63ugpzw200__0_0_0_0_image_1_proxy\" class=\"wp2\" title=\"P2258705.JPG\" data-exact-height=\"16\" data-content-padding-horizontal=\"0\" data-content-padding-vertical=\"0\">\n<div id=\"i63ugq2b_NewsPostsView_i63ugq01201_NewsPosts_i63ugpzw200__0_0_0_0_image_1_proxylink\" class=\"wp2link\">\n<div id=\"i63ugq2b_NewsPostsView_i63ugq01201_NewsPosts_i63ugpzw200__0_0_0_0_image_1_proxyimg\" class=\"wp2img\" data-style=\"\"><img decoding=\"async\" id=\"i63ugq2b_NewsPostsView_i63ugq01201_NewsPosts_i63ugpzw200__0_0_0_0_image_1_proxyimgimage\" src=\"https:\/\/static.wixstatic.com\/media\/2a6fc3_014284f5446643a1ac80d665d0a66ea6~mv2_d_3648_2736_s_4_2.jpg\/v1\/fill\/w_270,h_180,al_c,q_80,usm_0.66_1.00_0.01\/2a6fc3_014284f5446643a1ac80d665d0a66ea6~mv2_d_3648_2736_s_4_2.webp\" alt=\"\" data-type=\"image\" \/><\/div>\n<\/div>\n<\/div>\n<\/div>\n<\/div>\n<\/div>\n<\/div>\n<div id=\"i63ugq2b_NewsPostsView_i63ugq01201_NewsPosts_i63ugpzw200__0_0_0_0_leftToCenterSpacer_child\"><\/div>\n<div id=\"i63ugq2b_NewsPostsView_i63ugq01201_NewsPosts_i63ugpzw200__0_0_0_0_Center\" class=\"flex_display flex_vbox\">\n<div id=\"i63ugq2b_NewsPostsView_i63ugq01201_NewsPosts_i63ugpzw200__0_0_0_0_text_1\" class=\"\">\n<div id=\"i63ugq2b_NewsPostsView_i63ugq01201_NewsPosts_i63ugpzw200__0_0_0_0_text_1\" class=\"flex_display flex_vbox\">\n<div id=\"i63ugq2b_NewsPostsView_i63ugq01201_NewsPosts_i63ugpzw200__0_0_0_0_text_1_proxy\" class=\"s_usaAWRichTextClickableSkin\" data-packed=\"false\">\n<div id=\"i63ugq2b_NewsPostsView_i63ugq01201_NewsPosts_i63ugpzw200__0_0_0_0_text_1_proxyrichTextContainer\" class=\"s_usaAWRichTextClickableSkin_richTextContainer s_usaAWRichTextClickableSkinrichTextContainer\">\n<p class=\"font_6\"><strong><em>Noite de Fados<\/em><\/strong><\/p>\n<\/div>\n<\/div>\n<\/div>\n<\/div>\n<div id=\"i63ugq2b_NewsPostsView_i63ugq01201_NewsPosts_i63ugpzw200__0_0_0_0_fld_hfnxgxqo\" class=\"\">\n<div id=\"i63ugq2b_NewsPostsView_i63ugq01201_NewsPosts_i63ugpzw200__0_0_0_0_fld_hfnxgxqo\" class=\" flex_vbox\">\n<div id=\"i63ugq2b_NewsPostsView_i63ugq01201_NewsPosts_i63ugpzw200__0_0_0_0_fld_hfnxgxqo_proxy\" class=\"s_usaAWRichTextClickableSkin\" data-packed=\"false\">\n<div id=\"i63ugq2b_NewsPostsView_i63ugq01201_NewsPosts_i63ugpzw200__0_0_0_0_fld_hfnxgxqo_proxyrichTextContainer\" class=\"s_usaAWRichTextClickableSkin_richTextContainer s_usaAWRichTextClickableSkinrichTextContainer\">\n<p class=\"font_9\"><strong><em>24 de fevereiro de 2018<\/em><\/strong><\/p>\n<\/div>\n<\/div>\n<\/div>\n<\/div>\n<div id=\"i63ugq2b_NewsPostsView_i63ugq01201_NewsPosts_i63ugpzw200__0_0_0_0_fld_hfxs75de\" class=\"\">\n<div id=\"i63ugq2b_NewsPostsView_i63ugq01201_NewsPosts_i63ugpzw200__0_0_0_0_fld_hfxs75de\" class=\" flex_vbox\">\n<div id=\"i63ugq2b_NewsPostsView_i63ugq01201_NewsPosts_i63ugpzw200__0_0_0_0_fld_hfxs75de_proxy\" class=\"s_usaAWRichTextClickableSkin\" data-packed=\"false\">\n<div id=\"i63ugq2b_NewsPostsView_i63ugq01201_NewsPosts_i63ugpzw200__0_0_0_0_fld_hfxs75de_proxyrichTextContainer\" class=\"s_usaAWRichTextClickableSkin_richTextContainer s_usaAWRichTextClickableSkinrichTextContainer\">\n<p class=\"font_8\">Realizou-se no s\u00e1bado mais uma excelente Noite de Fados na nossa Associa\u00e7\u00e3o.<\/p>\n<p class=\"font_8\">Cont\u00e1mos com as vozes de\u00a0F\u00e1tima Louren\u00e7o e Ramiro Santos a cantar fado de Lisboa e Pedro Devesa a cantar fado de Coimbra. Na guitarra portuguesa ouvimos Jo\u00e3o Paulo Devesa e na viola de fado Arnaldo Carvalho.<\/p>\n<\/div>\n<\/div>\n<\/div>\n<\/div>\n<\/div>\n<div id=\"i63ugq2b_NewsPostsView_i63ugq01201_NewsPosts_i63ugpzw200__0_0_0_0_centerToRightSpacer_child\"><\/div>\n<div id=\"i63ugq2b_NewsPostsView_i63ugq01201_NewsPosts_i63ugpzw200__0_0_0_0_Right\" class=\" flex_vbox\"><\/div>\n<\/div>\n<div id=\"i63ugq2b_NewsPostsView_i63ugq01201_NewsPosts_i63ugpzw200__0_0_0_0_Bottom\" class=\" flex_vbox\"><\/div>\n<div id=\"i63ugq2b_NewsPostsView_i63ugq01201_NewsPosts_i63ugpzw200__0_0_0_0_bottomSpacer_child\"><\/div>\n<\/div>\n<\/div>\n<div id=\"i63ugq2b_NewsPostsView_i63ugq01201_Array__0_0_0_footerSpacer_child\"><\/div>\n<div id=\"i63ugq2b_NewsPostsView_i63ugq01201_Array__0_0_0_gutterLine\" class=\"hl1\">\n<div id=\"i63ugq2b_NewsPostsView_i63ugq01201_Array__0_0_0_gutterLineline\" class=\"hl1line\"><\/div>\n<\/div>\n<\/div>\n<div id=\"i63ugq2b_NewsPostsView_i63ugq01201_Array__0_0_1_positionInParent_default\" class=\" flex_vbox\">\n<div id=\"NewsPostsView_i63ugq01201_NewsPosts_i63ugpzw200__0_0_1\" class=\" \">\n<div id=\"i63ugq2b_NewsPostsView_i63ugq01201_NewsPosts_i63ugpzw200__0_0_1_0_def_0\" class=\" flex_vbox\">\n<div id=\"i63ugq2b_NewsPostsView_i63ugq01201_NewsPosts_i63ugpzw200__0_0_1_0_Top\" class=\" flex_vbox\"><\/div>\n<div id=\"i63ugq2b_NewsPostsView_i63ugq01201_NewsPosts_i63ugpzw200__0_0_1_0_topSpacer_child\"><\/div>\n<div id=\"i63ugq2b_NewsPostsView_i63ugq01201_NewsPosts_i63ugpzw200__0_0_1_0_def_3\" class=\"flex_display\">\n<div id=\"i63ugq2b_NewsPostsView_i63ugq01201_NewsPosts_i63ugpzw200__0_0_1_0_Left\" class=\" flex_vbox\">\n<div id=\"i63ugq2b_NewsPostsView_i63ugq01201_NewsPosts_i63ugpzw200__0_0_1_0_image_1\" class=\"\">\n<div id=\"i63ugq2b_NewsPostsView_i63ugq01201_NewsPosts_i63ugpzw200__0_0_1_0_image_1\" class=\"flex_display flex_vbox\">\n<div id=\"i63ugq2b_NewsPostsView_i63ugq01201_NewsPosts_i63ugpzw200__0_0_1_0_image_1_proxy_container\" data-proxy-name=\"Image\" data-width=\"4608\" data-height=\"3456\" data-uri=\"2a6fc3_5fc6bc6869394eda9eb5ce7ba606a56f~mv2_d_4608_3456_s_4_2.jpg\" data-display-mode=\"fill\">\n<div id=\"i63ugq2b_NewsPostsView_i63ugq01201_NewsPosts_i63ugpzw200__0_0_1_0_image_1_proxy\" class=\"wp2\" title=\"DSCN2176.JPG\" data-exact-height=\"16\" data-content-padding-horizontal=\"0\" data-content-padding-vertical=\"0\">\n<div id=\"i63ugq2b_NewsPostsView_i63ugq01201_NewsPosts_i63ugpzw200__0_0_1_0_image_1_proxylink\" class=\"wp2link\">\n<div id=\"i63ugq2b_NewsPostsView_i63ugq01201_NewsPosts_i63ugpzw200__0_0_1_0_image_1_proxyimg\" class=\"wp2img\" data-style=\"\"><img decoding=\"async\" id=\"i63ugq2b_NewsPostsView_i63ugq01201_NewsPosts_i63ugpzw200__0_0_1_0_image_1_proxyimgimage\" src=\"https:\/\/static.wixstatic.com\/media\/2a6fc3_5fc6bc6869394eda9eb5ce7ba606a56f~mv2_d_4608_3456_s_4_2.jpg\/v1\/fill\/w_270,h_180,al_c,q_80,usm_0.66_1.00_0.01\/2a6fc3_5fc6bc6869394eda9eb5ce7ba606a56f~mv2_d_4608_3456_s_4_2.webp\" alt=\"\" data-type=\"image\" \/><\/div>\n<\/div>\n<\/div>\n<\/div>\n<\/div>\n<\/div>\n<\/div>\n<div id=\"i63ugq2b_NewsPostsView_i63ugq01201_NewsPosts_i63ugpzw200__0_0_1_0_leftToCenterSpacer_child\"><\/div>\n<div id=\"i63ugq2b_NewsPostsView_i63ugq01201_NewsPosts_i63ugpzw200__0_0_1_0_Center\" class=\"flex_display flex_vbox\">\n<div id=\"i63ugq2b_NewsPostsView_i63ugq01201_NewsPosts_i63ugpzw200__0_0_1_0_text_1\" class=\"\">\n<div id=\"i63ugq2b_NewsPostsView_i63ugq01201_NewsPosts_i63ugpzw200__0_0_1_0_text_1\" class=\"flex_display flex_vbox\">\n<div id=\"i63ugq2b_NewsPostsView_i63ugq01201_NewsPosts_i63ugpzw200__0_0_1_0_text_1_proxy\" class=\"s_usaAWRichTextClickableSkin\" data-packed=\"false\">\n<div id=\"i63ugq2b_NewsPostsView_i63ugq01201_NewsPosts_i63ugpzw200__0_0_1_0_text_1_proxyrichTextContainer\" class=\"s_usaAWRichTextClickableSkin_richTextContainer s_usaAWRichTextClickableSkinrichTextContainer\">\n<p class=\"font_6\"><strong><em>Mercadinho da primavera<\/em><\/strong><\/p>\n<\/div>\n<\/div>\n<\/div>\n<\/div>\n<div id=\"i63ugq2b_NewsPostsView_i63ugq01201_NewsPosts_i63ugpzw200__0_0_1_0_fld_hfnxgxqo\" class=\"\">\n<div id=\"i63ugq2b_NewsPostsView_i63ugq01201_NewsPosts_i63ugpzw200__0_0_1_0_fld_hfnxgxqo\" class=\" flex_vbox\">\n<div id=\"i63ugq2b_NewsPostsView_i63ugq01201_NewsPosts_i63ugpzw200__0_0_1_0_fld_hfnxgxqo_proxy\" class=\"s_usaAWRichTextClickableSkin\" data-packed=\"false\">\n<div id=\"i63ugq2b_NewsPostsView_i63ugq01201_NewsPosts_i63ugpzw200__0_0_1_0_fld_hfnxgxqo_proxyrichTextContainer\" class=\"s_usaAWRichTextClickableSkin_richTextContainer s_usaAWRichTextClickableSkinrichTextContainer\">\n<p class=\"font_9\"><strong><em>09 de junho de 2017<\/em><\/strong><\/p>\n<\/div>\n<\/div>\n<\/div>\n<\/div>\n<div id=\"i63ugq2b_NewsPostsView_i63ugq01201_NewsPosts_i63ugpzw200__0_0_1_0_fld_hfxs75de\" class=\"\">\n<div id=\"i63ugq2b_NewsPostsView_i63ugq01201_NewsPosts_i63ugpzw200__0_0_1_0_fld_hfxs75de\" class=\" flex_vbox\">\n<div id=\"i63ugq2b_NewsPostsView_i63ugq01201_NewsPosts_i63ugpzw200__0_0_1_0_fld_hfxs75de_proxy\" class=\"s_usaAWRichTextClickableSkin\" data-packed=\"false\">\n<div id=\"i63ugq2b_NewsPostsView_i63ugq01201_NewsPosts_i63ugpzw200__0_0_1_0_fld_hfxs75de_proxyrichTextContainer\" class=\"s_usaAWRichTextClickableSkin_richTextContainer s_usaAWRichTextClickableSkinrichTextContainer\">\n<p class=\"font_9\">Hoje tivemos uma manh\u00e3 diferente, realiz\u00e1mos o &#8220;Mercadinho de Primavera\u201d!<br \/>\nFoi um sucesso!<br \/>\nAos pais\/encarregados de educa\u00e7\u00e3o das crian\u00e7as de Creche, Jardim de inf\u00e2ncia e CATL que colaboraram trazendo diversos produtos e adquirindo outros, o nosso muito OBRIGADA!<\/p>\n<p class=\"font_8\">\n<\/div>\n<\/div>\n<\/div>\n<\/div>\n<\/div>\n<div id=\"i63ugq2b_NewsPostsView_i63ugq01201_NewsPosts_i63ugpzw200__0_0_1_0_centerToRightSpacer_child\"><\/div>\n<div id=\"i63ugq2b_NewsPostsView_i63ugq01201_NewsPosts_i63ugpzw200__0_0_1_0_Right\" class=\" flex_vbox\"><\/div>\n<\/div>\n<div id=\"i63ugq2b_NewsPostsView_i63ugq01201_NewsPosts_i63ugpzw200__0_0_1_0_Bottom\" class=\" flex_vbox\"><\/div>\n<div id=\"i63ugq2b_NewsPostsView_i63ugq01201_NewsPosts_i63ugpzw200__0_0_1_0_bottomSpacer_child\"><\/div>\n<\/div>\n<\/div>\n<div id=\"i63ugq2b_NewsPostsView_i63ugq01201_Array__0_0_1_footerSpacer_child\"><\/div>\n<div id=\"i63ugq2b_NewsPostsView_i63ugq01201_Array__0_0_1_gutterLine\" class=\"hl1\">\n<div id=\"i63ugq2b_NewsPostsView_i63ugq01201_Array__0_0_1_gutterLineline\" class=\"hl1line\"><\/div>\n<\/div>\n<\/div>\n<div id=\"i63ugq2b_NewsPostsView_i63ugq01201_Array__0_0_2_positionInParent_default\" class=\" flex_vbox\">\n<div id=\"NewsPostsView_i63ugq01201_NewsPosts_i63ugpzw200__0_0_2\" class=\" \">\n<div id=\"i63ugq2b_NewsPostsView_i63ugq01201_NewsPosts_i63ugpzw200__0_0_2_0_def_0\" class=\" flex_vbox\">\n<div id=\"i63ugq2b_NewsPostsView_i63ugq01201_NewsPosts_i63ugpzw200__0_0_2_0_Top\" class=\" flex_vbox\"><\/div>\n<div id=\"i63ugq2b_NewsPostsView_i63ugq01201_NewsPosts_i63ugpzw200__0_0_2_0_topSpacer_child\"><\/div>\n<div id=\"i63ugq2b_NewsPostsView_i63ugq01201_NewsPosts_i63ugpzw200__0_0_2_0_def_3\" class=\"flex_display\">\n<div id=\"i63ugq2b_NewsPostsView_i63ugq01201_NewsPosts_i63ugpzw200__0_0_2_0_Left\" class=\" flex_vbox\">\n<div id=\"i63ugq2b_NewsPostsView_i63ugq01201_NewsPosts_i63ugpzw200__0_0_2_0_image_1\" class=\"\">\n<div id=\"i63ugq2b_NewsPostsView_i63ugq01201_NewsPosts_i63ugpzw200__0_0_2_0_image_1\" class=\"flex_display flex_vbox\">\n<div id=\"i63ugq2b_NewsPostsView_i63ugq01201_NewsPosts_i63ugpzw200__0_0_2_0_image_1_proxy_container\" data-proxy-name=\"Image\" data-width=\"4160\" data-height=\"3120\" data-uri=\"2a6fc3_b44b459bd56b4e9fbbac043ee1f5528d~mv2_d_4160_3120_s_4_2.jpg\" data-display-mode=\"fill\">\n<div id=\"i63ugq2b_NewsPostsView_i63ugq01201_NewsPosts_i63ugpzw200__0_0_2_0_image_1_proxy\" class=\"wp2\" title=\"Festival_SC 014.jpg\" data-exact-height=\"16\" data-content-padding-horizontal=\"0\" data-content-padding-vertical=\"0\">\n<div id=\"i63ugq2b_NewsPostsView_i63ugq01201_NewsPosts_i63ugpzw200__0_0_2_0_image_1_proxylink\" class=\"wp2link\">\n<div id=\"i63ugq2b_NewsPostsView_i63ugq01201_NewsPosts_i63ugpzw200__0_0_2_0_image_1_proxyimg\" class=\"wp2img\" data-style=\"\"><img decoding=\"async\" id=\"i63ugq2b_NewsPostsView_i63ugq01201_NewsPosts_i63ugpzw200__0_0_2_0_image_1_proxyimgimage\" src=\"https:\/\/static.wixstatic.com\/media\/2a6fc3_b44b459bd56b4e9fbbac043ee1f5528d~mv2_d_4160_3120_s_4_2.jpg\/v1\/fill\/w_270,h_180,al_c,q_80,usm_0.66_1.00_0.01\/2a6fc3_b44b459bd56b4e9fbbac043ee1f5528d~mv2_d_4160_3120_s_4_2.webp\" alt=\"\" data-type=\"image\" \/><\/div>\n<\/div>\n<\/div>\n<\/div>\n<\/div>\n<\/div>\n<\/div>\n<div id=\"i63ugq2b_NewsPostsView_i63ugq01201_NewsPosts_i63ugpzw200__0_0_2_0_leftToCenterSpacer_child\"><\/div>\n<div id=\"i63ugq2b_NewsPostsView_i63ugq01201_NewsPosts_i63ugpzw200__0_0_2_0_Center\" class=\"flex_display flex_vbox\">\n<div id=\"i63ugq2b_NewsPostsView_i63ugq01201_NewsPosts_i63ugpzw200__0_0_2_0_text_1\" class=\"\">\n<div id=\"i63ugq2b_NewsPostsView_i63ugq01201_NewsPosts_i63ugpzw200__0_0_2_0_text_1\" class=\"flex_display flex_vbox\">\n<div id=\"i63ugq2b_NewsPostsView_i63ugq01201_NewsPosts_i63ugpzw200__0_0_2_0_text_1_proxy\" class=\"s_usaAWRichTextClickableSkin\" data-packed=\"false\">\n<div id=\"i63ugq2b_NewsPostsView_i63ugq01201_NewsPosts_i63ugpzw200__0_0_2_0_text_1_proxyrichTextContainer\" class=\"s_usaAWRichTextClickableSkin_richTextContainer s_usaAWRichTextClickableSkinrichTextContainer\">\n<p class=\"font_6\"><strong><em>XXVIII Festival de Folclore<\/em><\/strong><\/p>\n<\/div>\n<\/div>\n<\/div>\n<\/div>\n<div id=\"i63ugq2b_NewsPostsView_i63ugq01201_NewsPosts_i63ugpzw200__0_0_2_0_fld_hfnxgxqo\" class=\"\">\n<div id=\"i63ugq2b_NewsPostsView_i63ugq01201_NewsPosts_i63ugpzw200__0_0_2_0_fld_hfnxgxqo\" class=\" flex_vbox\">\n<div id=\"i63ugq2b_NewsPostsView_i63ugq01201_NewsPosts_i63ugpzw200__0_0_2_0_fld_hfnxgxqo_proxy\" class=\"s_usaAWRichTextClickableSkin\" data-packed=\"false\">\n<div id=\"i63ugq2b_NewsPostsView_i63ugq01201_NewsPosts_i63ugpzw200__0_0_2_0_fld_hfnxgxqo_proxyrichTextContainer\" class=\"s_usaAWRichTextClickableSkin_richTextContainer s_usaAWRichTextClickableSkinrichTextContainer\">\n<p class=\"font_9\"><strong><em>03 de junho de 2017<\/em><\/strong><\/p>\n<\/div>\n<\/div>\n<\/div>\n<\/div>\n<div id=\"i63ugq2b_NewsPostsView_i63ugq01201_NewsPosts_i63ugpzw200__0_0_2_0_fld_hfxs75de\" class=\"\">\n<div id=\"i63ugq2b_NewsPostsView_i63ugq01201_NewsPosts_i63ugpzw200__0_0_2_0_fld_hfxs75de\" class=\" flex_vbox\">\n<div id=\"i63ugq2b_NewsPostsView_i63ugq01201_NewsPosts_i63ugpzw200__0_0_2_0_fld_hfxs75de_proxy\" class=\"s_usaAWRichTextClickableSkin\" data-packed=\"false\">\n<div id=\"i63ugq2b_NewsPostsView_i63ugq01201_NewsPosts_i63ugpzw200__0_0_2_0_fld_hfxs75de_proxyrichTextContainer\" class=\"s_usaAWRichTextClickableSkin_richTextContainer s_usaAWRichTextClickableSkinrichTextContainer\">\n<p class=\"font_8\">Pelas 21h30m do dia 03 de Junho de 2017 deu-se in\u00edcio ao XXVIII Festival de Folclore, uma noite n\u00e3o muito quente mas com um p\u00fablico muito caloroso que encheu as bancadas do nosso anfiteatro. O Grupo Etnogr\u00e1fico de Samuel foi o anfitri\u00e3o de tr\u00eas grupos de tr\u00eas regi\u00f5es distintas do nosso pa\u00eds.<br \/>\n\u00c0 semelhan\u00e7a do que tem vindo a ser pr\u00e1tica desde h\u00e1 alguns anos a esta parte, o Grupo Etnogr\u00e1fico de Samuel, tem subordinado o seu festival de folclore a um tema, previamente escolhido. Este ano o \u201cNamoro\u201d fez parte do quadro etnogr\u00e1fico, representado pelo GES, o qual, com a sua s\u00e1tira e boa disposi\u00e7\u00e3o contagiou o p\u00fablico, fazendo-se ouvir umas boas gargalhadas, pois Folclore n\u00e3o \u00e9 s\u00f3 cantar e dan\u00e7ar\u2026<\/p>\n<\/div>\n<\/div>\n<\/div>\n<\/div>\n<\/div>\n<div id=\"i63ugq2b_NewsPostsView_i63ugq01201_NewsPosts_i63ugpzw200__0_0_2_0_centerToRightSpacer_child\"><\/div>\n<div id=\"i63ugq2b_NewsPostsView_i63ugq01201_NewsPosts_i63ugpzw200__0_0_2_0_Right\" class=\" flex_vbox\"><\/div>\n<\/div>\n<div id=\"i63ugq2b_NewsPostsView_i63ugq01201_NewsPosts_i63ugpzw200__0_0_2_0_Bottom\" class=\" flex_vbox\"><\/div>\n<div id=\"i63ugq2b_NewsPostsView_i63ugq01201_NewsPosts_i63ugpzw200__0_0_2_0_bottomSpacer_child\"><\/div>\n<\/div>\n<\/div>\n<div id=\"i63ugq2b_NewsPostsView_i63ugq01201_Array__0_0_2_footerSpacer_child\"><\/div>\n<div id=\"i63ugq2b_NewsPostsView_i63ugq01201_Array__0_0_2_gutterLine\" class=\"hl1\">\n<div id=\"i63ugq2b_NewsPostsView_i63ugq01201_Array__0_0_2_gutterLineline\" class=\"hl1line\"><\/div>\n<\/div>\n<\/div>\n<div id=\"i63ugq2b_NewsPostsView_i63ugq01201_Array__0_0_3_positionInParent_default\" class=\" flex_vbox\">\n<div id=\"NewsPostsView_i63ugq01201_NewsPosts_i63ugpzw200__0_0_3\" class=\" \">\n<div id=\"i63ugq2b_NewsPostsView_i63ugq01201_NewsPosts_i63ugpzw200__0_0_3_0_def_0\" class=\" flex_vbox\">\n<div id=\"i63ugq2b_NewsPostsView_i63ugq01201_NewsPosts_i63ugpzw200__0_0_3_0_Top\" class=\" flex_vbox\"><\/div>\n<div id=\"i63ugq2b_NewsPostsView_i63ugq01201_NewsPosts_i63ugpzw200__0_0_3_0_topSpacer_child\"><\/div>\n<div id=\"i63ugq2b_NewsPostsView_i63ugq01201_NewsPosts_i63ugpzw200__0_0_3_0_def_3\" class=\"flex_display\">\n<div id=\"i63ugq2b_NewsPostsView_i63ugq01201_NewsPosts_i63ugpzw200__0_0_3_0_Left\" class=\" flex_vbox\">\n<div id=\"i63ugq2b_NewsPostsView_i63ugq01201_NewsPosts_i63ugpzw200__0_0_3_0_image_1\" class=\"\">\n<div id=\"i63ugq2b_NewsPostsView_i63ugq01201_NewsPosts_i63ugpzw200__0_0_3_0_image_1\" class=\"flex_display flex_vbox\">\n<div id=\"i63ugq2b_NewsPostsView_i63ugq01201_NewsPosts_i63ugpzw200__0_0_3_0_image_1_proxy_container\" data-proxy-name=\"Image\" data-width=\"4608\" data-height=\"3456\" data-uri=\"2a6fc3_beb9e791ea1240868422de4da522983f~mv2_d_4608_3456_s_4_2.jpg\" data-display-mode=\"fill\">\n<div id=\"i63ugq2b_NewsPostsView_i63ugq01201_NewsPosts_i63ugpzw200__0_0_3_0_image_1_proxy\" class=\"wp2\" title=\"DSCN1985.JPG\" data-exact-height=\"16\" data-content-padding-horizontal=\"0\" data-content-padding-vertical=\"0\">\n<div id=\"i63ugq2b_NewsPostsView_i63ugq01201_NewsPosts_i63ugpzw200__0_0_3_0_image_1_proxylink\" class=\"wp2link\">\n<div id=\"i63ugq2b_NewsPostsView_i63ugq01201_NewsPosts_i63ugpzw200__0_0_3_0_image_1_proxyimg\" class=\"wp2img\" data-style=\"\"><img decoding=\"async\" id=\"i63ugq2b_NewsPostsView_i63ugq01201_NewsPosts_i63ugpzw200__0_0_3_0_image_1_proxyimgimage\" src=\"https:\/\/static.wixstatic.com\/media\/2a6fc3_beb9e791ea1240868422de4da522983f~mv2_d_4608_3456_s_4_2.jpg\/v1\/fill\/w_270,h_180,al_c,q_80,usm_0.66_1.00_0.01\/2a6fc3_beb9e791ea1240868422de4da522983f~mv2_d_4608_3456_s_4_2.webp\" alt=\"\" data-type=\"image\" \/><\/div>\n<\/div>\n<\/div>\n<\/div>\n<\/div>\n<\/div>\n<\/div>\n<div id=\"i63ugq2b_NewsPostsView_i63ugq01201_NewsPosts_i63ugpzw200__0_0_3_0_leftToCenterSpacer_child\"><\/div>\n<div id=\"i63ugq2b_NewsPostsView_i63ugq01201_NewsPosts_i63ugpzw200__0_0_3_0_Center\" class=\"flex_display flex_vbox\">\n<div id=\"i63ugq2b_NewsPostsView_i63ugq01201_NewsPosts_i63ugpzw200__0_0_3_0_text_1\" class=\"\">\n<div id=\"i63ugq2b_NewsPostsView_i63ugq01201_NewsPosts_i63ugpzw200__0_0_3_0_text_1\" class=\"flex_display flex_vbox\">\n<div id=\"i63ugq2b_NewsPostsView_i63ugq01201_NewsPosts_i63ugpzw200__0_0_3_0_text_1_proxy\" class=\"s_usaAWRichTextClickableSkin\" data-packed=\"false\">\n<div id=\"i63ugq2b_NewsPostsView_i63ugq01201_NewsPosts_i63ugpzw200__0_0_3_0_text_1_proxyrichTextContainer\" class=\"s_usaAWRichTextClickableSkin_richTextContainer s_usaAWRichTextClickableSkinrichTextContainer\">\n<p class=\"font_6\"><strong><em>II Caminhada do Cora\u00e7\u00e3o<\/em><\/strong><\/p>\n<\/div>\n<\/div>\n<\/div>\n<\/div>\n<div id=\"i63ugq2b_NewsPostsView_i63ugq01201_NewsPosts_i63ugpzw200__0_0_3_0_fld_hfnxgxqo\" class=\"\">\n<div id=\"i63ugq2b_NewsPostsView_i63ugq01201_NewsPosts_i63ugpzw200__0_0_3_0_fld_hfnxgxqo\" class=\" flex_vbox\">\n<div id=\"i63ugq2b_NewsPostsView_i63ugq01201_NewsPosts_i63ugpzw200__0_0_3_0_fld_hfnxgxqo_proxy\" class=\"s_usaAWRichTextClickableSkin\" data-packed=\"false\">\n<div id=\"i63ugq2b_NewsPostsView_i63ugq01201_NewsPosts_i63ugpzw200__0_0_3_0_fld_hfnxgxqo_proxyrichTextContainer\" class=\"s_usaAWRichTextClickableSkin_richTextContainer s_usaAWRichTextClickableSkinrichTextContainer\">\n<p class=\"font_9\"><strong><em>28 de maio de 2017<\/em><\/strong><\/p>\n<\/div>\n<\/div>\n<\/div>\n<\/div>\n<div id=\"i63ugq2b_NewsPostsView_i63ugq01201_NewsPosts_i63ugpzw200__0_0_3_0_fld_hfxs75de\" class=\"\">\n<div id=\"i63ugq2b_NewsPostsView_i63ugq01201_NewsPosts_i63ugpzw200__0_0_3_0_fld_hfxs75de\" class=\" flex_vbox\">\n<div id=\"i63ugq2b_NewsPostsView_i63ugq01201_NewsPosts_i63ugpzw200__0_0_3_0_fld_hfxs75de_proxy\" class=\"s_usaAWRichTextClickableSkin\" data-packed=\"false\">\n<div id=\"i63ugq2b_NewsPostsView_i63ugq01201_NewsPosts_i63ugpzw200__0_0_3_0_fld_hfxs75de_proxyrichTextContainer\" class=\"s_usaAWRichTextClickableSkin_richTextContainer s_usaAWRichTextClickableSkinrichTextContainer\">\n<p class=\"font_8\">No \u00e2mbito do m\u00eas do Cora\u00e7\u00e3o e para fomentar um estilo de vida saud\u00e1vel, a Associa\u00e7\u00e3o de Samuel realizou, no dia\u00a028 de maio, a II Caminhada do Cora\u00e7\u00e3o. Antes da caminhada os participantes puderam realizar o\u00a0&#8220;Rastreio do Cora\u00e7\u00e3o&#8221;&#8230;<\/p>\n<\/div>\n<\/div>\n<\/div>\n<\/div>\n<\/div>\n<div id=\"i63ugq2b_NewsPostsView_i63ugq01201_NewsPosts_i63ugpzw200__0_0_3_0_centerToRightSpacer_child\"><\/div>\n<div id=\"i63ugq2b_NewsPostsView_i63ugq01201_NewsPosts_i63ugpzw200__0_0_3_0_Right\" class=\" flex_vbox\"><\/div>\n<\/div>\n<div id=\"i63ugq2b_NewsPostsView_i63ugq01201_NewsPosts_i63ugpzw200__0_0_3_0_Bottom\" class=\" flex_vbox\"><\/div>\n<div id=\"i63ugq2b_NewsPostsView_i63ugq01201_NewsPosts_i63ugpzw200__0_0_3_0_bottomSpacer_child\"><\/div>\n<\/div>\n<\/div>\n<div id=\"i63ugq2b_NewsPostsView_i63ugq01201_Array__0_0_3_footerSpacer_child\"><\/div>\n<div id=\"i63ugq2b_NewsPostsView_i63ugq01201_Array__0_0_3_gutterLine\" class=\"hl1\">\n<div id=\"i63ugq2b_NewsPostsView_i63ugq01201_Array__0_0_3_gutterLineline\" class=\"hl1line\"><\/div>\n<\/div>\n<\/div>\n<div id=\"i63ugq2b_NewsPostsView_i63ugq01201_Array__0_0_4_positionInParent_default\" class=\" flex_vbox\">\n<div id=\"NewsPostsView_i63ugq01201_NewsPosts_i63ugpzw200__0_0_4\" class=\" \">\n<div id=\"i63ugq2b_NewsPostsView_i63ugq01201_NewsPosts_i63ugpzw200__0_0_4_0_def_0\" class=\" flex_vbox\">\n<div id=\"i63ugq2b_NewsPostsView_i63ugq01201_NewsPosts_i63ugpzw200__0_0_4_0_Top\" class=\" flex_vbox\"><\/div>\n<div id=\"i63ugq2b_NewsPostsView_i63ugq01201_NewsPosts_i63ugpzw200__0_0_4_0_topSpacer_child\"><\/div>\n<div id=\"i63ugq2b_NewsPostsView_i63ugq01201_NewsPosts_i63ugpzw200__0_0_4_0_def_3\" class=\"flex_display\">\n<div id=\"i63ugq2b_NewsPostsView_i63ugq01201_NewsPosts_i63ugpzw200__0_0_4_0_Left\" class=\" flex_vbox\">\n<div id=\"i63ugq2b_NewsPostsView_i63ugq01201_NewsPosts_i63ugpzw200__0_0_4_0_image_1\" class=\"\">\n<div id=\"i63ugq2b_NewsPostsView_i63ugq01201_NewsPosts_i63ugpzw200__0_0_4_0_image_1\" class=\"flex_display flex_vbox\">\n<div id=\"i63ugq2b_NewsPostsView_i63ugq01201_NewsPosts_i63ugpzw200__0_0_4_0_image_1_proxy_container\" data-proxy-name=\"Image\" data-width=\"3648\" data-height=\"2736\" data-uri=\"2a6fc3_fa3982eb9ad640148b8ef62ecf8adfbe~mv2_d_3648_2736_s_4_2.jpg\" data-display-mode=\"fill\">\n<div id=\"i63ugq2b_NewsPostsView_i63ugq01201_NewsPosts_i63ugpzw200__0_0_4_0_image_1_proxy\" class=\"wp2\" title=\"P1216919.JPG\" data-exact-height=\"16\" data-content-padding-horizontal=\"0\" data-content-padding-vertical=\"0\">\n<div id=\"i63ugq2b_NewsPostsView_i63ugq01201_NewsPosts_i63ugpzw200__0_0_4_0_image_1_proxylink\" class=\"wp2link\">\n<div id=\"i63ugq2b_NewsPostsView_i63ugq01201_NewsPosts_i63ugpzw200__0_0_4_0_image_1_proxyimg\" class=\"wp2img\" data-style=\"\"><img decoding=\"async\" id=\"i63ugq2b_NewsPostsView_i63ugq01201_NewsPosts_i63ugpzw200__0_0_4_0_image_1_proxyimgimage\" src=\"https:\/\/static.wixstatic.com\/media\/2a6fc3_fa3982eb9ad640148b8ef62ecf8adfbe~mv2_d_3648_2736_s_4_2.jpg\/v1\/fill\/w_270,h_180,al_c,q_80,usm_0.66_1.00_0.01\/2a6fc3_fa3982eb9ad640148b8ef62ecf8adfbe~mv2_d_3648_2736_s_4_2.webp\" alt=\"\" data-type=\"image\" \/><\/div>\n<\/div>\n<\/div>\n<\/div>\n<\/div>\n<\/div>\n<\/div>\n<div id=\"i63ugq2b_NewsPostsView_i63ugq01201_NewsPosts_i63ugpzw200__0_0_4_0_leftToCenterSpacer_child\"><\/div>\n<div id=\"i63ugq2b_NewsPostsView_i63ugq01201_NewsPosts_i63ugpzw200__0_0_4_0_Center\" class=\"flex_display flex_vbox\">\n<div id=\"i63ugq2b_NewsPostsView_i63ugq01201_NewsPosts_i63ugpzw200__0_0_4_0_text_1\" class=\"\">\n<div id=\"i63ugq2b_NewsPostsView_i63ugq01201_NewsPosts_i63ugpzw200__0_0_4_0_text_1\" class=\"flex_display flex_vbox\">\n<div id=\"i63ugq2b_NewsPostsView_i63ugq01201_NewsPosts_i63ugpzw200__0_0_4_0_text_1_proxy\" class=\"s_usaAWRichTextClickableSkin\" data-packed=\"false\">\n<div id=\"i63ugq2b_NewsPostsView_i63ugq01201_NewsPosts_i63ugpzw200__0_0_4_0_text_1_proxyrichTextContainer\" class=\"s_usaAWRichTextClickableSkin_richTextContainer s_usaAWRichTextClickableSkinrichTextContainer\">\n<p class=\"font_6\"><strong><em>Noite de fados<\/em><\/strong><\/p>\n<\/div>\n<\/div>\n<\/div>\n<\/div>\n<div id=\"i63ugq2b_NewsPostsView_i63ugq01201_NewsPosts_i63ugpzw200__0_0_4_0_fld_hfnxgxqo\" class=\"\">\n<div id=\"i63ugq2b_NewsPostsView_i63ugq01201_NewsPosts_i63ugpzw200__0_0_4_0_fld_hfnxgxqo\" class=\" flex_vbox\">\n<div id=\"i63ugq2b_NewsPostsView_i63ugq01201_NewsPosts_i63ugpzw200__0_0_4_0_fld_hfnxgxqo_proxy\" class=\"s_usaAWRichTextClickableSkin\" data-packed=\"false\">\n<div id=\"i63ugq2b_NewsPostsView_i63ugq01201_NewsPosts_i63ugpzw200__0_0_4_0_fld_hfnxgxqo_proxyrichTextContainer\" class=\"s_usaAWRichTextClickableSkin_richTextContainer s_usaAWRichTextClickableSkinrichTextContainer\">\n<p class=\"font_9\"><strong><em>21 de janeiro de 2017<\/em><\/strong><\/p>\n<\/div>\n<\/div>\n<\/div>\n<\/div>\n<div id=\"i63ugq2b_NewsPostsView_i63ugq01201_NewsPosts_i63ugpzw200__0_0_4_0_fld_hfxs75de\" class=\"\">\n<div id=\"i63ugq2b_NewsPostsView_i63ugq01201_NewsPosts_i63ugpzw200__0_0_4_0_fld_hfxs75de\" class=\" flex_vbox\">\n<div id=\"i63ugq2b_NewsPostsView_i63ugq01201_NewsPosts_i63ugpzw200__0_0_4_0_fld_hfxs75de_proxy\" class=\"s_usaAWRichTextClickableSkin\" data-packed=\"false\">\n<div id=\"i63ugq2b_NewsPostsView_i63ugq01201_NewsPosts_i63ugpzw200__0_0_4_0_fld_hfxs75de_proxyrichTextContainer\" class=\"s_usaAWRichTextClickableSkin_richTextContainer s_usaAWRichTextClickableSkinrichTextContainer\">\n<p class=\"font_8\">Mais uma fant\u00e1stica noite de fados se passou na Associa\u00e7\u00e3o de Samuel, com boa m\u00fasica e petiscos. O nosso maior agradecimento ao grupo de fados amador que, gratuitamente, animou esta festa!<\/p>\n<\/div>\n<\/div>\n<\/div>\n<\/div>\n<\/div>\n<div id=\"i63ugq2b_NewsPostsView_i63ugq01201_NewsPosts_i63ugpzw200__0_0_4_0_centerToRightSpacer_child\"><\/div>\n<div id=\"i63ugq2b_NewsPostsView_i63ugq01201_NewsPosts_i63ugpzw200__0_0_4_0_Right\" class=\" flex_vbox\"><\/div>\n<\/div>\n<div id=\"i63ugq2b_NewsPostsView_i63ugq01201_NewsPosts_i63ugpzw200__0_0_4_0_Bottom\" class=\" flex_vbox\"><\/div>\n<div id=\"i63ugq2b_NewsPostsView_i63ugq01201_NewsPosts_i63ugpzw200__0_0_4_0_bottomSpacer_child\"><\/div>\n<\/div>\n<\/div>\n<div id=\"i63ugq2b_NewsPostsView_i63ugq01201_Array__0_0_4_footerSpacer_child\"><\/div>\n<div id=\"i63ugq2b_NewsPostsView_i63ugq01201_Array__0_0_4_gutterLine\" class=\"hl1\">\n<div id=\"i63ugq2b_NewsPostsView_i63ugq01201_Array__0_0_4_gutterLineline\" class=\"hl1line\"><\/div>\n<\/div>\n<\/div>\n<div id=\"i63ugq2b_NewsPostsView_i63ugq01201_Array__0_0_5_positionInParent_default\" class=\" flex_vbox\">\n<div id=\"NewsPostsView_i63ugq01201_NewsPosts_i63ugpzw200__0_0_5\" class=\" \">\n<div id=\"i63ugq2b_NewsPostsView_i63ugq01201_NewsPosts_i63ugpzw200__0_0_5_0_def_0\" class=\" flex_vbox\">\n<div id=\"i63ugq2b_NewsPostsView_i63ugq01201_NewsPosts_i63ugpzw200__0_0_5_0_Top\" class=\" flex_vbox\"><\/div>\n<div id=\"i63ugq2b_NewsPostsView_i63ugq01201_NewsPosts_i63ugpzw200__0_0_5_0_topSpacer_child\"><\/div>\n<div id=\"i63ugq2b_NewsPostsView_i63ugq01201_NewsPosts_i63ugpzw200__0_0_5_0_def_3\" class=\"flex_display\">\n<div id=\"i63ugq2b_NewsPostsView_i63ugq01201_NewsPosts_i63ugpzw200__0_0_5_0_Left\" class=\" flex_vbox\">\n<div id=\"i63ugq2b_NewsPostsView_i63ugq01201_NewsPosts_i63ugpzw200__0_0_5_0_image_1\" class=\"\">\n<div id=\"i63ugq2b_NewsPostsView_i63ugq01201_NewsPosts_i63ugpzw200__0_0_5_0_image_1\" class=\"flex_display flex_vbox\">\n<div id=\"i63ugq2b_NewsPostsView_i63ugq01201_NewsPosts_i63ugpzw200__0_0_5_0_image_1_proxy_container\" data-proxy-name=\"Image\" data-width=\"3648\" data-height=\"2736\" data-uri=\"2a6fc3_008893ccc92e4c21b838884ca1a10d4f~mv2_d_3648_2736_s_4_2.jpg\" data-display-mode=\"fill\">\n<div id=\"i63ugq2b_NewsPostsView_i63ugq01201_NewsPosts_i63ugpzw200__0_0_5_0_image_1_proxy\" class=\"wp2\" title=\"PC186235.JPG\" data-exact-height=\"16\" data-content-padding-horizontal=\"0\" data-content-padding-vertical=\"0\">\n<div id=\"i63ugq2b_NewsPostsView_i63ugq01201_NewsPosts_i63ugpzw200__0_0_5_0_image_1_proxylink\" class=\"wp2link\">\n<div id=\"i63ugq2b_NewsPostsView_i63ugq01201_NewsPosts_i63ugpzw200__0_0_5_0_image_1_proxyimg\" class=\"wp2img\" data-style=\"\"><img decoding=\"async\" id=\"i63ugq2b_NewsPostsView_i63ugq01201_NewsPosts_i63ugpzw200__0_0_5_0_image_1_proxyimgimage\" src=\"https:\/\/static.wixstatic.com\/media\/2a6fc3_008893ccc92e4c21b838884ca1a10d4f~mv2_d_3648_2736_s_4_2.jpg\/v1\/fill\/w_270,h_180,al_c,q_80,usm_0.66_1.00_0.01\/2a6fc3_008893ccc92e4c21b838884ca1a10d4f~mv2_d_3648_2736_s_4_2.webp\" alt=\"\" data-type=\"image\" \/><\/div>\n<\/div>\n<\/div>\n<\/div>\n<\/div>\n<\/div>\n<\/div>\n<div id=\"i63ugq2b_NewsPostsView_i63ugq01201_NewsPosts_i63ugpzw200__0_0_5_0_leftToCenterSpacer_child\"><\/div>\n<div id=\"i63ugq2b_NewsPostsView_i63ugq01201_NewsPosts_i63ugpzw200__0_0_5_0_Center\" class=\"flex_display flex_vbox\">\n<div id=\"i63ugq2b_NewsPostsView_i63ugq01201_NewsPosts_i63ugpzw200__0_0_5_0_text_1\" class=\"\">\n<div id=\"i63ugq2b_NewsPostsView_i63ugq01201_NewsPosts_i63ugpzw200__0_0_5_0_text_1\" class=\"flex_display flex_vbox\">\n<div id=\"i63ugq2b_NewsPostsView_i63ugq01201_NewsPosts_i63ugpzw200__0_0_5_0_text_1_proxy\" class=\"s_usaAWRichTextClickableSkin\" data-packed=\"false\">\n<div id=\"i63ugq2b_NewsPostsView_i63ugq01201_NewsPosts_i63ugpzw200__0_0_5_0_text_1_proxyrichTextContainer\" class=\"s_usaAWRichTextClickableSkin_richTextContainer s_usaAWRichTextClickableSkinrichTextContainer\">\n<p class=\"font_6\"><strong><em>Festa de Natal 2016<\/em><\/strong><\/p>\n<\/div>\n<\/div>\n<\/div>\n<\/div>\n<div id=\"i63ugq2b_NewsPostsView_i63ugq01201_NewsPosts_i63ugpzw200__0_0_5_0_fld_hfnxgxqo\" class=\"\">\n<div id=\"i63ugq2b_NewsPostsView_i63ugq01201_NewsPosts_i63ugpzw200__0_0_5_0_fld_hfnxgxqo\" class=\" flex_vbox\">\n<div id=\"i63ugq2b_NewsPostsView_i63ugq01201_NewsPosts_i63ugpzw200__0_0_5_0_fld_hfnxgxqo_proxy\" class=\"s_usaAWRichTextClickableSkin\" data-packed=\"false\">\n<div id=\"i63ugq2b_NewsPostsView_i63ugq01201_NewsPosts_i63ugpzw200__0_0_5_0_fld_hfnxgxqo_proxyrichTextContainer\" class=\"s_usaAWRichTextClickableSkin_richTextContainer s_usaAWRichTextClickableSkinrichTextContainer\">\n<p class=\"font_9\"><strong><em>18 de dezembro de 2017<\/em><\/strong><\/p>\n<\/div>\n<\/div>\n<\/div>\n<\/div>\n<div id=\"i63ugq2b_NewsPostsView_i63ugq01201_NewsPosts_i63ugpzw200__0_0_5_0_fld_hfxs75de\" class=\"\">\n<div id=\"i63ugq2b_NewsPostsView_i63ugq01201_NewsPosts_i63ugpzw200__0_0_5_0_fld_hfxs75de\" class=\" flex_vbox\">\n<div id=\"i63ugq2b_NewsPostsView_i63ugq01201_NewsPosts_i63ugpzw200__0_0_5_0_fld_hfxs75de_proxy\" class=\"s_usaAWRichTextClickableSkin\" data-packed=\"false\">\n<div id=\"i63ugq2b_NewsPostsView_i63ugq01201_NewsPosts_i63ugpzw200__0_0_5_0_fld_hfxs75de_proxyrichTextContainer\" class=\"s_usaAWRichTextClickableSkin_richTextContainer s_usaAWRichTextClickableSkinrichTextContainer\">\n<p class=\"font_9\">Realizou-se no dia18 de dezembro\u00a0a Festa de Natal da Associa\u00e7\u00e3o de Samuel, que mais uma vez contou com a not\u00e1vel participa\u00e7\u00e3o dos pais das crian\u00e7as, a quem muito agradecemos, na dramatiza\u00e7\u00e3o da pe\u00e7a &#8221; A Mosca Fosca&#8221;. Depois de alguns ensaios, o resultado foi brilhante! Assistimos \u00e0 apresenta\u00e7\u00e3o de can\u00e7\u00f5es de Natal interpretadas pelas crian\u00e7as de Creche, Pr\u00e9-escolar e CATL e as nossas crian\u00e7as e jovens do grupo de Hip Hop &#8221; Samuel Beat&#8221; fizeram mais uma excelente atua\u00e7\u00e3o. A Festa terminou com a chegada do Pai Natal para distribuir as merecidas prendas \u00e0s nossas crian\u00e7as. Feliz Natal!<\/p>\n<p class=\"font_8\">\n<\/div>\n<\/div>\n<\/div>\n<\/div>\n<\/div>\n<div id=\"i63ugq2b_NewsPostsView_i63ugq01201_NewsPosts_i63ugpzw200__0_0_5_0_centerToRightSpacer_child\"><\/div>\n<div id=\"i63ugq2b_NewsPostsView_i63ugq01201_NewsPosts_i63ugpzw200__0_0_5_0_Right\" class=\" flex_vbox\"><\/div>\n<\/div>\n<div id=\"i63ugq2b_NewsPostsView_i63ugq01201_NewsPosts_i63ugpzw200__0_0_5_0_Bottom\" class=\" flex_vbox\"><\/div>\n<div id=\"i63ugq2b_NewsPostsView_i63ugq01201_NewsPosts_i63ugpzw200__0_0_5_0_bottomSpacer_child\"><\/div>\n<\/div>\n<\/div>\n<div id=\"i63ugq2b_NewsPostsView_i63ugq01201_Array__0_0_5_footerSpacer_child\"><\/div>\n<div id=\"i63ugq2b_NewsPostsView_i63ugq01201_Array__0_0_5_gutterLine\" class=\"hl1\">\n<div id=\"i63ugq2b_NewsPostsView_i63ugq01201_Array__0_0_5_gutterLineline\" class=\"hl1line\"><\/div>\n<\/div>\n<\/div>\n<div id=\"i63ugq2b_NewsPostsView_i63ugq01201_Array__0_0_6_positionInParent_default\" class=\" flex_vbox\">\n<div id=\"NewsPostsView_i63ugq01201_NewsPosts_i63ugpzw200__0_0_6\" class=\" \">\n<div id=\"i63ugq2b_NewsPostsView_i63ugq01201_NewsPosts_i63ugpzw200__0_0_6_0_def_0\" class=\" flex_vbox\">\n<div id=\"i63ugq2b_NewsPostsView_i63ugq01201_NewsPosts_i63ugpzw200__0_0_6_0_Top\" class=\" flex_vbox\"><\/div>\n<div id=\"i63ugq2b_NewsPostsView_i63ugq01201_NewsPosts_i63ugpzw200__0_0_6_0_topSpacer_child\"><\/div>\n<div id=\"i63ugq2b_NewsPostsView_i63ugq01201_NewsPosts_i63ugpzw200__0_0_6_0_def_3\" class=\"flex_display\">\n<div id=\"i63ugq2b_NewsPostsView_i63ugq01201_NewsPosts_i63ugpzw200__0_0_6_0_Left\" class=\" flex_vbox\">\n<div id=\"i63ugq2b_NewsPostsView_i63ugq01201_NewsPosts_i63ugpzw200__0_0_6_0_image_1\" class=\"\">\n<div id=\"i63ugq2b_NewsPostsView_i63ugq01201_NewsPosts_i63ugpzw200__0_0_6_0_image_1\" class=\"flex_display flex_vbox\">\n<div id=\"i63ugq2b_NewsPostsView_i63ugq01201_NewsPosts_i63ugpzw200__0_0_6_0_image_1_proxy_container\" data-proxy-name=\"Image\" data-width=\"3648\" data-height=\"2736\" data-uri=\"2a6fc3_6abd839a27134c3f822a4af9a476b06f~mv2_d_3648_2736_s_4_2.jpg\" data-display-mode=\"fill\">\n<div id=\"i63ugq2b_NewsPostsView_i63ugq01201_NewsPosts_i63ugpzw200__0_0_6_0_image_1_proxy\" class=\"wp2\" title=\"PB276124.JPG\" data-exact-height=\"16\" data-content-padding-horizontal=\"0\" data-content-padding-vertical=\"0\">\n<div id=\"i63ugq2b_NewsPostsView_i63ugq01201_NewsPosts_i63ugpzw200__0_0_6_0_image_1_proxylink\" class=\"wp2link\">\n<div id=\"i63ugq2b_NewsPostsView_i63ugq01201_NewsPosts_i63ugpzw200__0_0_6_0_image_1_proxyimg\" class=\"wp2img\" data-style=\"\"><img decoding=\"async\" id=\"i63ugq2b_NewsPostsView_i63ugq01201_NewsPosts_i63ugpzw200__0_0_6_0_image_1_proxyimgimage\" src=\"https:\/\/static.wixstatic.com\/media\/2a6fc3_6abd839a27134c3f822a4af9a476b06f~mv2_d_3648_2736_s_4_2.jpg\/v1\/fill\/w_270,h_180,al_c,q_80,usm_0.66_1.00_0.01\/2a6fc3_6abd839a27134c3f822a4af9a476b06f~mv2_d_3648_2736_s_4_2.webp\" alt=\"\" data-type=\"image\" \/><\/div>\n<\/div>\n<\/div>\n<\/div>\n<\/div>\n<\/div>\n<\/div>\n<div id=\"i63ugq2b_NewsPostsView_i63ugq01201_NewsPosts_i63ugpzw200__0_0_6_0_leftToCenterSpacer_child\"><\/div>\n<div id=\"i63ugq2b_NewsPostsView_i63ugq01201_NewsPosts_i63ugpzw200__0_0_6_0_Center\" class=\"flex_display flex_vbox\">\n<div id=\"i63ugq2b_NewsPostsView_i63ugq01201_NewsPosts_i63ugpzw200__0_0_6_0_text_1\" class=\"\">\n<div id=\"i63ugq2b_NewsPostsView_i63ugq01201_NewsPosts_i63ugpzw200__0_0_6_0_text_1\" class=\"flex_display flex_vbox\">\n<div id=\"i63ugq2b_NewsPostsView_i63ugq01201_NewsPosts_i63ugpzw200__0_0_6_0_text_1_proxy\" class=\"s_usaAWRichTextClickableSkin\" data-packed=\"false\">\n<div id=\"i63ugq2b_NewsPostsView_i63ugq01201_NewsPosts_i63ugpzw200__0_0_6_0_text_1_proxyrichTextContainer\" class=\"s_usaAWRichTextClickableSkin_richTextContainer s_usaAWRichTextClickableSkinrichTextContainer\">\n<p class=\"font_6\"><strong><em>Concerto Solid\u00e1rio<\/em><\/strong><\/p>\n<\/div>\n<\/div>\n<\/div>\n<\/div>\n<div id=\"i63ugq2b_NewsPostsView_i63ugq01201_NewsPosts_i63ugpzw200__0_0_6_0_fld_hfnxgxqo\" class=\"\">\n<div id=\"i63ugq2b_NewsPostsView_i63ugq01201_NewsPosts_i63ugpzw200__0_0_6_0_fld_hfnxgxqo\" class=\" flex_vbox\">\n<div id=\"i63ugq2b_NewsPostsView_i63ugq01201_NewsPosts_i63ugpzw200__0_0_6_0_fld_hfnxgxqo_proxy\" class=\"s_usaAWRichTextClickableSkin\" data-packed=\"false\">\n<div id=\"i63ugq2b_NewsPostsView_i63ugq01201_NewsPosts_i63ugpzw200__0_0_6_0_fld_hfnxgxqo_proxyrichTextContainer\" class=\"s_usaAWRichTextClickableSkin_richTextContainer s_usaAWRichTextClickableSkinrichTextContainer\">\n<p class=\"font_9\"><strong><em>26 de novembro de 2016<\/em><\/strong><\/p>\n<\/div>\n<\/div>\n<\/div>\n<\/div>\n<div id=\"i63ugq2b_NewsPostsView_i63ugq01201_NewsPosts_i63ugpzw200__0_0_6_0_fld_hfxs75de\" class=\"\">\n<div id=\"i63ugq2b_NewsPostsView_i63ugq01201_NewsPosts_i63ugpzw200__0_0_6_0_fld_hfxs75de\" class=\" flex_vbox\">\n<div id=\"i63ugq2b_NewsPostsView_i63ugq01201_NewsPosts_i63ugpzw200__0_0_6_0_fld_hfxs75de_proxy\" class=\"s_usaAWRichTextClickableSkin\" data-packed=\"false\">\n<div id=\"i63ugq2b_NewsPostsView_i63ugq01201_NewsPosts_i63ugpzw200__0_0_6_0_fld_hfxs75de_proxyrichTextContainer\" class=\"s_usaAWRichTextClickableSkin_richTextContainer s_usaAWRichTextClickableSkinrichTextContainer\">\n<p class=\"font_9\">No s\u00e1bado, dia 26 de novembro, \u00e0 noite realiz\u00e1mos mais um evento solid\u00e1rio, que contou com a Filarm\u00f3nica 15 de agosto Alfarense que nos apresentou um bel\u00edssimo espet\u00e1culo musical.<br \/>\nA todos os seus elementos os nossos parab\u00e9ns e um muito obrigada!<br \/>\nAgradecemos ainda a todos os que aderiram a este concerto solid\u00e1rio e contribu\u00edram com os bens alimentares para a nossa institui\u00e7\u00e3o. Bem-haja a todos!<\/p>\n<p class=\"font_8\">\n<\/div>\n<\/div>\n<\/div>\n<\/div>\n<\/div>\n<div id=\"i63ugq2b_NewsPostsView_i63ugq01201_NewsPosts_i63ugpzw200__0_0_6_0_centerToRightSpacer_child\"><\/div>\n<div id=\"i63ugq2b_NewsPostsView_i63ugq01201_NewsPosts_i63ugpzw200__0_0_6_0_Right\" class=\" flex_vbox\"><\/div>\n<\/div>\n<div id=\"i63ugq2b_NewsPostsView_i63ugq01201_NewsPosts_i63ugpzw200__0_0_6_0_Bottom\" class=\" flex_vbox\"><\/div>\n<div id=\"i63ugq2b_NewsPostsView_i63ugq01201_NewsPosts_i63ugpzw200__0_0_6_0_bottomSpacer_child\"><\/div>\n<\/div>\n<\/div>\n<div id=\"i63ugq2b_NewsPostsView_i63ugq01201_Array__0_0_6_footerSpacer_child\"><\/div>\n<div id=\"i63ugq2b_NewsPostsView_i63ugq01201_Array__0_0_6_gutterLine\" class=\"hl1\">\n<div id=\"i63ugq2b_NewsPostsView_i63ugq01201_Array__0_0_6_gutterLineline\" class=\"hl1line\"><\/div>\n<\/div>\n<\/div>\n<div id=\"i63ugq2b_NewsPostsView_i63ugq01201_Array__0_0_7_positionInParent_default\" class=\" flex_vbox\">\n<div id=\"NewsPostsView_i63ugq01201_NewsPosts_i63ugpzw200__0_0_7\" class=\" \">\n<div id=\"i63ugq2b_NewsPostsView_i63ugq01201_NewsPosts_i63ugpzw200__0_0_7_0_def_0\" class=\" flex_vbox\">\n<div id=\"i63ugq2b_NewsPostsView_i63ugq01201_NewsPosts_i63ugpzw200__0_0_7_0_Top\" class=\" flex_vbox\"><\/div>\n<div id=\"i63ugq2b_NewsPostsView_i63ugq01201_NewsPosts_i63ugpzw200__0_0_7_0_topSpacer_child\"><\/div>\n<div id=\"i63ugq2b_NewsPostsView_i63ugq01201_NewsPosts_i63ugpzw200__0_0_7_0_def_3\" class=\"flex_display\">\n<div id=\"i63ugq2b_NewsPostsView_i63ugq01201_NewsPosts_i63ugpzw200__0_0_7_0_Left\" class=\" flex_vbox\">\n<div id=\"i63ugq2b_NewsPostsView_i63ugq01201_NewsPosts_i63ugpzw200__0_0_7_0_image_1\" class=\"\">\n<div id=\"i63ugq2b_NewsPostsView_i63ugq01201_NewsPosts_i63ugpzw200__0_0_7_0_image_1\" class=\"flex_display flex_vbox\">\n<div id=\"i63ugq2b_NewsPostsView_i63ugq01201_NewsPosts_i63ugpzw200__0_0_7_0_image_1_proxy_container\" data-proxy-name=\"Image\" data-width=\"960\" data-height=\"720\" data-uri=\"2a6fc3_41ffb7604c904212bbb1e46e910cb1b5~mv2.jpg\" data-display-mode=\"fill\">\n<div id=\"i63ugq2b_NewsPostsView_i63ugq01201_NewsPosts_i63ugpzw200__0_0_7_0_image_1_proxy\" class=\"wp2\" title=\"mercado.jpg\" data-exact-height=\"16\" data-content-padding-horizontal=\"0\" data-content-padding-vertical=\"0\">\n<div id=\"i63ugq2b_NewsPostsView_i63ugq01201_NewsPosts_i63ugpzw200__0_0_7_0_image_1_proxylink\" class=\"wp2link\">\n<div id=\"i63ugq2b_NewsPostsView_i63ugq01201_NewsPosts_i63ugpzw200__0_0_7_0_image_1_proxyimg\" class=\"wp2img\" data-style=\"\"><img decoding=\"async\" id=\"i63ugq2b_NewsPostsView_i63ugq01201_NewsPosts_i63ugpzw200__0_0_7_0_image_1_proxyimgimage\" src=\"https:\/\/static.wixstatic.com\/media\/2a6fc3_41ffb7604c904212bbb1e46e910cb1b5~mv2.jpg\/v1\/fill\/w_270,h_180,al_c,q_80,usm_0.66_1.00_0.01\/2a6fc3_41ffb7604c904212bbb1e46e910cb1b5~mv2.webp\" alt=\"\" data-type=\"image\" \/><\/div>\n<\/div>\n<\/div>\n<\/div>\n<\/div>\n<\/div>\n<\/div>\n<div id=\"i63ugq2b_NewsPostsView_i63ugq01201_NewsPosts_i63ugpzw200__0_0_7_0_leftToCenterSpacer_child\"><\/div>\n<div id=\"i63ugq2b_NewsPostsView_i63ugq01201_NewsPosts_i63ugpzw200__0_0_7_0_Center\" class=\"flex_display flex_vbox\">\n<div id=\"i63ugq2b_NewsPostsView_i63ugq01201_NewsPosts_i63ugpzw200__0_0_7_0_text_1\" class=\"\">\n<div id=\"i63ugq2b_NewsPostsView_i63ugq01201_NewsPosts_i63ugpzw200__0_0_7_0_text_1\" class=\"flex_display flex_vbox\">\n<div id=\"i63ugq2b_NewsPostsView_i63ugq01201_NewsPosts_i63ugpzw200__0_0_7_0_text_1_proxy\" class=\"s_usaAWRichTextClickableSkin\" data-packed=\"false\">\n<div id=\"i63ugq2b_NewsPostsView_i63ugq01201_NewsPosts_i63ugpzw200__0_0_7_0_text_1_proxyrichTextContainer\" class=\"s_usaAWRichTextClickableSkin_richTextContainer s_usaAWRichTextClickableSkinrichTextContainer\">\n<p class=\"font_6\"><strong><em>Mercado Solid\u00e1rio<\/em><\/strong><\/p>\n<\/div>\n<\/div>\n<\/div>\n<\/div>\n<div id=\"i63ugq2b_NewsPostsView_i63ugq01201_NewsPosts_i63ugpzw200__0_0_7_0_fld_hfnxgxqo\" class=\"\">\n<div id=\"i63ugq2b_NewsPostsView_i63ugq01201_NewsPosts_i63ugpzw200__0_0_7_0_fld_hfnxgxqo\" class=\" flex_vbox\">\n<div id=\"i63ugq2b_NewsPostsView_i63ugq01201_NewsPosts_i63ugpzw200__0_0_7_0_fld_hfnxgxqo_proxy\" class=\"s_usaAWRichTextClickableSkin\" data-packed=\"false\">\n<div id=\"i63ugq2b_NewsPostsView_i63ugq01201_NewsPosts_i63ugpzw200__0_0_7_0_fld_hfnxgxqo_proxyrichTextContainer\" class=\"s_usaAWRichTextClickableSkin_richTextContainer s_usaAWRichTextClickableSkinrichTextContainer\">\n<p class=\"font_9\"><strong><em>26 de junho de 2016<\/em><\/strong><\/p>\n<\/div>\n<\/div>\n<\/div>\n<\/div>\n<div id=\"i63ugq2b_NewsPostsView_i63ugq01201_NewsPosts_i63ugpzw200__0_0_7_0_fld_hfxs75de\" class=\"\">\n<div id=\"i63ugq2b_NewsPostsView_i63ugq01201_NewsPosts_i63ugpzw200__0_0_7_0_fld_hfxs75de\" class=\" flex_vbox\">\n<div id=\"i63ugq2b_NewsPostsView_i63ugq01201_NewsPosts_i63ugpzw200__0_0_7_0_fld_hfxs75de_proxy\" class=\"s_usaAWRichTextClickableSkin\" data-packed=\"false\">\n<div id=\"i63ugq2b_NewsPostsView_i63ugq01201_NewsPosts_i63ugpzw200__0_0_7_0_fld_hfxs75de_proxyrichTextContainer\" class=\"s_usaAWRichTextClickableSkin_richTextContainer s_usaAWRichTextClickableSkinrichTextContainer\">\n<p class=\"font_8\">O Mercado Solid\u00e1rio \u00e9 o\u00a0mercado das\u00a0trocas, em que cada participante pode trocar o que tem ou sabe fazer por outra coisa que precise em encontre, sem usar euros. Neste mercado cada produto ou servi\u00e7o tem um valor atribu\u00eddo, sendo a moeda de troca as &#8220;diabitas&#8221;.<\/p>\n<p class=\"font_8\">A esta atividade juntou-se o movimento &#8220;Dou mais tempo \u00e0 Vida&#8221; promovido pela Liga Portuguesa Contra o Cancro. No final do Mercado Solid\u00e1rio usufruimos de um momento cultural dinamizado pelos alunos da Escola de M\u00fasica da Associa\u00e7\u00e3o Cultural Recreativa e Social de Samuel.<\/p>\n<\/div>\n<\/div>\n<\/div>\n<\/div>\n<\/div>\n<div id=\"i63ugq2b_NewsPostsView_i63ugq01201_NewsPosts_i63ugpzw200__0_0_7_0_centerToRightSpacer_child\"><\/div>\n<div id=\"i63ugq2b_NewsPostsView_i63ugq01201_NewsPosts_i63ugpzw200__0_0_7_0_Right\" class=\" flex_vbox\"><\/div>\n<\/div>\n<div id=\"i63ugq2b_NewsPostsView_i63ugq01201_NewsPosts_i63ugpzw200__0_0_7_0_Bottom\" class=\" flex_vbox\"><\/div>\n<div id=\"i63ugq2b_NewsPostsView_i63ugq01201_NewsPosts_i63ugpzw200__0_0_7_0_bottomSpacer_child\"><\/div>\n<\/div>\n<\/div>\n<div id=\"i63ugq2b_NewsPostsView_i63ugq01201_Array__0_0_7_footerSpacer_child\"><\/div>\n<div id=\"i63ugq2b_NewsPostsView_i63ugq01201_Array__0_0_7_gutterLine\" class=\"hl1\">\n<div id=\"i63ugq2b_NewsPostsView_i63ugq01201_Array__0_0_7_gutterLineline\" class=\"hl1line\"><\/div>\n<\/div>\n<\/div>\n<div id=\"i63ugq2b_NewsPostsView_i63ugq01201_Array__0_0_8_positionInParent_default\" class=\" flex_vbox\">\n<div id=\"NewsPostsView_i63ugq01201_NewsPosts_i63ugpzw200__0_0_8\" class=\" \">\n<div id=\"i63ugq2b_NewsPostsView_i63ugq01201_NewsPosts_i63ugpzw200__0_0_8_0_def_0\" class=\" flex_vbox\">\n<div id=\"i63ugq2b_NewsPostsView_i63ugq01201_NewsPosts_i63ugpzw200__0_0_8_0_Top\" class=\" flex_vbox\"><\/div>\n<div id=\"i63ugq2b_NewsPostsView_i63ugq01201_NewsPosts_i63ugpzw200__0_0_8_0_topSpacer_child\"><\/div>\n<div id=\"i63ugq2b_NewsPostsView_i63ugq01201_NewsPosts_i63ugpzw200__0_0_8_0_def_3\" class=\"flex_display\">\n<div id=\"i63ugq2b_NewsPostsView_i63ugq01201_NewsPosts_i63ugpzw200__0_0_8_0_Left\" class=\" flex_vbox\">\n<div id=\"i63ugq2b_NewsPostsView_i63ugq01201_NewsPosts_i63ugpzw200__0_0_8_0_image_1\" class=\"\">\n<div id=\"i63ugq2b_NewsPostsView_i63ugq01201_NewsPosts_i63ugpzw200__0_0_8_0_image_1\" class=\"flex_display flex_vbox\">\n<div id=\"i63ugq2b_NewsPostsView_i63ugq01201_NewsPosts_i63ugpzw200__0_0_8_0_image_1_proxy_container\" data-proxy-name=\"Image\" data-width=\"3648\" data-height=\"2736\" data-uri=\"2a6fc3_65bf7610adec41f88a0bdb28845acf69~mv2_d_3648_2736_s_4_2.jpg\" data-display-mode=\"fill\">\n<div id=\"i63ugq2b_NewsPostsView_i63ugq01201_NewsPosts_i63ugpzw200__0_0_8_0_image_1_proxy\" class=\"wp2\" title=\"P6182216.JPG\" data-exact-height=\"16\" data-content-padding-horizontal=\"0\" data-content-padding-vertical=\"0\">\n<div id=\"i63ugq2b_NewsPostsView_i63ugq01201_NewsPosts_i63ugpzw200__0_0_8_0_image_1_proxylink\" class=\"wp2link\">\n<div id=\"i63ugq2b_NewsPostsView_i63ugq01201_NewsPosts_i63ugpzw200__0_0_8_0_image_1_proxyimg\" class=\"wp2img\" data-style=\"\"><img decoding=\"async\" id=\"i63ugq2b_NewsPostsView_i63ugq01201_NewsPosts_i63ugpzw200__0_0_8_0_image_1_proxyimgimage\" src=\"https:\/\/static.wixstatic.com\/media\/2a6fc3_65bf7610adec41f88a0bdb28845acf69~mv2_d_3648_2736_s_4_2.jpg\/v1\/fill\/w_270,h_180,al_c,q_80,usm_0.66_1.00_0.01\/2a6fc3_65bf7610adec41f88a0bdb28845acf69~mv2_d_3648_2736_s_4_2.webp\" alt=\"\" data-type=\"image\" \/><\/div>\n<\/div>\n<\/div>\n<\/div>\n<\/div>\n<\/div>\n<\/div>\n<div id=\"i63ugq2b_NewsPostsView_i63ugq01201_NewsPosts_i63ugpzw200__0_0_8_0_leftToCenterSpacer_child\"><\/div>\n<div id=\"i63ugq2b_NewsPostsView_i63ugq01201_NewsPosts_i63ugpzw200__0_0_8_0_Center\" class=\"flex_display flex_vbox\">\n<div id=\"i63ugq2b_NewsPostsView_i63ugq01201_NewsPosts_i63ugpzw200__0_0_8_0_text_1\" class=\"\">\n<div id=\"i63ugq2b_NewsPostsView_i63ugq01201_NewsPosts_i63ugpzw200__0_0_8_0_text_1\" class=\"flex_display flex_vbox\">\n<div id=\"i63ugq2b_NewsPostsView_i63ugq01201_NewsPosts_i63ugpzw200__0_0_8_0_text_1_proxy\" class=\"s_usaAWRichTextClickableSkin\" data-packed=\"false\">\n<div id=\"i63ugq2b_NewsPostsView_i63ugq01201_NewsPosts_i63ugpzw200__0_0_8_0_text_1_proxyrichTextContainer\" class=\"s_usaAWRichTextClickableSkin_richTextContainer s_usaAWRichTextClickableSkinrichTextContainer\">\n<p class=\"font_6\"><strong><em>Festa Final de Ano Letivo 2015\/2016<\/em><\/strong><\/p>\n<\/div>\n<\/div>\n<\/div>\n<\/div>\n<div id=\"i63ugq2b_NewsPostsView_i63ugq01201_NewsPosts_i63ugpzw200__0_0_8_0_fld_hfnxgxqo\" class=\"\">\n<div id=\"i63ugq2b_NewsPostsView_i63ugq01201_NewsPosts_i63ugpzw200__0_0_8_0_fld_hfnxgxqo\" class=\" flex_vbox\">\n<div id=\"i63ugq2b_NewsPostsView_i63ugq01201_NewsPosts_i63ugpzw200__0_0_8_0_fld_hfnxgxqo_proxy\" class=\"s_usaAWRichTextClickableSkin\" data-packed=\"false\">\n<div id=\"i63ugq2b_NewsPostsView_i63ugq01201_NewsPosts_i63ugpzw200__0_0_8_0_fld_hfnxgxqo_proxyrichTextContainer\" class=\"s_usaAWRichTextClickableSkin_richTextContainer s_usaAWRichTextClickableSkinrichTextContainer\">\n<p class=\"font_9\"><strong><em>18 de junho de 2016<\/em><\/strong><\/p>\n<\/div>\n<\/div>\n<\/div>\n<\/div>\n<div id=\"i63ugq2b_NewsPostsView_i63ugq01201_NewsPosts_i63ugpzw200__0_0_8_0_fld_hfxs75de\" class=\"\">\n<div id=\"i63ugq2b_NewsPostsView_i63ugq01201_NewsPosts_i63ugpzw200__0_0_8_0_fld_hfxs75de\" class=\" flex_vbox\">\n<div id=\"i63ugq2b_NewsPostsView_i63ugq01201_NewsPosts_i63ugpzw200__0_0_8_0_fld_hfxs75de_proxy\" class=\"s_usaAWRichTextClickableSkin\" data-packed=\"false\">\n<div id=\"i63ugq2b_NewsPostsView_i63ugq01201_NewsPosts_i63ugpzw200__0_0_8_0_fld_hfxs75de_proxyrichTextContainer\" class=\"s_usaAWRichTextClickableSkin_richTextContainer s_usaAWRichTextClickableSkinrichTextContainer\">\n<p class=\"font_8\">As crian\u00e7as das tr\u00eas respostas sociais puderam mostrar as compet\u00eancias adquiridas ao longo dos anos que por aqui passaram na festa final de ano letivo, onde dramatizaram a pe\u00e7a de teatro &#8220;O diabo sem rabo&#8221; e interpretaram diversas can\u00e7\u00f5es. No final apareceram os Finalistas com a can\u00e7\u00e3o da despedida que em forma de verso agradeceram todo o empenho e dedica\u00e7\u00e3o das Educadoras, Animadora e Auxiliares de Educa\u00e7\u00e3o que deles cuidaram ao longo dos tempos.<\/p>\n<\/div>\n<\/div>\n<\/div>\n<\/div>\n<\/div>\n<div id=\"i63ugq2b_NewsPostsView_i63ugq01201_NewsPosts_i63ugpzw200__0_0_8_0_centerToRightSpacer_child\"><\/div>\n<div id=\"i63ugq2b_NewsPostsView_i63ugq01201_NewsPosts_i63ugpzw200__0_0_8_0_Right\" class=\" flex_vbox\"><\/div>\n<\/div>\n<div id=\"i63ugq2b_NewsPostsView_i63ugq01201_NewsPosts_i63ugpzw200__0_0_8_0_Bottom\" class=\" flex_vbox\"><\/div>\n<div id=\"i63ugq2b_NewsPostsView_i63ugq01201_NewsPosts_i63ugpzw200__0_0_8_0_bottomSpacer_child\"><\/div>\n<\/div>\n<\/div>\n<div id=\"i63ugq2b_NewsPostsView_i63ugq01201_Array__0_0_8_footerSpacer_child\"><\/div>\n<div id=\"i63ugq2b_NewsPostsView_i63ugq01201_Array__0_0_8_gutterLine\" class=\"hl1\">\n<div id=\"i63ugq2b_NewsPostsView_i63ugq01201_Array__0_0_8_gutterLineline\" class=\"hl1line\"><\/div>\n<\/div>\n<\/div>\n<div id=\"i63ugq2b_NewsPostsView_i63ugq01201_Array__0_0_9_positionInParent_default\" class=\" flex_vbox\">\n<div id=\"NewsPostsView_i63ugq01201_NewsPosts_i63ugpzw200__0_0_9\" class=\" \">\n<div id=\"i63ugq2b_NewsPostsView_i63ugq01201_NewsPosts_i63ugpzw200__0_0_9_0_def_0\" class=\" flex_vbox\">\n<div id=\"i63ugq2b_NewsPostsView_i63ugq01201_NewsPosts_i63ugpzw200__0_0_9_0_Top\" class=\" flex_vbox\"><\/div>\n<div id=\"i63ugq2b_NewsPostsView_i63ugq01201_NewsPosts_i63ugpzw200__0_0_9_0_topSpacer_child\"><\/div>\n<div id=\"i63ugq2b_NewsPostsView_i63ugq01201_NewsPosts_i63ugpzw200__0_0_9_0_def_3\" class=\"flex_display\">\n<div id=\"i63ugq2b_NewsPostsView_i63ugq01201_NewsPosts_i63ugpzw200__0_0_9_0_Left\" class=\" flex_vbox\">\n<div id=\"i63ugq2b_NewsPostsView_i63ugq01201_NewsPosts_i63ugpzw200__0_0_9_0_image_1\" class=\"\">\n<div id=\"i63ugq2b_NewsPostsView_i63ugq01201_NewsPosts_i63ugpzw200__0_0_9_0_image_1\" class=\"flex_display flex_vbox\">\n<div id=\"i63ugq2b_NewsPostsView_i63ugq01201_NewsPosts_i63ugpzw200__0_0_9_0_image_1_proxy_container\" data-proxy-name=\"Image\" data-width=\"960\" data-height=\"720\" data-uri=\"2a6fc3_ad03e32598624e22b4ae8d71650c336b~mv2.jpg\" data-display-mode=\"fill\">\n<div id=\"i63ugq2b_NewsPostsView_i63ugq01201_NewsPosts_i63ugpzw200__0_0_9_0_image_1_proxy\" class=\"wp2\" title=\"arraial.jpg\" data-exact-height=\"16\" data-content-padding-horizontal=\"0\" data-content-padding-vertical=\"0\">\n<div id=\"i63ugq2b_NewsPostsView_i63ugq01201_NewsPosts_i63ugpzw200__0_0_9_0_image_1_proxylink\" class=\"wp2link\">\n<div id=\"i63ugq2b_NewsPostsView_i63ugq01201_NewsPosts_i63ugpzw200__0_0_9_0_image_1_proxyimg\" class=\"wp2img\" data-style=\"\"><img decoding=\"async\" id=\"i63ugq2b_NewsPostsView_i63ugq01201_NewsPosts_i63ugpzw200__0_0_9_0_image_1_proxyimgimage\" src=\"https:\/\/static.wixstatic.com\/media\/2a6fc3_ad03e32598624e22b4ae8d71650c336b~mv2.jpg\/v1\/fill\/w_270,h_180,al_c,q_80,usm_0.66_1.00_0.01\/2a6fc3_ad03e32598624e22b4ae8d71650c336b~mv2.webp\" alt=\"\" data-type=\"image\" \/><\/div>\n<\/div>\n<\/div>\n<\/div>\n<\/div>\n<\/div>\n<\/div>\n<div id=\"i63ugq2b_NewsPostsView_i63ugq01201_NewsPosts_i63ugpzw200__0_0_9_0_leftToCenterSpacer_child\"><\/div>\n<div id=\"i63ugq2b_NewsPostsView_i63ugq01201_NewsPosts_i63ugpzw200__0_0_9_0_Center\" class=\"flex_display flex_vbox\">\n<div id=\"i63ugq2b_NewsPostsView_i63ugq01201_NewsPosts_i63ugpzw200__0_0_9_0_text_1\" class=\"\">\n<div id=\"i63ugq2b_NewsPostsView_i63ugq01201_NewsPosts_i63ugpzw200__0_0_9_0_text_1\" class=\"flex_display flex_vbox\">\n<div id=\"i63ugq2b_NewsPostsView_i63ugq01201_NewsPosts_i63ugpzw200__0_0_9_0_text_1_proxy\" class=\"s_usaAWRichTextClickableSkin\" data-packed=\"false\">\n<div id=\"i63ugq2b_NewsPostsView_i63ugq01201_NewsPosts_i63ugpzw200__0_0_9_0_text_1_proxyrichTextContainer\" class=\"s_usaAWRichTextClickableSkin_richTextContainer s_usaAWRichTextClickableSkinrichTextContainer\">\n<p class=\"font_6\"><strong><em>Arraial Popular<\/em><\/strong><\/p>\n<\/div>\n<\/div>\n<\/div>\n<\/div>\n<div id=\"i63ugq2b_NewsPostsView_i63ugq01201_NewsPosts_i63ugpzw200__0_0_9_0_fld_hfnxgxqo\" class=\"\">\n<div id=\"i63ugq2b_NewsPostsView_i63ugq01201_NewsPosts_i63ugpzw200__0_0_9_0_fld_hfnxgxqo\" class=\" flex_vbox\">\n<div id=\"i63ugq2b_NewsPostsView_i63ugq01201_NewsPosts_i63ugpzw200__0_0_9_0_fld_hfnxgxqo_proxy\" class=\"s_usaAWRichTextClickableSkin\" data-packed=\"false\">\n<div id=\"i63ugq2b_NewsPostsView_i63ugq01201_NewsPosts_i63ugpzw200__0_0_9_0_fld_hfnxgxqo_proxyrichTextContainer\" class=\"s_usaAWRichTextClickableSkin_richTextContainer s_usaAWRichTextClickableSkinrichTextContainer\">\n<p class=\"font_9\"><strong><em>17 de junho de 2016<\/em><\/strong><\/p>\n<\/div>\n<\/div>\n<\/div>\n<\/div>\n<div id=\"i63ugq2b_NewsPostsView_i63ugq01201_NewsPosts_i63ugpzw200__0_0_9_0_fld_hfxs75de\" class=\"\">\n<div id=\"i63ugq2b_NewsPostsView_i63ugq01201_NewsPosts_i63ugpzw200__0_0_9_0_fld_hfxs75de\" class=\" flex_vbox\">\n<div id=\"i63ugq2b_NewsPostsView_i63ugq01201_NewsPosts_i63ugpzw200__0_0_9_0_fld_hfxs75de_proxy\" class=\"s_usaAWRichTextClickableSkin\" data-packed=\"false\">\n<div id=\"i63ugq2b_NewsPostsView_i63ugq01201_NewsPosts_i63ugpzw200__0_0_9_0_fld_hfxs75de_proxyrichTextContainer\" class=\"s_usaAWRichTextClickableSkin_richTextContainer s_usaAWRichTextClickableSkinrichTextContainer\">\n<p class=\"font_8\">No dia 17 de junho foi realizado mais um Arraial Popular, desta vez, no Largo do Lar da Associa\u00e7\u00e3o de Samuel, que contou com mais de 200 pessoas, e cuja anima\u00e7\u00e3o ficou ao encargo das Marchas de Samuel e do\u00a0Ruizinho de Penacova. Nesta noite n\u00e3o faltou a sardinha, a broa e a sangria!<\/p>\n<\/div>\n<\/div>\n<\/div>\n<\/div>\n<\/div>\n<div id=\"i63ugq2b_NewsPostsView_i63ugq01201_NewsPosts_i63ugpzw200__0_0_9_0_centerToRightSpacer_child\"><\/div>\n<div id=\"i63ugq2b_NewsPostsView_i63ugq01201_NewsPosts_i63ugpzw200__0_0_9_0_Right\" class=\" flex_vbox\"><\/div>\n<\/div>\n<div id=\"i63ugq2b_NewsPostsView_i63ugq01201_NewsPosts_i63ugpzw200__0_0_9_0_Bottom\" class=\" flex_vbox\"><\/div>\n<div id=\"i63ugq2b_NewsPostsView_i63ugq01201_NewsPosts_i63ugpzw200__0_0_9_0_bottomSpacer_child\"><\/div>\n<\/div>\n<\/div>\n<div id=\"i63ugq2b_NewsPostsView_i63ugq01201_Array__0_0_9_footerSpacer_child\"><\/div>\n<div id=\"i63ugq2b_NewsPostsView_i63ugq01201_Array__0_0_9_gutterLine\" class=\"hl1\">\n<div id=\"i63ugq2b_NewsPostsView_i63ugq01201_Array__0_0_9_gutterLineline\" class=\"hl1line\"><\/div>\n<\/div>\n<\/div>\n<div id=\"i63ugq2b_NewsPostsView_i63ugq01201_Array__0_0_10_positionInParent_default\" class=\" flex_vbox\">\n<div id=\"NewsPostsView_i63ugq01201_NewsPosts_i63ugpzw200__0_0_10\" class=\" \">\n<div id=\"i63ugq2b_NewsPostsView_i63ugq01201_NewsPosts_i63ugpzw200__0_0_10_0_def_0\" class=\" flex_vbox\">\n<div id=\"i63ugq2b_NewsPostsView_i63ugq01201_NewsPosts_i63ugpzw200__0_0_10_0_Top\" class=\" flex_vbox\"><\/div>\n<div id=\"i63ugq2b_NewsPostsView_i63ugq01201_NewsPosts_i63ugpzw200__0_0_10_0_topSpacer_child\"><\/div>\n<div id=\"i63ugq2b_NewsPostsView_i63ugq01201_NewsPosts_i63ugpzw200__0_0_10_0_def_3\" class=\"flex_display\">\n<div id=\"i63ugq2b_NewsPostsView_i63ugq01201_NewsPosts_i63ugpzw200__0_0_10_0_Left\" class=\" flex_vbox\">\n<div id=\"i63ugq2b_NewsPostsView_i63ugq01201_NewsPosts_i63ugpzw200__0_0_10_0_image_1\" class=\"\">\n<div id=\"i63ugq2b_NewsPostsView_i63ugq01201_NewsPosts_i63ugpzw200__0_0_10_0_image_1\" class=\"flex_display flex_vbox\">\n<div id=\"i63ugq2b_NewsPostsView_i63ugq01201_NewsPosts_i63ugpzw200__0_0_10_0_image_1_proxy_container\" data-proxy-name=\"Image\" data-width=\"480\" data-height=\"319\" data-uri=\"2a6fc3_57c57f0db9fc440c997678d4a937ba26~mv2.jpg\" data-display-mode=\"fill\">\n<div id=\"i63ugq2b_NewsPostsView_i63ugq01201_NewsPosts_i63ugpzw200__0_0_10_0_image_1_proxy\" class=\"wp2\" title=\"festival.jpg\" data-exact-height=\"16\" data-content-padding-horizontal=\"0\" data-content-padding-vertical=\"0\">\n<div id=\"i63ugq2b_NewsPostsView_i63ugq01201_NewsPosts_i63ugpzw200__0_0_10_0_image_1_proxylink\" class=\"wp2link\">\n<div id=\"i63ugq2b_NewsPostsView_i63ugq01201_NewsPosts_i63ugpzw200__0_0_10_0_image_1_proxyimg\" class=\"wp2img\" data-style=\"\"><img decoding=\"async\" id=\"i63ugq2b_NewsPostsView_i63ugq01201_NewsPosts_i63ugpzw200__0_0_10_0_image_1_proxyimgimage\" src=\"https:\/\/static.wixstatic.com\/media\/2a6fc3_57c57f0db9fc440c997678d4a937ba26~mv2.jpg\/v1\/fill\/w_270,h_180,al_c,q_80,usm_0.66_1.00_0.01\/2a6fc3_57c57f0db9fc440c997678d4a937ba26~mv2.webp\" alt=\"\" data-type=\"image\" \/><\/div>\n<\/div>\n<\/div>\n<\/div>\n<\/div>\n<\/div>\n<\/div>\n<div id=\"i63ugq2b_NewsPostsView_i63ugq01201_NewsPosts_i63ugpzw200__0_0_10_0_leftToCenterSpacer_child\"><\/div>\n<div id=\"i63ugq2b_NewsPostsView_i63ugq01201_NewsPosts_i63ugpzw200__0_0_10_0_Center\" class=\"flex_display flex_vbox\">\n<div id=\"i63ugq2b_NewsPostsView_i63ugq01201_NewsPosts_i63ugpzw200__0_0_10_0_text_1\" class=\"\">\n<div id=\"i63ugq2b_NewsPostsView_i63ugq01201_NewsPosts_i63ugpzw200__0_0_10_0_text_1\" class=\"flex_display flex_vbox\">\n<div id=\"i63ugq2b_NewsPostsView_i63ugq01201_NewsPosts_i63ugpzw200__0_0_10_0_text_1_proxy\" class=\"s_usaAWRichTextClickableSkin\" data-packed=\"false\">\n<div id=\"i63ugq2b_NewsPostsView_i63ugq01201_NewsPosts_i63ugpzw200__0_0_10_0_text_1_proxyrichTextContainer\" class=\"s_usaAWRichTextClickableSkin_richTextContainer s_usaAWRichTextClickableSkinrichTextContainer\">\n<p class=\"font_6\"><strong><em>XXVII Festival de Folclore<\/em><\/strong><\/p>\n<\/div>\n<\/div>\n<\/div>\n<\/div>\n<div id=\"i63ugq2b_NewsPostsView_i63ugq01201_NewsPosts_i63ugpzw200__0_0_10_0_fld_hfnxgxqo\" class=\"\">\n<div id=\"i63ugq2b_NewsPostsView_i63ugq01201_NewsPosts_i63ugpzw200__0_0_10_0_fld_hfnxgxqo\" class=\" flex_vbox\">\n<div id=\"i63ugq2b_NewsPostsView_i63ugq01201_NewsPosts_i63ugpzw200__0_0_10_0_fld_hfnxgxqo_proxy\" class=\"s_usaAWRichTextClickableSkin\" data-packed=\"false\">\n<div id=\"i63ugq2b_NewsPostsView_i63ugq01201_NewsPosts_i63ugpzw200__0_0_10_0_fld_hfnxgxqo_proxyrichTextContainer\" class=\"s_usaAWRichTextClickableSkin_richTextContainer s_usaAWRichTextClickableSkinrichTextContainer\">\n<p class=\"font_9\"><strong><em>04 de junho de 2016<\/em><\/strong><\/p>\n<\/div>\n<\/div>\n<\/div>\n<\/div>\n<div id=\"i63ugq2b_NewsPostsView_i63ugq01201_NewsPosts_i63ugpzw200__0_0_10_0_fld_hfxs75de\" class=\"\">\n<div id=\"i63ugq2b_NewsPostsView_i63ugq01201_NewsPosts_i63ugpzw200__0_0_10_0_fld_hfxs75de\" class=\" flex_vbox\">\n<div id=\"i63ugq2b_NewsPostsView_i63ugq01201_NewsPosts_i63ugpzw200__0_0_10_0_fld_hfxs75de_proxy\" class=\"s_usaAWRichTextClickableSkin\" data-packed=\"false\">\n<div id=\"i63ugq2b_NewsPostsView_i63ugq01201_NewsPosts_i63ugpzw200__0_0_10_0_fld_hfxs75de_proxyrichTextContainer\" class=\"s_usaAWRichTextClickableSkin_richTextContainer s_usaAWRichTextClickableSkinrichTextContainer\">\n<p class=\"font_8\">O Grupo Etnogr\u00e1fico de samuel promoveu o seu XXVII Festival de Folclore proporcionando a toda a comunidade uma noite de cultura e tradi\u00e7\u00f5es onde se recriaram os costumes antigos vivenciados nas fontes da freguesia.<\/p>\n<p class=\"font_8\">\n<\/div>\n<\/div>\n<\/div>\n<\/div>\n<\/div>\n<div id=\"i63ugq2b_NewsPostsView_i63ugq01201_NewsPosts_i63ugpzw200__0_0_10_0_centerToRightSpacer_child\"><\/div>\n<div id=\"i63ugq2b_NewsPostsView_i63ugq01201_NewsPosts_i63ugpzw200__0_0_10_0_Right\" class=\" flex_vbox\"><\/div>\n<\/div>\n<div id=\"i63ugq2b_NewsPostsView_i63ugq01201_NewsPosts_i63ugpzw200__0_0_10_0_Bottom\" class=\" flex_vbox\"><\/div>\n<div id=\"i63ugq2b_NewsPostsView_i63ugq01201_NewsPosts_i63ugpzw200__0_0_10_0_bottomSpacer_child\"><\/div>\n<\/div>\n<\/div>\n<div id=\"i63ugq2b_NewsPostsView_i63ugq01201_Array__0_0_10_footerSpacer_child\"><\/div>\n<div id=\"i63ugq2b_NewsPostsView_i63ugq01201_Array__0_0_10_gutterLine\" class=\"hl1\">\n<div id=\"i63ugq2b_NewsPostsView_i63ugq01201_Array__0_0_10_gutterLineline\" class=\"hl1line\"><\/div>\n<\/div>\n<\/div>\n<div id=\"i63ugq2b_NewsPostsView_i63ugq01201_Array__0_0_11_positionInParent_default\" class=\" flex_vbox\">\n<div id=\"NewsPostsView_i63ugq01201_NewsPosts_i63ugpzw200__0_0_11\" class=\" \">\n<div id=\"i63ugq2b_NewsPostsView_i63ugq01201_NewsPosts_i63ugpzw200__0_0_11_0_def_0\" class=\" flex_vbox\">\n<div id=\"i63ugq2b_NewsPostsView_i63ugq01201_NewsPosts_i63ugpzw200__0_0_11_0_Top\" class=\" flex_vbox\"><\/div>\n<div id=\"i63ugq2b_NewsPostsView_i63ugq01201_NewsPosts_i63ugpzw200__0_0_11_0_topSpacer_child\"><\/div>\n<div id=\"i63ugq2b_NewsPostsView_i63ugq01201_NewsPosts_i63ugpzw200__0_0_11_0_def_3\" class=\"flex_display\">\n<div id=\"i63ugq2b_NewsPostsView_i63ugq01201_NewsPosts_i63ugpzw200__0_0_11_0_Left\" class=\" flex_vbox\">\n<div id=\"i63ugq2b_NewsPostsView_i63ugq01201_NewsPosts_i63ugpzw200__0_0_11_0_image_1\" class=\"\">\n<div id=\"i63ugq2b_NewsPostsView_i63ugq01201_NewsPosts_i63ugpzw200__0_0_11_0_image_1\" class=\"flex_display flex_vbox\">\n<div id=\"i63ugq2b_NewsPostsView_i63ugq01201_NewsPosts_i63ugpzw200__0_0_11_0_image_1_proxy_container\" data-proxy-name=\"Image\" data-width=\"960\" data-height=\"720\" data-uri=\"2a6fc3_b8cd97c088cb4c018ecf766be1ddd8d9~mv2.jpg\" data-display-mode=\"fill\">\n<div id=\"i63ugq2b_NewsPostsView_i63ugq01201_NewsPosts_i63ugpzw200__0_0_11_0_image_1_proxy\" class=\"wp2\" title=\"hip hop.jpg\" data-exact-height=\"16\" data-content-padding-horizontal=\"0\" data-content-padding-vertical=\"0\">\n<div id=\"i63ugq2b_NewsPostsView_i63ugq01201_NewsPosts_i63ugpzw200__0_0_11_0_image_1_proxylink\" class=\"wp2link\">\n<div id=\"i63ugq2b_NewsPostsView_i63ugq01201_NewsPosts_i63ugpzw200__0_0_11_0_image_1_proxyimg\" class=\"wp2img\" data-style=\"\"><img decoding=\"async\" id=\"i63ugq2b_NewsPostsView_i63ugq01201_NewsPosts_i63ugpzw200__0_0_11_0_image_1_proxyimgimage\" src=\"https:\/\/static.wixstatic.com\/media\/2a6fc3_b8cd97c088cb4c018ecf766be1ddd8d9~mv2.jpg\/v1\/fill\/w_270,h_180,al_c,q_80,usm_0.66_1.00_0.01\/2a6fc3_b8cd97c088cb4c018ecf766be1ddd8d9~mv2.webp\" alt=\"\" data-type=\"image\" \/><\/div>\n<\/div>\n<\/div>\n<\/div>\n<\/div>\n<\/div>\n<\/div>\n<div id=\"i63ugq2b_NewsPostsView_i63ugq01201_NewsPosts_i63ugpzw200__0_0_11_0_leftToCenterSpacer_child\"><\/div>\n<div id=\"i63ugq2b_NewsPostsView_i63ugq01201_NewsPosts_i63ugpzw200__0_0_11_0_Center\" class=\"flex_display flex_vbox\">\n<div id=\"i63ugq2b_NewsPostsView_i63ugq01201_NewsPosts_i63ugpzw200__0_0_11_0_text_1\" class=\"\">\n<div id=\"i63ugq2b_NewsPostsView_i63ugq01201_NewsPosts_i63ugpzw200__0_0_11_0_text_1\" class=\"flex_display flex_vbox\">\n<div id=\"i63ugq2b_NewsPostsView_i63ugq01201_NewsPosts_i63ugpzw200__0_0_11_0_text_1_proxy\" class=\"s_usaAWRichTextClickableSkin\" data-packed=\"false\">\n<div id=\"i63ugq2b_NewsPostsView_i63ugq01201_NewsPosts_i63ugpzw200__0_0_11_0_text_1_proxyrichTextContainer\" class=\"s_usaAWRichTextClickableSkin_richTextContainer s_usaAWRichTextClickableSkinrichTextContainer\">\n<p class=\"font_6\"><strong><em>II Encontro de Dan\u00e7as<\/em><\/strong><\/p>\n<\/div>\n<\/div>\n<\/div>\n<\/div>\n<div id=\"i63ugq2b_NewsPostsView_i63ugq01201_NewsPosts_i63ugpzw200__0_0_11_0_fld_hfnxgxqo\" class=\"\">\n<div id=\"i63ugq2b_NewsPostsView_i63ugq01201_NewsPosts_i63ugpzw200__0_0_11_0_fld_hfnxgxqo\" class=\" flex_vbox\">\n<div id=\"i63ugq2b_NewsPostsView_i63ugq01201_NewsPosts_i63ugpzw200__0_0_11_0_fld_hfnxgxqo_proxy\" class=\"s_usaAWRichTextClickableSkin\" data-packed=\"false\">\n<div id=\"i63ugq2b_NewsPostsView_i63ugq01201_NewsPosts_i63ugpzw200__0_0_11_0_fld_hfnxgxqo_proxyrichTextContainer\" class=\"s_usaAWRichTextClickableSkin_richTextContainer s_usaAWRichTextClickableSkinrichTextContainer\">\n<p class=\"font_9\"><strong><em>28 de maio de 2016<\/em><\/strong><\/p>\n<\/div>\n<\/div>\n<\/div>\n<\/div>\n<div id=\"i63ugq2b_NewsPostsView_i63ugq01201_NewsPosts_i63ugpzw200__0_0_11_0_fld_hfxs75de\" class=\"\">\n<div id=\"i63ugq2b_NewsPostsView_i63ugq01201_NewsPosts_i63ugpzw200__0_0_11_0_fld_hfxs75de\" class=\" flex_vbox\">\n<div id=\"i63ugq2b_NewsPostsView_i63ugq01201_NewsPosts_i63ugpzw200__0_0_11_0_fld_hfxs75de_proxy\" class=\"s_usaAWRichTextClickableSkin\" data-packed=\"false\">\n<div id=\"i63ugq2b_NewsPostsView_i63ugq01201_NewsPosts_i63ugpzw200__0_0_11_0_fld_hfxs75de_proxyrichTextContainer\" class=\"s_usaAWRichTextClickableSkin_richTextContainer s_usaAWRichTextClickableSkinrichTextContainer\">\n<p class=\"font_8\">Foi com muita alegria e anima\u00e7\u00e3o que realiz\u00e1mos o II Encontro de Dan\u00e7as na Associa\u00e7\u00e3o Cultural Recreativa e Social de Samuel.<\/p>\n<p class=\"font_8\">Desta vez, para al\u00e9m do grupo anfitri\u00e3o Samuel Beat\u00a0cont\u00e1mos com a participa\u00e7\u00e3o dos grupos\u00a0Onda Dance &#8211; Pai\u00e3o, Xtravadance &#8211; Figueira da Foz e Cool Kids &#8211; Degracias, que ajudaram a abrilhantar este espet\u00e1culo!<\/p>\n<\/div>\n<\/div>\n<\/div>\n<\/div>\n<\/div>\n<div id=\"i63ugq2b_NewsPostsView_i63ugq01201_NewsPosts_i63ugpzw200__0_0_11_0_centerToRightSpacer_child\"><\/div>\n<div id=\"i63ugq2b_NewsPostsView_i63ugq01201_NewsPosts_i63ugpzw200__0_0_11_0_Right\" class=\" flex_vbox\"><\/div>\n<\/div>\n<div id=\"i63ugq2b_NewsPostsView_i63ugq01201_NewsPosts_i63ugpzw200__0_0_11_0_Bottom\" class=\" flex_vbox\"><\/div>\n<div id=\"i63ugq2b_NewsPostsView_i63ugq01201_NewsPosts_i63ugpzw200__0_0_11_0_bottomSpacer_child\"><\/div>\n<\/div>\n<\/div>\n<div id=\"i63ugq2b_NewsPostsView_i63ugq01201_Array__0_0_11_footerSpacer_child\"><\/div>\n<div id=\"i63ugq2b_NewsPostsView_i63ugq01201_Array__0_0_11_gutterLine\" class=\"hl1\">\n<div id=\"i63ugq2b_NewsPostsView_i63ugq01201_Array__0_0_11_gutterLineline\" class=\"hl1line\"><\/div>\n<\/div>\n<\/div>\n<div id=\"i63ugq2b_NewsPostsView_i63ugq01201_Array__0_0_12_positionInParent_default\" class=\" flex_vbox\">\n<div id=\"NewsPostsView_i63ugq01201_NewsPosts_i63ugpzw200__0_0_12\" class=\" \">\n<div id=\"i63ugq2b_NewsPostsView_i63ugq01201_NewsPosts_i63ugpzw200__0_0_12_0_def_0\" class=\" flex_vbox\">\n<div id=\"i63ugq2b_NewsPostsView_i63ugq01201_NewsPosts_i63ugpzw200__0_0_12_0_Top\" class=\" flex_vbox\"><\/div>\n<div id=\"i63ugq2b_NewsPostsView_i63ugq01201_NewsPosts_i63ugpzw200__0_0_12_0_topSpacer_child\"><\/div>\n<div id=\"i63ugq2b_NewsPostsView_i63ugq01201_NewsPosts_i63ugpzw200__0_0_12_0_def_3\" class=\"flex_display\">\n<div id=\"i63ugq2b_NewsPostsView_i63ugq01201_NewsPosts_i63ugpzw200__0_0_12_0_Left\" class=\" flex_vbox\">\n<div id=\"i63ugq2b_NewsPostsView_i63ugq01201_NewsPosts_i63ugpzw200__0_0_12_0_image_1\" class=\"\">\n<div id=\"i63ugq2b_NewsPostsView_i63ugq01201_NewsPosts_i63ugpzw200__0_0_12_0_image_1\" class=\"flex_display flex_vbox\">\n<div id=\"i63ugq2b_NewsPostsView_i63ugq01201_NewsPosts_i63ugpzw200__0_0_12_0_image_1_proxy_container\" data-proxy-name=\"Image\" data-width=\"960\" data-height=\"720\" data-uri=\"2a6fc3_cfaac20bdbca4711a5b500d264f9e9a2~mv2.jpg\" data-display-mode=\"fill\">\n<div id=\"i63ugq2b_NewsPostsView_i63ugq01201_NewsPosts_i63ugpzw200__0_0_12_0_image_1_proxy\" class=\"wp2\" title=\"caminhada.jpg\" data-exact-height=\"16\" data-content-padding-horizontal=\"0\" data-content-padding-vertical=\"0\">\n<div id=\"i63ugq2b_NewsPostsView_i63ugq01201_NewsPosts_i63ugpzw200__0_0_12_0_image_1_proxylink\" class=\"wp2link\">\n<div id=\"i63ugq2b_NewsPostsView_i63ugq01201_NewsPosts_i63ugpzw200__0_0_12_0_image_1_proxyimg\" class=\"wp2img\" data-style=\"\"><img decoding=\"async\" id=\"i63ugq2b_NewsPostsView_i63ugq01201_NewsPosts_i63ugpzw200__0_0_12_0_image_1_proxyimgimage\" src=\"https:\/\/static.wixstatic.com\/media\/2a6fc3_cfaac20bdbca4711a5b500d264f9e9a2~mv2.jpg\/v1\/fill\/w_270,h_180,al_c,q_80,usm_0.66_1.00_0.01\/2a6fc3_cfaac20bdbca4711a5b500d264f9e9a2~mv2.webp\" alt=\"\" data-type=\"image\" \/><\/div>\n<\/div>\n<\/div>\n<\/div>\n<\/div>\n<\/div>\n<\/div>\n<div id=\"i63ugq2b_NewsPostsView_i63ugq01201_NewsPosts_i63ugpzw200__0_0_12_0_leftToCenterSpacer_child\"><\/div>\n<div id=\"i63ugq2b_NewsPostsView_i63ugq01201_NewsPosts_i63ugpzw200__0_0_12_0_Center\" class=\"flex_display flex_vbox\">\n<div id=\"i63ugq2b_NewsPostsView_i63ugq01201_NewsPosts_i63ugpzw200__0_0_12_0_text_1\" class=\"\">\n<div id=\"i63ugq2b_NewsPostsView_i63ugq01201_NewsPosts_i63ugpzw200__0_0_12_0_text_1\" class=\"flex_display flex_vbox\">\n<div id=\"i63ugq2b_NewsPostsView_i63ugq01201_NewsPosts_i63ugpzw200__0_0_12_0_text_1_proxy\" class=\"s_usaAWRichTextClickableSkin\" data-packed=\"false\">\n<div id=\"i63ugq2b_NewsPostsView_i63ugq01201_NewsPosts_i63ugpzw200__0_0_12_0_text_1_proxyrichTextContainer\" class=\"s_usaAWRichTextClickableSkin_richTextContainer s_usaAWRichTextClickableSkinrichTextContainer\">\n<p class=\"font_6\"><strong><em>III\u00aa Caminhada Rosa<\/em><\/strong><\/p>\n<\/div>\n<\/div>\n<\/div>\n<\/div>\n<div id=\"i63ugq2b_NewsPostsView_i63ugq01201_NewsPosts_i63ugpzw200__0_0_12_0_fld_hfnxgxqo\" class=\"\">\n<div id=\"i63ugq2b_NewsPostsView_i63ugq01201_NewsPosts_i63ugpzw200__0_0_12_0_fld_hfnxgxqo\" class=\" flex_vbox\">\n<div id=\"i63ugq2b_NewsPostsView_i63ugq01201_NewsPosts_i63ugpzw200__0_0_12_0_fld_hfnxgxqo_proxy\" class=\"s_usaAWRichTextClickableSkin\" data-packed=\"false\">\n<div id=\"i63ugq2b_NewsPostsView_i63ugq01201_NewsPosts_i63ugpzw200__0_0_12_0_fld_hfnxgxqo_proxyrichTextContainer\" class=\"s_usaAWRichTextClickableSkin_richTextContainer s_usaAWRichTextClickableSkinrichTextContainer\">\n<p class=\"font_9\"><strong><em>12 de mar\u00e7o de 2016<\/em><\/strong><\/p>\n<\/div>\n<\/div>\n<\/div>\n<\/div>\n<div id=\"i63ugq2b_NewsPostsView_i63ugq01201_NewsPosts_i63ugpzw200__0_0_12_0_fld_hfxs75de\" class=\"\">\n<div id=\"i63ugq2b_NewsPostsView_i63ugq01201_NewsPosts_i63ugpzw200__0_0_12_0_fld_hfxs75de\" class=\" flex_vbox\">\n<div id=\"i63ugq2b_NewsPostsView_i63ugq01201_NewsPosts_i63ugpzw200__0_0_12_0_fld_hfxs75de_proxy\" class=\"s_usaAWRichTextClickableSkin\" data-packed=\"false\">\n<div id=\"i63ugq2b_NewsPostsView_i63ugq01201_NewsPosts_i63ugpzw200__0_0_12_0_fld_hfxs75de_proxyrichTextContainer\" class=\"s_usaAWRichTextClickableSkin_richTextContainer s_usaAWRichTextClickableSkinrichTextContainer\">\n<p class=\"font_9\">Mais uma excelente caminhada, num bonito dia de sol, pelas terras da freguesia de Samuel para comemorar o Dia Internacional da Mulher!<\/p>\n<p class=\"font_9\">Agradecemos a todos os participantes que deram alegria a este evento e um especial agradecimento \u00e0 Credim\u00e9dia, \u00e0 C\u00e2mara Municipal de Soure e \u00e0 Junta de Freguesia de Samuel.<\/p>\n<p class=\"font_8\">\n<\/div>\n<\/div>\n<\/div>\n<\/div>\n<\/div>\n<div id=\"i63ugq2b_NewsPostsView_i63ugq01201_NewsPosts_i63ugpzw200__0_0_12_0_centerToRightSpacer_child\"><\/div>\n<div id=\"i63ugq2b_NewsPostsView_i63ugq01201_NewsPosts_i63ugpzw200__0_0_12_0_Right\" class=\" flex_vbox\"><\/div>\n<\/div>\n<div id=\"i63ugq2b_NewsPostsView_i63ugq01201_NewsPosts_i63ugpzw200__0_0_12_0_Bottom\" class=\" flex_vbox\"><\/div>\n<div id=\"i63ugq2b_NewsPostsView_i63ugq01201_NewsPosts_i63ugpzw200__0_0_12_0_bottomSpacer_child\"><\/div>\n<\/div>\n<\/div>\n<div id=\"i63ugq2b_NewsPostsView_i63ugq01201_Array__0_0_12_footerSpacer_child\"><\/div>\n<div id=\"i63ugq2b_NewsPostsView_i63ugq01201_Array__0_0_12_gutterLine\" class=\"hl1\">\n<div id=\"i63ugq2b_NewsPostsView_i63ugq01201_Array__0_0_12_gutterLineline\" class=\"hl1line\"><\/div>\n<\/div>\n<\/div>\n<div id=\"i63ugq2b_NewsPostsView_i63ugq01201_Array__0_0_13_positionInParent_default\" class=\" flex_vbox\">\n<div id=\"NewsPostsView_i63ugq01201_NewsPosts_i63ugpzw200__0_0_13\" class=\" \">\n<div id=\"i63ugq2b_NewsPostsView_i63ugq01201_NewsPosts_i63ugpzw200__0_0_13_0_def_0\" class=\" flex_vbox\">\n<div id=\"i63ugq2b_NewsPostsView_i63ugq01201_NewsPosts_i63ugpzw200__0_0_13_0_Top\" class=\" flex_vbox\"><\/div>\n<div id=\"i63ugq2b_NewsPostsView_i63ugq01201_NewsPosts_i63ugpzw200__0_0_13_0_topSpacer_child\"><\/div>\n<div id=\"i63ugq2b_NewsPostsView_i63ugq01201_NewsPosts_i63ugpzw200__0_0_13_0_def_3\" class=\"flex_display\">\n<div id=\"i63ugq2b_NewsPostsView_i63ugq01201_NewsPosts_i63ugpzw200__0_0_13_0_Left\" class=\" flex_vbox\">\n<div id=\"i63ugq2b_NewsPostsView_i63ugq01201_NewsPosts_i63ugpzw200__0_0_13_0_image_1\" class=\"\">\n<div id=\"i63ugq2b_NewsPostsView_i63ugq01201_NewsPosts_i63ugpzw200__0_0_13_0_image_1\" class=\"flex_display flex_vbox\">\n<div id=\"i63ugq2b_NewsPostsView_i63ugq01201_NewsPosts_i63ugpzw200__0_0_13_0_image_1_proxy_container\" data-proxy-name=\"Image\" data-width=\"960\" data-height=\"720\" data-uri=\"2a6fc3_3b8519a12814462398fd4d532a421e6d~mv2.jpg\" data-display-mode=\"fill\">\n<div id=\"i63ugq2b_NewsPostsView_i63ugq01201_NewsPosts_i63ugpzw200__0_0_13_0_image_1_proxy\" class=\"wp2\" title=\"ruizinho.jpg\" data-exact-height=\"16\" data-content-padding-horizontal=\"0\" data-content-padding-vertical=\"0\">\n<div id=\"i63ugq2b_NewsPostsView_i63ugq01201_NewsPosts_i63ugpzw200__0_0_13_0_image_1_proxylink\" class=\"wp2link\">\n<div id=\"i63ugq2b_NewsPostsView_i63ugq01201_NewsPosts_i63ugpzw200__0_0_13_0_image_1_proxyimg\" class=\"wp2img\" data-style=\"\"><img decoding=\"async\" id=\"i63ugq2b_NewsPostsView_i63ugq01201_NewsPosts_i63ugpzw200__0_0_13_0_image_1_proxyimgimage\" src=\"https:\/\/static.wixstatic.com\/media\/2a6fc3_3b8519a12814462398fd4d532a421e6d~mv2.jpg\/v1\/fill\/w_270,h_180,al_c,q_80,usm_0.66_1.00_0.01\/2a6fc3_3b8519a12814462398fd4d532a421e6d~mv2.webp\" alt=\"\" data-type=\"image\" \/><\/div>\n<\/div>\n<\/div>\n<\/div>\n<\/div>\n<\/div>\n<\/div>\n<div id=\"i63ugq2b_NewsPostsView_i63ugq01201_NewsPosts_i63ugpzw200__0_0_13_0_leftToCenterSpacer_child\"><\/div>\n<div id=\"i63ugq2b_NewsPostsView_i63ugq01201_NewsPosts_i63ugpzw200__0_0_13_0_Center\" class=\"flex_display flex_vbox\">\n<div id=\"i63ugq2b_NewsPostsView_i63ugq01201_NewsPosts_i63ugpzw200__0_0_13_0_text_1\" class=\"\">\n<div id=\"i63ugq2b_NewsPostsView_i63ugq01201_NewsPosts_i63ugpzw200__0_0_13_0_text_1\" class=\"flex_display flex_vbox\">\n<div id=\"i63ugq2b_NewsPostsView_i63ugq01201_NewsPosts_i63ugpzw200__0_0_13_0_text_1_proxy\" class=\"s_usaAWRichTextClickableSkin\" data-packed=\"false\">\n<div id=\"i63ugq2b_NewsPostsView_i63ugq01201_NewsPosts_i63ugpzw200__0_0_13_0_text_1_proxyrichTextContainer\" class=\"s_usaAWRichTextClickableSkin_richTextContainer s_usaAWRichTextClickableSkinrichTextContainer\">\n<p class=\"font_6\"><strong><em>Ruizinho de Penacova no Lar da Associa\u00e7\u00e3o de Samuel<\/em><\/strong><\/p>\n<\/div>\n<\/div>\n<\/div>\n<\/div>\n<div id=\"i63ugq2b_NewsPostsView_i63ugq01201_NewsPosts_i63ugpzw200__0_0_13_0_fld_hfnxgxqo\" class=\"\">\n<div id=\"i63ugq2b_NewsPostsView_i63ugq01201_NewsPosts_i63ugpzw200__0_0_13_0_fld_hfnxgxqo\" class=\" flex_vbox\">\n<div id=\"i63ugq2b_NewsPostsView_i63ugq01201_NewsPosts_i63ugpzw200__0_0_13_0_fld_hfnxgxqo_proxy\" class=\"s_usaAWRichTextClickableSkin\" data-packed=\"false\">\n<div id=\"i63ugq2b_NewsPostsView_i63ugq01201_NewsPosts_i63ugpzw200__0_0_13_0_fld_hfnxgxqo_proxyrichTextContainer\" class=\"s_usaAWRichTextClickableSkin_richTextContainer s_usaAWRichTextClickableSkinrichTextContainer\">\n<p class=\"font_9\"><strong><em>18 de fevereiro de 2016<\/em><\/strong><\/p>\n<\/div>\n<\/div>\n<\/div>\n<\/div>\n<div id=\"i63ugq2b_NewsPostsView_i63ugq01201_NewsPosts_i63ugpzw200__0_0_13_0_fld_hfxs75de\" class=\"\">\n<div id=\"i63ugq2b_NewsPostsView_i63ugq01201_NewsPosts_i63ugpzw200__0_0_13_0_fld_hfxs75de\" class=\" flex_vbox\">\n<div id=\"i63ugq2b_NewsPostsView_i63ugq01201_NewsPosts_i63ugpzw200__0_0_13_0_fld_hfxs75de_proxy\" class=\"s_usaAWRichTextClickableSkin\" data-packed=\"false\">\n<div id=\"i63ugq2b_NewsPostsView_i63ugq01201_NewsPosts_i63ugpzw200__0_0_13_0_fld_hfxs75de_proxyrichTextContainer\" class=\"s_usaAWRichTextClickableSkin_richTextContainer s_usaAWRichTextClickableSkinrichTextContainer\">\n<p class=\"font_8\">Esta foi uma tarde muito animada com Ruizinho de Penacova, que visitou os utentes de Lar e Centro de Dia! Bem haja pela sua disponibilidade e boa disposi\u00e7\u00e3o!<\/p>\n<\/div>\n<\/div>\n<\/div>\n<\/div>\n<\/div>\n<div id=\"i63ugq2b_NewsPostsView_i63ugq01201_NewsPosts_i63ugpzw200__0_0_13_0_centerToRightSpacer_child\"><\/div>\n<div id=\"i63ugq2b_NewsPostsView_i63ugq01201_NewsPosts_i63ugpzw200__0_0_13_0_Right\" class=\" flex_vbox\"><\/div>\n<\/div>\n<div id=\"i63ugq2b_NewsPostsView_i63ugq01201_NewsPosts_i63ugpzw200__0_0_13_0_Bottom\" class=\" flex_vbox\"><\/div>\n<div id=\"i63ugq2b_NewsPostsView_i63ugq01201_NewsPosts_i63ugpzw200__0_0_13_0_bottomSpacer_child\"><\/div>\n<\/div>\n<\/div>\n<div id=\"i63ugq2b_NewsPostsView_i63ugq01201_Array__0_0_13_footerSpacer_child\"><\/div>\n<div id=\"i63ugq2b_NewsPostsView_i63ugq01201_Array__0_0_13_gutterLine\" class=\"hl1\">\n<div id=\"i63ugq2b_NewsPostsView_i63ugq01201_Array__0_0_13_gutterLineline\" class=\"hl1line\"><\/div>\n<\/div>\n<\/div>\n<div id=\"i63ugq2b_NewsPostsView_i63ugq01201_Array__0_0_14_positionInParent_default\" class=\" flex_vbox\">\n<div id=\"NewsPostsView_i63ugq01201_NewsPosts_i63ugpzw200__0_0_14\" class=\" \">\n<div id=\"i63ugq2b_NewsPostsView_i63ugq01201_NewsPosts_i63ugpzw200__0_0_14_0_def_0\" class=\" flex_vbox\">\n<div id=\"i63ugq2b_NewsPostsView_i63ugq01201_NewsPosts_i63ugpzw200__0_0_14_0_Top\" class=\" flex_vbox\"><\/div>\n<div id=\"i63ugq2b_NewsPostsView_i63ugq01201_NewsPosts_i63ugpzw200__0_0_14_0_topSpacer_child\"><\/div>\n<div id=\"i63ugq2b_NewsPostsView_i63ugq01201_NewsPosts_i63ugpzw200__0_0_14_0_def_3\" class=\"flex_display\">\n<div id=\"i63ugq2b_NewsPostsView_i63ugq01201_NewsPosts_i63ugpzw200__0_0_14_0_Left\" class=\" flex_vbox\">\n<div id=\"i63ugq2b_NewsPostsView_i63ugq01201_NewsPosts_i63ugpzw200__0_0_14_0_image_1\" class=\"\">\n<div id=\"i63ugq2b_NewsPostsView_i63ugq01201_NewsPosts_i63ugpzw200__0_0_14_0_image_1\" class=\"flex_display flex_vbox\">\n<div id=\"i63ugq2b_NewsPostsView_i63ugq01201_NewsPosts_i63ugpzw200__0_0_14_0_image_1_proxy_container\" data-proxy-name=\"Image\" data-width=\"960\" data-height=\"720\" data-uri=\"2a6fc3_ddd3bc9f71e346b68f50e1fa09a4ef81~mv2.jpg\" data-display-mode=\"fill\">\n<div id=\"i63ugq2b_NewsPostsView_i63ugq01201_NewsPosts_i63ugpzw200__0_0_14_0_image_1_proxy\" class=\"wp2\" title=\"carnaval.jpg\" data-exact-height=\"16\" data-content-padding-horizontal=\"0\" data-content-padding-vertical=\"0\">\n<div id=\"i63ugq2b_NewsPostsView_i63ugq01201_NewsPosts_i63ugpzw200__0_0_14_0_image_1_proxylink\" class=\"wp2link\">\n<div id=\"i63ugq2b_NewsPostsView_i63ugq01201_NewsPosts_i63ugpzw200__0_0_14_0_image_1_proxyimg\" class=\"wp2img\" data-style=\"\"><img decoding=\"async\" id=\"i63ugq2b_NewsPostsView_i63ugq01201_NewsPosts_i63ugpzw200__0_0_14_0_image_1_proxyimgimage\" src=\"https:\/\/static.wixstatic.com\/media\/2a6fc3_ddd3bc9f71e346b68f50e1fa09a4ef81~mv2.jpg\/v1\/fill\/w_270,h_180,al_c,q_80,usm_0.66_1.00_0.01\/2a6fc3_ddd3bc9f71e346b68f50e1fa09a4ef81~mv2.webp\" alt=\"\" data-type=\"image\" \/><\/div>\n<\/div>\n<\/div>\n<\/div>\n<\/div>\n<\/div>\n<\/div>\n<div id=\"i63ugq2b_NewsPostsView_i63ugq01201_NewsPosts_i63ugpzw200__0_0_14_0_leftToCenterSpacer_child\"><\/div>\n<div id=\"i63ugq2b_NewsPostsView_i63ugq01201_NewsPosts_i63ugpzw200__0_0_14_0_Center\" class=\"flex_display flex_vbox\">\n<div id=\"i63ugq2b_NewsPostsView_i63ugq01201_NewsPosts_i63ugpzw200__0_0_14_0_text_1\" class=\"\">\n<div id=\"i63ugq2b_NewsPostsView_i63ugq01201_NewsPosts_i63ugpzw200__0_0_14_0_text_1\" class=\"flex_display flex_vbox\">\n<div id=\"i63ugq2b_NewsPostsView_i63ugq01201_NewsPosts_i63ugpzw200__0_0_14_0_text_1_proxy\" class=\"s_usaAWRichTextClickableSkin\" data-packed=\"false\">\n<div id=\"i63ugq2b_NewsPostsView_i63ugq01201_NewsPosts_i63ugpzw200__0_0_14_0_text_1_proxyrichTextContainer\" class=\"s_usaAWRichTextClickableSkin_richTextContainer s_usaAWRichTextClickableSkinrichTextContainer\">\n<p class=\"font_6\"><strong><em>Carnaval 2016<\/em><\/strong><\/p>\n<\/div>\n<\/div>\n<\/div>\n<\/div>\n<div id=\"i63ugq2b_NewsPostsView_i63ugq01201_NewsPosts_i63ugpzw200__0_0_14_0_fld_hfnxgxqo\" class=\"\">\n<div id=\"i63ugq2b_NewsPostsView_i63ugq01201_NewsPosts_i63ugpzw200__0_0_14_0_fld_hfnxgxqo\" class=\" flex_vbox\">\n<div id=\"i63ugq2b_NewsPostsView_i63ugq01201_NewsPosts_i63ugpzw200__0_0_14_0_fld_hfnxgxqo_proxy\" class=\"s_usaAWRichTextClickableSkin\" data-packed=\"false\">\n<div id=\"i63ugq2b_NewsPostsView_i63ugq01201_NewsPosts_i63ugpzw200__0_0_14_0_fld_hfnxgxqo_proxyrichTextContainer\" class=\"s_usaAWRichTextClickableSkin_richTextContainer s_usaAWRichTextClickableSkinrichTextContainer\">\n<p class=\"font_9\"><strong><em>09 de fevereiro de 2016<\/em><\/strong><\/p>\n<\/div>\n<\/div>\n<\/div>\n<\/div>\n<div id=\"i63ugq2b_NewsPostsView_i63ugq01201_NewsPosts_i63ugpzw200__0_0_14_0_fld_hfxs75de\" class=\"\">\n<div id=\"i63ugq2b_NewsPostsView_i63ugq01201_NewsPosts_i63ugpzw200__0_0_14_0_fld_hfxs75de\" class=\" flex_vbox\">\n<div id=\"i63ugq2b_NewsPostsView_i63ugq01201_NewsPosts_i63ugpzw200__0_0_14_0_fld_hfxs75de_proxy\" class=\"s_usaAWRichTextClickableSkin\" data-packed=\"false\">\n<div id=\"i63ugq2b_NewsPostsView_i63ugq01201_NewsPosts_i63ugpzw200__0_0_14_0_fld_hfxs75de_proxyrichTextContainer\" class=\"s_usaAWRichTextClickableSkin_richTextContainer s_usaAWRichTextClickableSkinrichTextContainer\">\n<p class=\"font_8\">O carnaval foi comemorado por crian\u00e7as e idosos da institui\u00e7\u00e3o. o Jardim de inf\u00e2ncia participou mais uma vez no tradicional desfile de Carnaval em Soure, cujo tema deste ano foi &#8220;Os bichos andam por ai!&#8221;, organizado pela C\u00e2mara Municipal de Soure.<\/p>\n<p class=\"font_8\">Na sexta feira \u00e0 tarde fizemos o tradicional baile de Carnaval com todas as crian\u00e7as e idosos.<\/p>\n<\/div>\n<\/div>\n<\/div>\n<\/div>\n<\/div>\n<div id=\"i63ugq2b_NewsPostsView_i63ugq01201_NewsPosts_i63ugpzw200__0_0_14_0_centerToRightSpacer_child\"><\/div>\n<div id=\"i63ugq2b_NewsPostsView_i63ugq01201_NewsPosts_i63ugpzw200__0_0_14_0_Right\" class=\" flex_vbox\"><\/div>\n<\/div>\n<div id=\"i63ugq2b_NewsPostsView_i63ugq01201_NewsPosts_i63ugpzw200__0_0_14_0_Bottom\" class=\" flex_vbox\"><\/div>\n<div id=\"i63ugq2b_NewsPostsView_i63ugq01201_NewsPosts_i63ugpzw200__0_0_14_0_bottomSpacer_child\"><\/div>\n<\/div>\n<\/div>\n<div id=\"i63ugq2b_NewsPostsView_i63ugq01201_Array__0_0_14_footerSpacer_child\"><\/div>\n<div id=\"i63ugq2b_NewsPostsView_i63ugq01201_Array__0_0_14_gutterLine\" class=\"hl1\">\n<div id=\"i63ugq2b_NewsPostsView_i63ugq01201_Array__0_0_14_gutterLineline\" class=\"hl1line\"><\/div>\n<\/div>\n<\/div>\n<div id=\"i63ugq2b_NewsPostsView_i63ugq01201_Array__0_0_15_positionInParent_default\" class=\" flex_vbox\">\n<div id=\"NewsPostsView_i63ugq01201_NewsPosts_i63ugpzw200__0_0_15\" class=\" \">\n<div id=\"i63ugq2b_NewsPostsView_i63ugq01201_NewsPosts_i63ugpzw200__0_0_15_0_def_0\" class=\" flex_vbox\">\n<div id=\"i63ugq2b_NewsPostsView_i63ugq01201_NewsPosts_i63ugpzw200__0_0_15_0_Top\" class=\" flex_vbox\"><\/div>\n<div id=\"i63ugq2b_NewsPostsView_i63ugq01201_NewsPosts_i63ugpzw200__0_0_15_0_topSpacer_child\"><\/div>\n<div id=\"i63ugq2b_NewsPostsView_i63ugq01201_NewsPosts_i63ugpzw200__0_0_15_0_def_3\" class=\"flex_display\">\n<div id=\"i63ugq2b_NewsPostsView_i63ugq01201_NewsPosts_i63ugpzw200__0_0_15_0_Left\" class=\" flex_vbox\">\n<div id=\"i63ugq2b_NewsPostsView_i63ugq01201_NewsPosts_i63ugpzw200__0_0_15_0_image_1\" class=\"\">\n<div id=\"i63ugq2b_NewsPostsView_i63ugq01201_NewsPosts_i63ugpzw200__0_0_15_0_image_1\" class=\"flex_display flex_vbox\">\n<div id=\"i63ugq2b_NewsPostsView_i63ugq01201_NewsPosts_i63ugpzw200__0_0_15_0_image_1_proxy_container\" data-proxy-name=\"Image\" data-width=\"960\" data-height=\"720\" data-uri=\"2a6fc3_bee5ffbef8614f068a9c2cb51eaf50ac~mv2.jpg\" data-display-mode=\"fill\">\n<div id=\"i63ugq2b_NewsPostsView_i63ugq01201_NewsPosts_i63ugpzw200__0_0_15_0_image_1_proxy\" class=\"wp2\" title=\"noite de fados.jpg\" data-exact-height=\"16\" data-content-padding-horizontal=\"0\" data-content-padding-vertical=\"0\">\n<div id=\"i63ugq2b_NewsPostsView_i63ugq01201_NewsPosts_i63ugpzw200__0_0_15_0_image_1_proxylink\" class=\"wp2link\">\n<div id=\"i63ugq2b_NewsPostsView_i63ugq01201_NewsPosts_i63ugpzw200__0_0_15_0_image_1_proxyimg\" class=\"wp2img\" data-style=\"\"><img decoding=\"async\" id=\"i63ugq2b_NewsPostsView_i63ugq01201_NewsPosts_i63ugpzw200__0_0_15_0_image_1_proxyimgimage\" src=\"https:\/\/static.wixstatic.com\/media\/2a6fc3_bee5ffbef8614f068a9c2cb51eaf50ac~mv2.jpg\/v1\/fill\/w_270,h_180,al_c,q_80,usm_0.66_1.00_0.01\/2a6fc3_bee5ffbef8614f068a9c2cb51eaf50ac~mv2.webp\" alt=\"\" data-type=\"image\" \/><\/div>\n<\/div>\n<\/div>\n<\/div>\n<\/div>\n<\/div>\n<\/div>\n<div id=\"i63ugq2b_NewsPostsView_i63ugq01201_NewsPosts_i63ugpzw200__0_0_15_0_leftToCenterSpacer_child\"><\/div>\n<div id=\"i63ugq2b_NewsPostsView_i63ugq01201_NewsPosts_i63ugpzw200__0_0_15_0_Center\" class=\"flex_display flex_vbox\">\n<div id=\"i63ugq2b_NewsPostsView_i63ugq01201_NewsPosts_i63ugpzw200__0_0_15_0_text_1\" class=\"\">\n<div id=\"i63ugq2b_NewsPostsView_i63ugq01201_NewsPosts_i63ugpzw200__0_0_15_0_text_1\" class=\"flex_display flex_vbox\">\n<div id=\"i63ugq2b_NewsPostsView_i63ugq01201_NewsPosts_i63ugpzw200__0_0_15_0_text_1_proxy\" class=\"s_usaAWRichTextClickableSkin\" data-packed=\"false\">\n<div id=\"i63ugq2b_NewsPostsView_i63ugq01201_NewsPosts_i63ugpzw200__0_0_15_0_text_1_proxyrichTextContainer\" class=\"s_usaAWRichTextClickableSkin_richTextContainer s_usaAWRichTextClickableSkinrichTextContainer\">\n<p class=\"font_6\"><strong><em>Noite de fados<\/em><\/strong><\/p>\n<\/div>\n<\/div>\n<\/div>\n<\/div>\n<div id=\"i63ugq2b_NewsPostsView_i63ugq01201_NewsPosts_i63ugpzw200__0_0_15_0_fld_hfnxgxqo\" class=\"\">\n<div id=\"i63ugq2b_NewsPostsView_i63ugq01201_NewsPosts_i63ugpzw200__0_0_15_0_fld_hfnxgxqo\" class=\" flex_vbox\">\n<div id=\"i63ugq2b_NewsPostsView_i63ugq01201_NewsPosts_i63ugpzw200__0_0_15_0_fld_hfnxgxqo_proxy\" class=\"s_usaAWRichTextClickableSkin\" data-packed=\"false\">\n<div id=\"i63ugq2b_NewsPostsView_i63ugq01201_NewsPosts_i63ugpzw200__0_0_15_0_fld_hfnxgxqo_proxyrichTextContainer\" class=\"s_usaAWRichTextClickableSkin_richTextContainer s_usaAWRichTextClickableSkinrichTextContainer\">\n<p class=\"font_9\"><strong><em>23 de janeiro de 2016<\/em><\/strong><\/p>\n<\/div>\n<\/div>\n<\/div>\n<\/div>\n<div id=\"i63ugq2b_NewsPostsView_i63ugq01201_NewsPosts_i63ugpzw200__0_0_15_0_fld_hfxs75de\" class=\"\">\n<div id=\"i63ugq2b_NewsPostsView_i63ugq01201_NewsPosts_i63ugpzw200__0_0_15_0_fld_hfxs75de\" class=\" flex_vbox\">\n<div id=\"i63ugq2b_NewsPostsView_i63ugq01201_NewsPosts_i63ugpzw200__0_0_15_0_fld_hfxs75de_proxy\" class=\"s_usaAWRichTextClickableSkin\" data-packed=\"false\">\n<div id=\"i63ugq2b_NewsPostsView_i63ugq01201_NewsPosts_i63ugpzw200__0_0_15_0_fld_hfxs75de_proxyrichTextContainer\" class=\"s_usaAWRichTextClickableSkin_richTextContainer s_usaAWRichTextClickableSkinrichTextContainer\">\n<p class=\"font_8\">No dia 23 assistimos a mais uma espetacular Noite de Fados organizada pela Associa\u00e7\u00e3o de Samuel. Pudemos desfrutar de tr\u00eas belas vozes, Elsa Gomes e Jos\u00e9 Loureiro a cantar fado de Lisboa e Nuno Abreu a cantar fado de Coimbra, ao som de Ant\u00f3nio Catarino na Guitarra Portuguesa e V\u00edtor Morgado na Viola de Fado. Este espet\u00e1culo foi acompanhado por jantar com as tradicionais pataniscas e algumas iguarias da freguesia de Samuel torresmos, morcela doce e serrabulho que fizeram as del\u00edcias dos mais de 100 espectadores.<\/p>\n<\/div>\n<\/div>\n<\/div>\n<\/div>\n<\/div>\n<div id=\"i63ugq2b_NewsPostsView_i63ugq01201_NewsPosts_i63ugpzw200__0_0_15_0_centerToRightSpacer_child\"><\/div>\n<div id=\"i63ugq2b_NewsPostsView_i63ugq01201_NewsPosts_i63ugpzw200__0_0_15_0_Right\" class=\" flex_vbox\"><\/div>\n<\/div>\n<div id=\"i63ugq2b_NewsPostsView_i63ugq01201_NewsPosts_i63ugpzw200__0_0_15_0_Bottom\" class=\" flex_vbox\"><\/div>\n<div id=\"i63ugq2b_NewsPostsView_i63ugq01201_NewsPosts_i63ugpzw200__0_0_15_0_bottomSpacer_child\"><\/div>\n<\/div>\n<\/div>\n<div id=\"i63ugq2b_NewsPostsView_i63ugq01201_Array__0_0_15_footerSpacer_child\"><\/div>\n<div id=\"i63ugq2b_NewsPostsView_i63ugq01201_Array__0_0_15_gutterLine\" class=\"hl1\">\n<div id=\"i63ugq2b_NewsPostsView_i63ugq01201_Array__0_0_15_gutterLineline\" class=\"hl1line\"><\/div>\n<\/div>\n<\/div>\n<div id=\"i63ugq2b_NewsPostsView_i63ugq01201_Array__0_0_16_positionInParent_default\" class=\" flex_vbox\">\n<div id=\"NewsPostsView_i63ugq01201_NewsPosts_i63ugpzw200__0_0_16\" class=\" \">\n<div id=\"i63ugq2b_NewsPostsView_i63ugq01201_NewsPosts_i63ugpzw200__0_0_16_0_def_0\" class=\" flex_vbox\">\n<div id=\"i63ugq2b_NewsPostsView_i63ugq01201_NewsPosts_i63ugpzw200__0_0_16_0_Top\" class=\" flex_vbox\"><\/div>\n<div id=\"i63ugq2b_NewsPostsView_i63ugq01201_NewsPosts_i63ugpzw200__0_0_16_0_topSpacer_child\"><\/div>\n<div id=\"i63ugq2b_NewsPostsView_i63ugq01201_NewsPosts_i63ugpzw200__0_0_16_0_def_3\" class=\"flex_display\">\n<div id=\"i63ugq2b_NewsPostsView_i63ugq01201_NewsPosts_i63ugpzw200__0_0_16_0_Left\" class=\" flex_vbox\">\n<div id=\"i63ugq2b_NewsPostsView_i63ugq01201_NewsPosts_i63ugpzw200__0_0_16_0_image_1\" class=\"\">\n<div id=\"i63ugq2b_NewsPostsView_i63ugq01201_NewsPosts_i63ugpzw200__0_0_16_0_image_1\" class=\"flex_display flex_vbox\">\n<div id=\"i63ugq2b_NewsPostsView_i63ugq01201_NewsPosts_i63ugpzw200__0_0_16_0_image_1_proxy_container\" data-proxy-name=\"Image\" data-width=\"480\" data-height=\"360\" data-uri=\"2a6fc3_469eb29d0c264168bfeaebf350dbd6ad~mv2.jpg\" data-display-mode=\"fill\">\n<div id=\"i63ugq2b_NewsPostsView_i63ugq01201_NewsPosts_i63ugpzw200__0_0_16_0_image_1_proxy\" class=\"wp2\" title=\"dia de reis.jpg\" data-exact-height=\"16\" data-content-padding-horizontal=\"0\" data-content-padding-vertical=\"0\">\n<div id=\"i63ugq2b_NewsPostsView_i63ugq01201_NewsPosts_i63ugpzw200__0_0_16_0_image_1_proxylink\" class=\"wp2link\">\n<div id=\"i63ugq2b_NewsPostsView_i63ugq01201_NewsPosts_i63ugpzw200__0_0_16_0_image_1_proxyimg\" class=\"wp2img\" data-style=\"\"><img decoding=\"async\" id=\"i63ugq2b_NewsPostsView_i63ugq01201_NewsPosts_i63ugpzw200__0_0_16_0_image_1_proxyimgimage\" src=\"https:\/\/static.wixstatic.com\/media\/2a6fc3_469eb29d0c264168bfeaebf350dbd6ad~mv2.jpg\/v1\/fill\/w_270,h_180,al_c,q_80,usm_0.66_1.00_0.01\/2a6fc3_469eb29d0c264168bfeaebf350dbd6ad~mv2.webp\" alt=\"\" data-type=\"image\" \/><\/div>\n<\/div>\n<\/div>\n<\/div>\n<\/div>\n<\/div>\n<\/div>\n<div id=\"i63ugq2b_NewsPostsView_i63ugq01201_NewsPosts_i63ugpzw200__0_0_16_0_leftToCenterSpacer_child\"><\/div>\n<div id=\"i63ugq2b_NewsPostsView_i63ugq01201_NewsPosts_i63ugpzw200__0_0_16_0_Center\" class=\"flex_display flex_vbox\">\n<div id=\"i63ugq2b_NewsPostsView_i63ugq01201_NewsPosts_i63ugpzw200__0_0_16_0_text_1\" class=\"\">\n<div id=\"i63ugq2b_NewsPostsView_i63ugq01201_NewsPosts_i63ugpzw200__0_0_16_0_text_1\" class=\"flex_display flex_vbox\">\n<div id=\"i63ugq2b_NewsPostsView_i63ugq01201_NewsPosts_i63ugpzw200__0_0_16_0_text_1_proxy\" class=\"s_usaAWRichTextClickableSkin\" data-packed=\"false\">\n<div id=\"i63ugq2b_NewsPostsView_i63ugq01201_NewsPosts_i63ugpzw200__0_0_16_0_text_1_proxyrichTextContainer\" class=\"s_usaAWRichTextClickableSkin_richTextContainer s_usaAWRichTextClickableSkinrichTextContainer\">\n<p class=\"font_6\"><strong><em>Dia de Reis<\/em><\/strong><\/p>\n<\/div>\n<\/div>\n<\/div>\n<\/div>\n<div id=\"i63ugq2b_NewsPostsView_i63ugq01201_NewsPosts_i63ugpzw200__0_0_16_0_fld_hfnxgxqo\" class=\"\">\n<div id=\"i63ugq2b_NewsPostsView_i63ugq01201_NewsPosts_i63ugpzw200__0_0_16_0_fld_hfnxgxqo\" class=\" flex_vbox\">\n<div id=\"i63ugq2b_NewsPostsView_i63ugq01201_NewsPosts_i63ugpzw200__0_0_16_0_fld_hfnxgxqo_proxy\" class=\"s_usaAWRichTextClickableSkin\" data-packed=\"false\">\n<div id=\"i63ugq2b_NewsPostsView_i63ugq01201_NewsPosts_i63ugpzw200__0_0_16_0_fld_hfnxgxqo_proxyrichTextContainer\" class=\"s_usaAWRichTextClickableSkin_richTextContainer s_usaAWRichTextClickableSkinrichTextContainer\">\n<p class=\"font_9\"><strong><em>06 de janeiro de 2016<\/em><\/strong><\/p>\n<\/div>\n<\/div>\n<\/div>\n<\/div>\n<div id=\"i63ugq2b_NewsPostsView_i63ugq01201_NewsPosts_i63ugpzw200__0_0_16_0_fld_hfxs75de\" class=\"\">\n<div id=\"i63ugq2b_NewsPostsView_i63ugq01201_NewsPosts_i63ugpzw200__0_0_16_0_fld_hfxs75de\" class=\" flex_vbox\">\n<div id=\"i63ugq2b_NewsPostsView_i63ugq01201_NewsPosts_i63ugpzw200__0_0_16_0_fld_hfxs75de_proxy\" class=\"s_usaAWRichTextClickableSkin\" data-packed=\"false\">\n<div id=\"i63ugq2b_NewsPostsView_i63ugq01201_NewsPosts_i63ugpzw200__0_0_16_0_fld_hfxs75de_proxyrichTextContainer\" class=\"s_usaAWRichTextClickableSkin_richTextContainer s_usaAWRichTextClickableSkinrichTextContainer\">\n<p class=\"font_8\">Comemora\u00e7\u00e3o do Dia de Reis 2016 na Associa\u00e7\u00e3o Cultural Recreativa e Social de Samuel!<\/p>\n<\/div>\n<\/div>\n<\/div>\n<\/div>\n<\/div>\n<div id=\"i63ugq2b_NewsPostsView_i63ugq01201_NewsPosts_i63ugpzw200__0_0_16_0_centerToRightSpacer_child\"><\/div>\n<div id=\"i63ugq2b_NewsPostsView_i63ugq01201_NewsPosts_i63ugpzw200__0_0_16_0_Right\" class=\" flex_vbox\"><\/div>\n<\/div>\n<div id=\"i63ugq2b_NewsPostsView_i63ugq01201_NewsPosts_i63ugpzw200__0_0_16_0_Bottom\" class=\" flex_vbox\"><\/div>\n<div id=\"i63ugq2b_NewsPostsView_i63ugq01201_NewsPosts_i63ugpzw200__0_0_16_0_bottomSpacer_child\"><\/div>\n<\/div>\n<\/div>\n<div id=\"i63ugq2b_NewsPostsView_i63ugq01201_Array__0_0_16_footerSpacer_child\"><\/div>\n<div id=\"i63ugq2b_NewsPostsView_i63ugq01201_Array__0_0_16_gutterLine\" class=\"hl1\">\n<div id=\"i63ugq2b_NewsPostsView_i63ugq01201_Array__0_0_16_gutterLineline\" class=\"hl1line\"><\/div>\n<\/div>\n<\/div>\n<div id=\"i63ugq2b_NewsPostsView_i63ugq01201_Array__0_0_17_positionInParent_default\" class=\" flex_vbox\">\n<div id=\"NewsPostsView_i63ugq01201_NewsPosts_i63ugpzw200__0_0_17\" class=\" \">\n<div id=\"i63ugq2b_NewsPostsView_i63ugq01201_NewsPosts_i63ugpzw200__0_0_17_0_def_0\" class=\" flex_vbox\">\n<div id=\"i63ugq2b_NewsPostsView_i63ugq01201_NewsPosts_i63ugpzw200__0_0_17_0_Top\" class=\" flex_vbox\"><\/div>\n<div id=\"i63ugq2b_NewsPostsView_i63ugq01201_NewsPosts_i63ugpzw200__0_0_17_0_topSpacer_child\"><\/div>\n<div id=\"i63ugq2b_NewsPostsView_i63ugq01201_NewsPosts_i63ugpzw200__0_0_17_0_def_3\" class=\"flex_display\">\n<div id=\"i63ugq2b_NewsPostsView_i63ugq01201_NewsPosts_i63ugpzw200__0_0_17_0_Left\" class=\" flex_vbox\">\n<div id=\"i63ugq2b_NewsPostsView_i63ugq01201_NewsPosts_i63ugpzw200__0_0_17_0_image_1\" class=\"\">\n<div id=\"i63ugq2b_NewsPostsView_i63ugq01201_NewsPosts_i63ugpzw200__0_0_17_0_image_1\" class=\"flex_display flex_vbox\">\n<div id=\"i63ugq2b_NewsPostsView_i63ugq01201_NewsPosts_i63ugpzw200__0_0_17_0_image_1_proxy_container\" data-proxy-name=\"Image\" data-width=\"960\" data-height=\"720\" data-uri=\"2a6fc3_c06913430f354e4fb1b101791b41395f~mv2.jpg\" data-display-mode=\"fill\">\n<div id=\"i63ugq2b_NewsPostsView_i63ugq01201_NewsPosts_i63ugpzw200__0_0_17_0_image_1_proxy\" class=\"wp2\" title=\"festa de natal.jpg\" data-exact-height=\"16\" data-content-padding-horizontal=\"0\" data-content-padding-vertical=\"0\">\n<div id=\"i63ugq2b_NewsPostsView_i63ugq01201_NewsPosts_i63ugpzw200__0_0_17_0_image_1_proxylink\" class=\"wp2link\">\n<div id=\"i63ugq2b_NewsPostsView_i63ugq01201_NewsPosts_i63ugpzw200__0_0_17_0_image_1_proxyimg\" class=\"wp2img\" data-style=\"\"><img decoding=\"async\" id=\"i63ugq2b_NewsPostsView_i63ugq01201_NewsPosts_i63ugpzw200__0_0_17_0_image_1_proxyimgimage\" src=\"https:\/\/static.wixstatic.com\/media\/2a6fc3_c06913430f354e4fb1b101791b41395f~mv2.jpg\/v1\/fill\/w_270,h_180,al_c,q_80,usm_0.66_1.00_0.01\/2a6fc3_c06913430f354e4fb1b101791b41395f~mv2.webp\" alt=\"\" data-type=\"image\" \/><\/div>\n<\/div>\n<\/div>\n<\/div>\n<\/div>\n<\/div>\n<\/div>\n<div id=\"i63ugq2b_NewsPostsView_i63ugq01201_NewsPosts_i63ugpzw200__0_0_17_0_leftToCenterSpacer_child\"><\/div>\n<div id=\"i63ugq2b_NewsPostsView_i63ugq01201_NewsPosts_i63ugpzw200__0_0_17_0_Center\" class=\"flex_display flex_vbox\">\n<div id=\"i63ugq2b_NewsPostsView_i63ugq01201_NewsPosts_i63ugpzw200__0_0_17_0_text_1\" class=\"\">\n<div id=\"i63ugq2b_NewsPostsView_i63ugq01201_NewsPosts_i63ugpzw200__0_0_17_0_text_1\" class=\"flex_display flex_vbox\">\n<div id=\"i63ugq2b_NewsPostsView_i63ugq01201_NewsPosts_i63ugpzw200__0_0_17_0_text_1_proxy\" class=\"s_usaAWRichTextClickableSkin\" data-packed=\"false\">\n<div id=\"i63ugq2b_NewsPostsView_i63ugq01201_NewsPosts_i63ugpzw200__0_0_17_0_text_1_proxyrichTextContainer\" class=\"s_usaAWRichTextClickableSkin_richTextContainer s_usaAWRichTextClickableSkinrichTextContainer\">\n<p class=\"font_6\"><strong><em>Festa de Natal<\/em><\/strong><\/p>\n<\/div>\n<\/div>\n<\/div>\n<\/div>\n<div id=\"i63ugq2b_NewsPostsView_i63ugq01201_NewsPosts_i63ugpzw200__0_0_17_0_fld_hfnxgxqo\" class=\"\">\n<div id=\"i63ugq2b_NewsPostsView_i63ugq01201_NewsPosts_i63ugpzw200__0_0_17_0_fld_hfnxgxqo\" class=\" flex_vbox\">\n<div id=\"i63ugq2b_NewsPostsView_i63ugq01201_NewsPosts_i63ugpzw200__0_0_17_0_fld_hfnxgxqo_proxy\" class=\"s_usaAWRichTextClickableSkin\" data-packed=\"false\">\n<div id=\"i63ugq2b_NewsPostsView_i63ugq01201_NewsPosts_i63ugpzw200__0_0_17_0_fld_hfnxgxqo_proxyrichTextContainer\" class=\"s_usaAWRichTextClickableSkin_richTextContainer s_usaAWRichTextClickableSkinrichTextContainer\">\n<p class=\"font_9\"><strong><em>20 de dezembro de 2015<\/em><\/strong><\/p>\n<\/div>\n<\/div>\n<\/div>\n<\/div>\n<div id=\"i63ugq2b_NewsPostsView_i63ugq01201_NewsPosts_i63ugpzw200__0_0_17_0_fld_hfxs75de\" class=\"\">\n<div id=\"i63ugq2b_NewsPostsView_i63ugq01201_NewsPosts_i63ugpzw200__0_0_17_0_fld_hfxs75de\" class=\" flex_vbox\">\n<div id=\"i63ugq2b_NewsPostsView_i63ugq01201_NewsPosts_i63ugpzw200__0_0_17_0_fld_hfxs75de_proxy\" class=\"s_usaAWRichTextClickableSkin\" data-packed=\"false\">\n<div id=\"i63ugq2b_NewsPostsView_i63ugq01201_NewsPosts_i63ugpzw200__0_0_17_0_fld_hfxs75de_proxyrichTextContainer\" class=\"s_usaAWRichTextClickableSkin_richTextContainer s_usaAWRichTextClickableSkinrichTextContainer\">\n<p class=\"font_8\">Foi com esp\u00edrito natal\u00edcio que ontem, dia 20, se realizou mais uma Festa de Natal na Associa\u00e7\u00e3o de Samuel.<br \/>\nA festa iniciou com can\u00e7\u00f5es de Natal interpretadas pelas crian\u00e7as de Creche, Pr\u00e9-escolar e CATL, ap\u00f3s a qual foi dramatizada a pe\u00e7a &#8220;O nabo gigante&#8221; por pais e educadoras de inf\u00e2ncia. Esta pe\u00e7a trouxe-nos uma mensagem muito importante: &#8220;a uni\u00e3o faz a for\u00e7a e todos somos importantes, independentemente do tamanho!&#8221;<br \/>\nSeguiu-se a atua\u00e7\u00e3o do grupo Hip-hop de Samuel que como j\u00e1 vem sendo h\u00e1bito nos presenteou com uma bela atua\u00e7\u00e3o, na qual se estreou um grupo de pequenos grandes talentos que deliciaram a plateia.<br \/>\nNo final, cada crian\u00e7a esperava ansiosamente pela chegada do &#8220;velhinho das barbas brancas&#8221; que fez a distribui\u00e7\u00e3o dos ansiados presentes.<br \/>\nO Natal \u00e9 a ternura do passado, o valor do presente e a esperan\u00e7a de um futuro melhor. Agradecemos a todos os que de alguma forma contribu\u00edram para o sucesso desta festa.<br \/>\nUm Santo Natal para todos!<\/p>\n<\/div>\n<\/div>\n<\/div>\n<\/div>\n<\/div>\n<div id=\"i63ugq2b_NewsPostsView_i63ugq01201_NewsPosts_i63ugpzw200__0_0_17_0_centerToRightSpacer_child\"><\/div>\n<div id=\"i63ugq2b_NewsPostsView_i63ugq01201_NewsPosts_i63ugpzw200__0_0_17_0_Right\" class=\" flex_vbox\"><\/div>\n<\/div>\n<div id=\"i63ugq2b_NewsPostsView_i63ugq01201_NewsPosts_i63ugpzw200__0_0_17_0_Bottom\" class=\" flex_vbox\"><\/div>\n<div id=\"i63ugq2b_NewsPostsView_i63ugq01201_NewsPosts_i63ugpzw200__0_0_17_0_bottomSpacer_child\"><\/div>\n<\/div>\n<\/div>\n<div id=\"i63ugq2b_NewsPostsView_i63ugq01201_Array__0_0_17_footerSpacer_child\"><\/div>\n<div id=\"i63ugq2b_NewsPostsView_i63ugq01201_Array__0_0_17_gutterLine\" class=\"hl1\">\n<div id=\"i63ugq2b_NewsPostsView_i63ugq01201_Array__0_0_17_gutterLineline\" class=\"hl1line\"><\/div>\n<\/div>\n<\/div>\n<div id=\"i63ugq2b_NewsPostsView_i63ugq01201_Array__0_0_18_positionInParent_default\" class=\" flex_vbox\">\n<div id=\"NewsPostsView_i63ugq01201_NewsPosts_i63ugpzw200__0_0_18\" class=\" \">\n<div id=\"i63ugq2b_NewsPostsView_i63ugq01201_NewsPosts_i63ugpzw200__0_0_18_0_def_0\" class=\" flex_vbox\">\n<div id=\"i63ugq2b_NewsPostsView_i63ugq01201_NewsPosts_i63ugpzw200__0_0_18_0_Top\" class=\" flex_vbox\"><\/div>\n<div id=\"i63ugq2b_NewsPostsView_i63ugq01201_NewsPosts_i63ugpzw200__0_0_18_0_topSpacer_child\"><\/div>\n<div id=\"i63ugq2b_NewsPostsView_i63ugq01201_NewsPosts_i63ugpzw200__0_0_18_0_def_3\" class=\"flex_display\">\n<div id=\"i63ugq2b_NewsPostsView_i63ugq01201_NewsPosts_i63ugpzw200__0_0_18_0_Left\" class=\" flex_vbox\">\n<div id=\"i63ugq2b_NewsPostsView_i63ugq01201_NewsPosts_i63ugpzw200__0_0_18_0_image_1\" class=\"\">\n<div id=\"i63ugq2b_NewsPostsView_i63ugq01201_NewsPosts_i63ugpzw200__0_0_18_0_image_1\" class=\"flex_display flex_vbox\">\n<div id=\"i63ugq2b_NewsPostsView_i63ugq01201_NewsPosts_i63ugpzw200__0_0_18_0_image_1_proxy_container\" data-proxy-name=\"Image\" data-width=\"3648\" data-height=\"2736\" data-uri=\"2a6fc3_866e3040bc37469195846696b9cfb5c9.jpg\" data-display-mode=\"fill\">\n<div id=\"i63ugq2b_NewsPostsView_i63ugq01201_NewsPosts_i63ugpzw200__0_0_18_0_image_1_proxy\" class=\"wp2\" title=\"PB117132.JPG\" data-exact-height=\"16\" data-content-padding-horizontal=\"0\" data-content-padding-vertical=\"0\">\n<div id=\"i63ugq2b_NewsPostsView_i63ugq01201_NewsPosts_i63ugpzw200__0_0_18_0_image_1_proxylink\" class=\"wp2link\">\n<div id=\"i63ugq2b_NewsPostsView_i63ugq01201_NewsPosts_i63ugpzw200__0_0_18_0_image_1_proxyimg\" class=\"wp2img\" data-style=\"\"><img decoding=\"async\" id=\"i63ugq2b_NewsPostsView_i63ugq01201_NewsPosts_i63ugpzw200__0_0_18_0_image_1_proxyimgimage\" src=\"https:\/\/static.wixstatic.com\/media\/2a6fc3_866e3040bc37469195846696b9cfb5c9.jpg\/v1\/fill\/w_270,h_180,al_c,q_80,usm_0.66_1.00_0.01\/2a6fc3_866e3040bc37469195846696b9cfb5c9.webp\" alt=\"\" data-type=\"image\" \/><\/div>\n<\/div>\n<\/div>\n<\/div>\n<\/div>\n<\/div>\n<\/div>\n<div id=\"i63ugq2b_NewsPostsView_i63ugq01201_NewsPosts_i63ugpzw200__0_0_18_0_leftToCenterSpacer_child\"><\/div>\n<div id=\"i63ugq2b_NewsPostsView_i63ugq01201_NewsPosts_i63ugpzw200__0_0_18_0_Center\" class=\"flex_display flex_vbox\">\n<div id=\"i63ugq2b_NewsPostsView_i63ugq01201_NewsPosts_i63ugpzw200__0_0_18_0_text_1\" class=\"\">\n<div id=\"i63ugq2b_NewsPostsView_i63ugq01201_NewsPosts_i63ugpzw200__0_0_18_0_text_1\" class=\"flex_display flex_vbox\">\n<div id=\"i63ugq2b_NewsPostsView_i63ugq01201_NewsPosts_i63ugpzw200__0_0_18_0_text_1_proxy\" class=\"s_usaAWRichTextClickableSkin\" data-packed=\"false\">\n<div id=\"i63ugq2b_NewsPostsView_i63ugq01201_NewsPosts_i63ugpzw200__0_0_18_0_text_1_proxyrichTextContainer\" class=\"s_usaAWRichTextClickableSkin_richTextContainer s_usaAWRichTextClickableSkinrichTextContainer\">\n<p class=\"font_6\"><strong><em>Magusto<\/em><\/strong><\/p>\n<\/div>\n<\/div>\n<\/div>\n<\/div>\n<div id=\"i63ugq2b_NewsPostsView_i63ugq01201_NewsPosts_i63ugpzw200__0_0_18_0_fld_hfnxgxqo\" class=\"\">\n<div id=\"i63ugq2b_NewsPostsView_i63ugq01201_NewsPosts_i63ugpzw200__0_0_18_0_fld_hfnxgxqo\" class=\" flex_vbox\">\n<div id=\"i63ugq2b_NewsPostsView_i63ugq01201_NewsPosts_i63ugpzw200__0_0_18_0_fld_hfnxgxqo_proxy\" class=\"s_usaAWRichTextClickableSkin\" data-packed=\"false\">\n<div id=\"i63ugq2b_NewsPostsView_i63ugq01201_NewsPosts_i63ugpzw200__0_0_18_0_fld_hfnxgxqo_proxyrichTextContainer\" class=\"s_usaAWRichTextClickableSkin_richTextContainer s_usaAWRichTextClickableSkinrichTextContainer\">\n<p class=\"font_9\"><strong><em>11 de novembro 2015<\/em><\/strong><\/p>\n<\/div>\n<\/div>\n<\/div>\n<\/div>\n<div id=\"i63ugq2b_NewsPostsView_i63ugq01201_NewsPosts_i63ugpzw200__0_0_18_0_fld_hfxs75de\" class=\"\">\n<div id=\"i63ugq2b_NewsPostsView_i63ugq01201_NewsPosts_i63ugpzw200__0_0_18_0_fld_hfxs75de\" class=\" flex_vbox\">\n<div id=\"i63ugq2b_NewsPostsView_i63ugq01201_NewsPosts_i63ugpzw200__0_0_18_0_fld_hfxs75de_proxy\" class=\"s_usaAWRichTextClickableSkin\" data-packed=\"false\">\n<div id=\"i63ugq2b_NewsPostsView_i63ugq01201_NewsPosts_i63ugpzw200__0_0_18_0_fld_hfxs75de_proxyrichTextContainer\" class=\"s_usaAWRichTextClickableSkin_richTextContainer s_usaAWRichTextClickableSkinrichTextContainer\">\n<p class=\"font_8\">Comemor\u00e1mos o Dia de S. Martinho com um conv\u00edvio intergeracional entre as crian\u00e7as e idosos das diversas respostas sociais.<\/p>\n<\/div>\n<\/div>\n<\/div>\n<\/div>\n<\/div>\n<div id=\"i63ugq2b_NewsPostsView_i63ugq01201_NewsPosts_i63ugpzw200__0_0_18_0_centerToRightSpacer_child\"><\/div>\n<div id=\"i63ugq2b_NewsPostsView_i63ugq01201_NewsPosts_i63ugpzw200__0_0_18_0_Right\" class=\" flex_vbox\"><\/div>\n<\/div>\n<div id=\"i63ugq2b_NewsPostsView_i63ugq01201_NewsPosts_i63ugpzw200__0_0_18_0_Bottom\" class=\" flex_vbox\"><\/div>\n<div id=\"i63ugq2b_NewsPostsView_i63ugq01201_NewsPosts_i63ugpzw200__0_0_18_0_bottomSpacer_child\"><\/div>\n<\/div>\n<\/div>\n<div id=\"i63ugq2b_NewsPostsView_i63ugq01201_Array__0_0_18_footerSpacer_child\"><\/div>\n<div id=\"i63ugq2b_NewsPostsView_i63ugq01201_Array__0_0_18_gutterLine\" class=\"hl1\">\n<div id=\"i63ugq2b_NewsPostsView_i63ugq01201_Array__0_0_18_gutterLineline\" class=\"hl1line\"><\/div>\n<\/div>\n<\/div>\n<div id=\"i63ugq2b_NewsPostsView_i63ugq01201_Array__0_0_19_positionInParent_default\" class=\" flex_vbox\">\n<div id=\"NewsPostsView_i63ugq01201_NewsPosts_i63ugpzw200__0_0_19\" class=\" \">\n<div id=\"i63ugq2b_NewsPostsView_i63ugq01201_NewsPosts_i63ugpzw200__0_0_19_0_def_0\" class=\" flex_vbox\">\n<div id=\"i63ugq2b_NewsPostsView_i63ugq01201_NewsPosts_i63ugpzw200__0_0_19_0_Top\" class=\" flex_vbox\"><\/div>\n<div id=\"i63ugq2b_NewsPostsView_i63ugq01201_NewsPosts_i63ugpzw200__0_0_19_0_topSpacer_child\"><\/div>\n<div id=\"i63ugq2b_NewsPostsView_i63ugq01201_NewsPosts_i63ugpzw200__0_0_19_0_def_3\" class=\"flex_display\">\n<div id=\"i63ugq2b_NewsPostsView_i63ugq01201_NewsPosts_i63ugpzw200__0_0_19_0_Left\" class=\" flex_vbox\">\n<div id=\"i63ugq2b_NewsPostsView_i63ugq01201_NewsPosts_i63ugpzw200__0_0_19_0_image_1\" class=\"\">\n<div id=\"i63ugq2b_NewsPostsView_i63ugq01201_NewsPosts_i63ugpzw200__0_0_19_0_image_1\" class=\"flex_display flex_vbox\">\n<div id=\"i63ugq2b_NewsPostsView_i63ugq01201_NewsPosts_i63ugpzw200__0_0_19_0_image_1_proxy_container\" data-proxy-name=\"Image\" data-width=\"3264\" data-height=\"2448\" data-uri=\"2a6fc3_a2db84c2fe0a45109ae22a1aa5781a47.jpg\" data-display-mode=\"fill\">\n<div id=\"i63ugq2b_NewsPostsView_i63ugq01201_NewsPosts_i63ugpzw200__0_0_19_0_image_1_proxy\" class=\"wp2\" title=\"DSCN0915.JPG\" data-exact-height=\"16\" data-content-padding-horizontal=\"0\" data-content-padding-vertical=\"0\">\n<div id=\"i63ugq2b_NewsPostsView_i63ugq01201_NewsPosts_i63ugpzw200__0_0_19_0_image_1_proxylink\" class=\"wp2link\">\n<div id=\"i63ugq2b_NewsPostsView_i63ugq01201_NewsPosts_i63ugpzw200__0_0_19_0_image_1_proxyimg\" class=\"wp2img\" data-style=\"\"><img decoding=\"async\" id=\"i63ugq2b_NewsPostsView_i63ugq01201_NewsPosts_i63ugpzw200__0_0_19_0_image_1_proxyimgimage\" src=\"https:\/\/static.wixstatic.com\/media\/2a6fc3_a2db84c2fe0a45109ae22a1aa5781a47.jpg\/v1\/fill\/w_270,h_180,al_c,q_80,usm_0.66_1.00_0.01\/2a6fc3_a2db84c2fe0a45109ae22a1aa5781a47.webp\" alt=\"\" data-type=\"image\" \/><\/div>\n<\/div>\n<\/div>\n<\/div>\n<\/div>\n<\/div>\n<\/div>\n<div id=\"i63ugq2b_NewsPostsView_i63ugq01201_NewsPosts_i63ugpzw200__0_0_19_0_leftToCenterSpacer_child\"><\/div>\n<div id=\"i63ugq2b_NewsPostsView_i63ugq01201_NewsPosts_i63ugpzw200__0_0_19_0_Center\" class=\"flex_display flex_vbox\">\n<div id=\"i63ugq2b_NewsPostsView_i63ugq01201_NewsPosts_i63ugpzw200__0_0_19_0_text_1\" class=\"\">\n<div id=\"i63ugq2b_NewsPostsView_i63ugq01201_NewsPosts_i63ugpzw200__0_0_19_0_text_1\" class=\"flex_display flex_vbox\">\n<div id=\"i63ugq2b_NewsPostsView_i63ugq01201_NewsPosts_i63ugpzw200__0_0_19_0_text_1_proxy\" class=\"s_usaAWRichTextClickableSkin\" data-packed=\"false\">\n<div id=\"i63ugq2b_NewsPostsView_i63ugq01201_NewsPosts_i63ugpzw200__0_0_19_0_text_1_proxyrichTextContainer\" class=\"s_usaAWRichTextClickableSkin_richTextContainer s_usaAWRichTextClickableSkinrichTextContainer\">\n<p class=\"font_6\"><strong><em>Halloween<\/em><\/strong><\/p>\n<\/div>\n<\/div>\n<\/div>\n<\/div>\n<div id=\"i63ugq2b_NewsPostsView_i63ugq01201_NewsPosts_i63ugpzw200__0_0_19_0_fld_hfnxgxqo\" class=\"\">\n<div id=\"i63ugq2b_NewsPostsView_i63ugq01201_NewsPosts_i63ugpzw200__0_0_19_0_fld_hfnxgxqo\" class=\" flex_vbox\">\n<div id=\"i63ugq2b_NewsPostsView_i63ugq01201_NewsPosts_i63ugpzw200__0_0_19_0_fld_hfnxgxqo_proxy\" class=\"s_usaAWRichTextClickableSkin\" data-packed=\"false\">\n<div id=\"i63ugq2b_NewsPostsView_i63ugq01201_NewsPosts_i63ugpzw200__0_0_19_0_fld_hfnxgxqo_proxyrichTextContainer\" class=\"s_usaAWRichTextClickableSkin_richTextContainer s_usaAWRichTextClickableSkinrichTextContainer\">\n<p class=\"font_9\"><strong><em>30 de outubro de 2015<\/em><\/strong><\/p>\n<\/div>\n<\/div>\n<\/div>\n<\/div>\n<div id=\"i63ugq2b_NewsPostsView_i63ugq01201_NewsPosts_i63ugpzw200__0_0_19_0_fld_hfxs75de\" class=\"\">\n<div id=\"i63ugq2b_NewsPostsView_i63ugq01201_NewsPosts_i63ugpzw200__0_0_19_0_fld_hfxs75de\" class=\" flex_vbox\">\n<div id=\"i63ugq2b_NewsPostsView_i63ugq01201_NewsPosts_i63ugpzw200__0_0_19_0_fld_hfxs75de_proxy\" class=\"s_usaAWRichTextClickableSkin\" data-packed=\"false\">\n<div id=\"i63ugq2b_NewsPostsView_i63ugq01201_NewsPosts_i63ugpzw200__0_0_19_0_fld_hfxs75de_proxyrichTextContainer\" class=\"s_usaAWRichTextClickableSkin_richTextContainer s_usaAWRichTextClickableSkinrichTextContainer\">\n<p class=\"font_8\">Celebr\u00e1mos o Halloween com doces e travessuras, muito bem acompanhados por bruxas, vampiros, fantasmas, monstros e outras criaturas. No baile participaram crian\u00e7as e idosos das diferentes respostas sociais, numa tarde animada e com boa disposi\u00e7\u00e3o. Termin\u00e1mos com um belo lanche de cachorros e pipocas.<\/p>\n<\/div>\n<\/div>\n<\/div>\n<\/div>\n<\/div>\n<div id=\"i63ugq2b_NewsPostsView_i63ugq01201_NewsPosts_i63ugpzw200__0_0_19_0_centerToRightSpacer_child\"><\/div>\n<div id=\"i63ugq2b_NewsPostsView_i63ugq01201_NewsPosts_i63ugpzw200__0_0_19_0_Right\" class=\" flex_vbox\"><\/div>\n<\/div>\n<div id=\"i63ugq2b_NewsPostsView_i63ugq01201_NewsPosts_i63ugpzw200__0_0_19_0_Bottom\" class=\" flex_vbox\"><\/div>\n<div id=\"i63ugq2b_NewsPostsView_i63ugq01201_NewsPosts_i63ugpzw200__0_0_19_0_bottomSpacer_child\"><\/div>\n<\/div>\n<\/div>\n<div id=\"i63ugq2b_NewsPostsView_i63ugq01201_Array__0_0_19_footerSpacer_child\"><\/div>\n<div id=\"i63ugq2b_NewsPostsView_i63ugq01201_Array__0_0_19_gutterLine\" class=\"hl1\">\n<div id=\"i63ugq2b_NewsPostsView_i63ugq01201_Array__0_0_19_gutterLineline\" class=\"hl1line\"><\/div>\n<\/div>\n<\/div>\n<div id=\"i63ugq2b_NewsPostsView_i63ugq01201_Array__0_0_20_positionInParent_default\" class=\" flex_vbox\">\n<div id=\"NewsPostsView_i63ugq01201_NewsPosts_i63ugpzw200__0_0_20\" class=\" \">\n<div id=\"i63ugq2b_NewsPostsView_i63ugq01201_NewsPosts_i63ugpzw200__0_0_20_0_def_0\" class=\" flex_vbox\">\n<div id=\"i63ugq2b_NewsPostsView_i63ugq01201_NewsPosts_i63ugpzw200__0_0_20_0_Top\" class=\" flex_vbox\"><\/div>\n<div id=\"i63ugq2b_NewsPostsView_i63ugq01201_NewsPosts_i63ugpzw200__0_0_20_0_topSpacer_child\"><\/div>\n<div id=\"i63ugq2b_NewsPostsView_i63ugq01201_NewsPosts_i63ugpzw200__0_0_20_0_def_3\" class=\"flex_display\">\n<div id=\"i63ugq2b_NewsPostsView_i63ugq01201_NewsPosts_i63ugpzw200__0_0_20_0_Left\" class=\" flex_vbox\">\n<div id=\"i63ugq2b_NewsPostsView_i63ugq01201_NewsPosts_i63ugpzw200__0_0_20_0_image_1\" class=\"\">\n<div id=\"i63ugq2b_NewsPostsView_i63ugq01201_NewsPosts_i63ugpzw200__0_0_20_0_image_1\" class=\"flex_display flex_vbox\">\n<div id=\"i63ugq2b_NewsPostsView_i63ugq01201_NewsPosts_i63ugpzw200__0_0_20_0_image_1_proxy_container\" data-proxy-name=\"Image\" data-width=\"3264\" data-height=\"2448\" data-uri=\"2a6fc3_c2dc4786c3474ecca730e1854fe6d653.jpg\" data-display-mode=\"fill\">\n<div id=\"i63ugq2b_NewsPostsView_i63ugq01201_NewsPosts_i63ugpzw200__0_0_20_0_image_1_proxy\" class=\"wp2\" title=\"DSCN0473.JPG\" data-exact-height=\"16\" data-content-padding-horizontal=\"0\" data-content-padding-vertical=\"0\">\n<div id=\"i63ugq2b_NewsPostsView_i63ugq01201_NewsPosts_i63ugpzw200__0_0_20_0_image_1_proxylink\" class=\"wp2link\">\n<div id=\"i63ugq2b_NewsPostsView_i63ugq01201_NewsPosts_i63ugpzw200__0_0_20_0_image_1_proxyimg\" class=\"wp2img\" data-style=\"\"><img decoding=\"async\" id=\"i63ugq2b_NewsPostsView_i63ugq01201_NewsPosts_i63ugpzw200__0_0_20_0_image_1_proxyimgimage\" src=\"https:\/\/static.wixstatic.com\/media\/2a6fc3_c2dc4786c3474ecca730e1854fe6d653.jpg\/v1\/fill\/w_270,h_180,al_c,q_80,usm_0.66_1.00_0.01\/2a6fc3_c2dc4786c3474ecca730e1854fe6d653.webp\" alt=\"\" data-type=\"image\" \/><\/div>\n<\/div>\n<\/div>\n<\/div>\n<\/div>\n<\/div>\n<\/div>\n<div id=\"i63ugq2b_NewsPostsView_i63ugq01201_NewsPosts_i63ugpzw200__0_0_20_0_leftToCenterSpacer_child\"><\/div>\n<div id=\"i63ugq2b_NewsPostsView_i63ugq01201_NewsPosts_i63ugpzw200__0_0_20_0_Center\" class=\"flex_display flex_vbox\">\n<div id=\"i63ugq2b_NewsPostsView_i63ugq01201_NewsPosts_i63ugpzw200__0_0_20_0_text_1\" class=\"\">\n<div id=\"i63ugq2b_NewsPostsView_i63ugq01201_NewsPosts_i63ugpzw200__0_0_20_0_text_1\" class=\"flex_display flex_vbox\">\n<div id=\"i63ugq2b_NewsPostsView_i63ugq01201_NewsPosts_i63ugpzw200__0_0_20_0_text_1_proxy\" class=\"s_usaAWRichTextClickableSkin\" data-packed=\"false\">\n<div id=\"i63ugq2b_NewsPostsView_i63ugq01201_NewsPosts_i63ugpzw200__0_0_20_0_text_1_proxyrichTextContainer\" class=\"s_usaAWRichTextClickableSkin_richTextContainer s_usaAWRichTextClickableSkinrichTextContainer\">\n<p class=\"font_6\"><strong><em>Prociss\u00e3o das Velas<\/em><\/strong><\/p>\n<\/div>\n<\/div>\n<\/div>\n<\/div>\n<div id=\"i63ugq2b_NewsPostsView_i63ugq01201_NewsPosts_i63ugpzw200__0_0_20_0_fld_hfnxgxqo\" class=\"\">\n<div id=\"i63ugq2b_NewsPostsView_i63ugq01201_NewsPosts_i63ugpzw200__0_0_20_0_fld_hfnxgxqo\" class=\" flex_vbox\">\n<div id=\"i63ugq2b_NewsPostsView_i63ugq01201_NewsPosts_i63ugpzw200__0_0_20_0_fld_hfnxgxqo_proxy\" class=\"s_usaAWRichTextClickableSkin\" data-packed=\"false\">\n<div id=\"i63ugq2b_NewsPostsView_i63ugq01201_NewsPosts_i63ugpzw200__0_0_20_0_fld_hfnxgxqo_proxyrichTextContainer\" class=\"s_usaAWRichTextClickableSkin_richTextContainer s_usaAWRichTextClickableSkinrichTextContainer\">\n<p class=\"font_9\"><strong><em>12\/13 de outubro de 2015<\/em><\/strong><\/p>\n<\/div>\n<\/div>\n<\/div>\n<\/div>\n<div id=\"i63ugq2b_NewsPostsView_i63ugq01201_NewsPosts_i63ugpzw200__0_0_20_0_fld_hfxs75de\" class=\"\">\n<div id=\"i63ugq2b_NewsPostsView_i63ugq01201_NewsPosts_i63ugpzw200__0_0_20_0_fld_hfxs75de\" class=\" flex_vbox\">\n<div id=\"i63ugq2b_NewsPostsView_i63ugq01201_NewsPosts_i63ugpzw200__0_0_20_0_fld_hfxs75de_proxy\" class=\"s_usaAWRichTextClickableSkin\" data-packed=\"false\">\n<div id=\"i63ugq2b_NewsPostsView_i63ugq01201_NewsPosts_i63ugpzw200__0_0_20_0_fld_hfxs75de_proxyrichTextContainer\" class=\"s_usaAWRichTextClickableSkin_richTextContainer s_usaAWRichTextClickableSkinrichTextContainer\">\n<p class=\"font_8\">No\u00a0dia 12 de outubro a Associa\u00e7\u00e3o de Samuel organizou mais\u00a0uma visita ao Santu\u00e1rio de F\u00e1tima, onde os participantes puderam assistir \u00e0 Prociss\u00e3o das Velas e \u00e0 Missa.<\/p>\n<\/div>\n<\/div>\n<\/div>\n<\/div>\n<\/div>\n<div id=\"i63ugq2b_NewsPostsView_i63ugq01201_NewsPosts_i63ugpzw200__0_0_20_0_centerToRightSpacer_child\"><\/div>\n<div id=\"i63ugq2b_NewsPostsView_i63ugq01201_NewsPosts_i63ugpzw200__0_0_20_0_Right\" class=\" flex_vbox\"><\/div>\n<\/div>\n<div id=\"i63ugq2b_NewsPostsView_i63ugq01201_NewsPosts_i63ugpzw200__0_0_20_0_Bottom\" class=\" flex_vbox\"><\/div>\n<div id=\"i63ugq2b_NewsPostsView_i63ugq01201_NewsPosts_i63ugpzw200__0_0_20_0_bottomSpacer_child\"><\/div>\n<\/div>\n<\/div>\n<div id=\"i63ugq2b_NewsPostsView_i63ugq01201_Array__0_0_20_footerSpacer_child\"><\/div>\n<div id=\"i63ugq2b_NewsPostsView_i63ugq01201_Array__0_0_20_gutterLine\" class=\"hl1\">\n<div id=\"i63ugq2b_NewsPostsView_i63ugq01201_Array__0_0_20_gutterLineline\" class=\"hl1line\"><\/div>\n<\/div>\n<\/div>\n<div id=\"i63ugq2b_NewsPostsView_i63ugq01201_Array__0_0_21_positionInParent_default\" class=\" flex_vbox\">\n<div id=\"NewsPostsView_i63ugq01201_NewsPosts_i63ugpzw200__0_0_21\" class=\" \">\n<div id=\"i63ugq2b_NewsPostsView_i63ugq01201_NewsPosts_i63ugpzw200__0_0_21_0_def_0\" class=\" flex_vbox\">\n<div id=\"i63ugq2b_NewsPostsView_i63ugq01201_NewsPosts_i63ugpzw200__0_0_21_0_Top\" class=\" flex_vbox\"><\/div>\n<div id=\"i63ugq2b_NewsPostsView_i63ugq01201_NewsPosts_i63ugpzw200__0_0_21_0_topSpacer_child\"><\/div>\n<div id=\"i63ugq2b_NewsPostsView_i63ugq01201_NewsPosts_i63ugpzw200__0_0_21_0_def_3\" class=\"flex_display\">\n<div id=\"i63ugq2b_NewsPostsView_i63ugq01201_NewsPosts_i63ugpzw200__0_0_21_0_Left\" class=\" flex_vbox\">\n<div id=\"i63ugq2b_NewsPostsView_i63ugq01201_NewsPosts_i63ugpzw200__0_0_21_0_image_1\" class=\"\">\n<div id=\"i63ugq2b_NewsPostsView_i63ugq01201_NewsPosts_i63ugpzw200__0_0_21_0_image_1\" class=\"flex_display flex_vbox\">\n<div id=\"i63ugq2b_NewsPostsView_i63ugq01201_NewsPosts_i63ugpzw200__0_0_21_0_image_1_proxy_container\" data-proxy-name=\"Image\" data-width=\"3648\" data-height=\"2736\" data-uri=\"2a6fc3_51c3df42454d4e9382335ff4b0b2d6df.jpg\" data-display-mode=\"fill\">\n<div id=\"i63ugq2b_NewsPostsView_i63ugq01201_NewsPosts_i63ugpzw200__0_0_21_0_image_1_proxy\" class=\"wp2\" title=\"PA016896.JPG\" data-exact-height=\"16\" data-content-padding-horizontal=\"0\" data-content-padding-vertical=\"0\">\n<div id=\"i63ugq2b_NewsPostsView_i63ugq01201_NewsPosts_i63ugpzw200__0_0_21_0_image_1_proxylink\" class=\"wp2link\">\n<div id=\"i63ugq2b_NewsPostsView_i63ugq01201_NewsPosts_i63ugpzw200__0_0_21_0_image_1_proxyimg\" class=\"wp2img\" data-style=\"\"><img decoding=\"async\" id=\"i63ugq2b_NewsPostsView_i63ugq01201_NewsPosts_i63ugpzw200__0_0_21_0_image_1_proxyimgimage\" src=\"https:\/\/static.wixstatic.com\/media\/2a6fc3_51c3df42454d4e9382335ff4b0b2d6df.jpg\/v1\/fill\/w_270,h_180,al_c,q_80,usm_0.66_1.00_0.01\/2a6fc3_51c3df42454d4e9382335ff4b0b2d6df.webp\" alt=\"\" data-type=\"image\" \/><\/div>\n<\/div>\n<\/div>\n<\/div>\n<\/div>\n<\/div>\n<\/div>\n<div id=\"i63ugq2b_NewsPostsView_i63ugq01201_NewsPosts_i63ugpzw200__0_0_21_0_leftToCenterSpacer_child\"><\/div>\n<div id=\"i63ugq2b_NewsPostsView_i63ugq01201_NewsPosts_i63ugpzw200__0_0_21_0_Center\" class=\"flex_display flex_vbox\">\n<div id=\"i63ugq2b_NewsPostsView_i63ugq01201_NewsPosts_i63ugpzw200__0_0_21_0_text_1\" class=\"\">\n<div id=\"i63ugq2b_NewsPostsView_i63ugq01201_NewsPosts_i63ugpzw200__0_0_21_0_text_1\" class=\"flex_display flex_vbox\">\n<div id=\"i63ugq2b_NewsPostsView_i63ugq01201_NewsPosts_i63ugpzw200__0_0_21_0_text_1_proxy\" class=\"s_usaAWRichTextClickableSkin\" data-packed=\"false\">\n<div id=\"i63ugq2b_NewsPostsView_i63ugq01201_NewsPosts_i63ugpzw200__0_0_21_0_text_1_proxyrichTextContainer\" class=\"s_usaAWRichTextClickableSkin_richTextContainer s_usaAWRichTextClickableSkinrichTextContainer\">\n<p class=\"font_6\"><strong><em>Dia Internacional do Idoso<\/em><\/strong><\/p>\n<\/div>\n<\/div>\n<\/div>\n<\/div>\n<div id=\"i63ugq2b_NewsPostsView_i63ugq01201_NewsPosts_i63ugpzw200__0_0_21_0_fld_hfnxgxqo\" class=\"\">\n<div id=\"i63ugq2b_NewsPostsView_i63ugq01201_NewsPosts_i63ugpzw200__0_0_21_0_fld_hfnxgxqo\" class=\" flex_vbox\">\n<div id=\"i63ugq2b_NewsPostsView_i63ugq01201_NewsPosts_i63ugpzw200__0_0_21_0_fld_hfnxgxqo_proxy\" class=\"s_usaAWRichTextClickableSkin\" data-packed=\"false\">\n<div id=\"i63ugq2b_NewsPostsView_i63ugq01201_NewsPosts_i63ugpzw200__0_0_21_0_fld_hfnxgxqo_proxyrichTextContainer\" class=\"s_usaAWRichTextClickableSkin_richTextContainer s_usaAWRichTextClickableSkinrichTextContainer\">\n<p class=\"font_9\"><strong><em>01 de outubro de 2015<\/em><\/strong><\/p>\n<\/div>\n<\/div>\n<\/div>\n<\/div>\n<div id=\"i63ugq2b_NewsPostsView_i63ugq01201_NewsPosts_i63ugpzw200__0_0_21_0_fld_hfxs75de\" class=\"\">\n<div id=\"i63ugq2b_NewsPostsView_i63ugq01201_NewsPosts_i63ugpzw200__0_0_21_0_fld_hfxs75de\" class=\" flex_vbox\">\n<div id=\"i63ugq2b_NewsPostsView_i63ugq01201_NewsPosts_i63ugpzw200__0_0_21_0_fld_hfxs75de_proxy\" class=\"s_usaAWRichTextClickableSkin\" data-packed=\"false\">\n<div id=\"i63ugq2b_NewsPostsView_i63ugq01201_NewsPosts_i63ugpzw200__0_0_21_0_fld_hfxs75de_proxyrichTextContainer\" class=\"s_usaAWRichTextClickableSkin_richTextContainer s_usaAWRichTextClickableSkinrichTextContainer\">\n<p class=\"font_9\">O Dia Internacional do Idoso \u00e9 comemorado anualmente a\u00a01 de outubro.<\/p>\n<p class=\"font_9\">Este dia foi institu\u00eddo em 1991 pela (ONU) Organiza\u00e7\u00e3o das Na\u00e7\u00f5es Unidas e tem como objetivo sensibilizar a sociedade para as quest\u00f5es do envelhecimento e da necessidade de proteger e cuidar a popula\u00e7\u00e3o mais idosa. Para assinalar este Dia as crian\u00e7as das respostas sociais da inf\u00e2ncia foram entregar uma lembran\u00e7a a todos os idosos da Institui\u00e7\u00e3o.<\/p>\n<\/div>\n<\/div>\n<\/div>\n<\/div>\n<\/div>\n<div id=\"i63ugq2b_NewsPostsView_i63ugq01201_NewsPosts_i63ugpzw200__0_0_21_0_centerToRightSpacer_child\"><\/div>\n<div id=\"i63ugq2b_NewsPostsView_i63ugq01201_NewsPosts_i63ugpzw200__0_0_21_0_Right\" class=\" flex_vbox\"><\/div>\n<\/div>\n<div id=\"i63ugq2b_NewsPostsView_i63ugq01201_NewsPosts_i63ugpzw200__0_0_21_0_Bottom\" class=\" flex_vbox\"><\/div>\n<div id=\"i63ugq2b_NewsPostsView_i63ugq01201_NewsPosts_i63ugpzw200__0_0_21_0_bottomSpacer_child\"><\/div>\n<\/div>\n<\/div>\n<div id=\"i63ugq2b_NewsPostsView_i63ugq01201_Array__0_0_21_footerSpacer_child\"><\/div>\n<div id=\"i63ugq2b_NewsPostsView_i63ugq01201_Array__0_0_21_gutterLine\" class=\"hl1\">\n<div id=\"i63ugq2b_NewsPostsView_i63ugq01201_Array__0_0_21_gutterLineline\" class=\"hl1line\"><\/div>\n<\/div>\n<\/div>\n<div id=\"i63ugq2b_NewsPostsView_i63ugq01201_Array__0_0_22_positionInParent_default\" class=\" flex_vbox\">\n<div id=\"NewsPostsView_i63ugq01201_NewsPosts_i63ugpzw200__0_0_22\" class=\" \">\n<div id=\"i63ugq2b_NewsPostsView_i63ugq01201_NewsPosts_i63ugpzw200__0_0_22_0_def_0\" class=\" flex_vbox\">\n<div id=\"i63ugq2b_NewsPostsView_i63ugq01201_NewsPosts_i63ugpzw200__0_0_22_0_Top\" class=\" flex_vbox\"><\/div>\n<div id=\"i63ugq2b_NewsPostsView_i63ugq01201_NewsPosts_i63ugpzw200__0_0_22_0_topSpacer_child\"><\/div>\n<div id=\"i63ugq2b_NewsPostsView_i63ugq01201_NewsPosts_i63ugpzw200__0_0_22_0_def_3\" class=\"flex_display\">\n<div id=\"i63ugq2b_NewsPostsView_i63ugq01201_NewsPosts_i63ugpzw200__0_0_22_0_Left\" class=\" flex_vbox\">\n<div id=\"i63ugq2b_NewsPostsView_i63ugq01201_NewsPosts_i63ugpzw200__0_0_22_0_image_1\" class=\"\">\n<div id=\"i63ugq2b_NewsPostsView_i63ugq01201_NewsPosts_i63ugpzw200__0_0_22_0_image_1\" class=\"flex_display flex_vbox\">\n<div id=\"i63ugq2b_NewsPostsView_i63ugq01201_NewsPosts_i63ugpzw200__0_0_22_0_image_1_proxy_container\" data-proxy-name=\"Image\" data-width=\"3648\" data-height=\"2736\" data-uri=\"2a6fc3_92abd577904e4446aa8efed76c956819.jpg\" data-display-mode=\"fill\">\n<div id=\"i63ugq2b_NewsPostsView_i63ugq01201_NewsPosts_i63ugpzw200__0_0_22_0_image_1_proxy\" class=\"wp2\" title=\"P8286509.JPG\" data-exact-height=\"16\" data-content-padding-horizontal=\"0\" data-content-padding-vertical=\"0\">\n<div id=\"i63ugq2b_NewsPostsView_i63ugq01201_NewsPosts_i63ugpzw200__0_0_22_0_image_1_proxylink\" class=\"wp2link\">\n<div id=\"i63ugq2b_NewsPostsView_i63ugq01201_NewsPosts_i63ugpzw200__0_0_22_0_image_1_proxyimg\" class=\"wp2img\" data-style=\"\"><img decoding=\"async\" id=\"i63ugq2b_NewsPostsView_i63ugq01201_NewsPosts_i63ugpzw200__0_0_22_0_image_1_proxyimgimage\" src=\"https:\/\/static.wixstatic.com\/media\/2a6fc3_92abd577904e4446aa8efed76c956819.jpg\/v1\/fill\/w_270,h_180,al_c,q_80,usm_0.66_1.00_0.01\/2a6fc3_92abd577904e4446aa8efed76c956819.webp\" alt=\"\" data-type=\"image\" \/><\/div>\n<\/div>\n<\/div>\n<\/div>\n<\/div>\n<\/div>\n<\/div>\n<div id=\"i63ugq2b_NewsPostsView_i63ugq01201_NewsPosts_i63ugpzw200__0_0_22_0_leftToCenterSpacer_child\"><\/div>\n<div id=\"i63ugq2b_NewsPostsView_i63ugq01201_NewsPosts_i63ugpzw200__0_0_22_0_Center\" class=\"flex_display flex_vbox\">\n<div id=\"i63ugq2b_NewsPostsView_i63ugq01201_NewsPosts_i63ugpzw200__0_0_22_0_text_1\" class=\"\">\n<div id=\"i63ugq2b_NewsPostsView_i63ugq01201_NewsPosts_i63ugpzw200__0_0_22_0_text_1\" class=\"flex_display flex_vbox\">\n<div id=\"i63ugq2b_NewsPostsView_i63ugq01201_NewsPosts_i63ugpzw200__0_0_22_0_text_1_proxy\" class=\"s_usaAWRichTextClickableSkin\" data-packed=\"false\">\n<div id=\"i63ugq2b_NewsPostsView_i63ugq01201_NewsPosts_i63ugpzw200__0_0_22_0_text_1_proxyrichTextContainer\" class=\"s_usaAWRichTextClickableSkin_richTextContainer s_usaAWRichTextClickableSkinrichTextContainer\">\n<p class=\"font_6\"><strong><em>Passeio a Aveiro<\/em><\/strong><\/p>\n<\/div>\n<\/div>\n<\/div>\n<\/div>\n<div id=\"i63ugq2b_NewsPostsView_i63ugq01201_NewsPosts_i63ugpzw200__0_0_22_0_fld_hfnxgxqo\" class=\"\">\n<div id=\"i63ugq2b_NewsPostsView_i63ugq01201_NewsPosts_i63ugpzw200__0_0_22_0_fld_hfnxgxqo\" class=\" flex_vbox\">\n<div id=\"i63ugq2b_NewsPostsView_i63ugq01201_NewsPosts_i63ugpzw200__0_0_22_0_fld_hfnxgxqo_proxy\" class=\"s_usaAWRichTextClickableSkin\" data-packed=\"false\">\n<div id=\"i63ugq2b_NewsPostsView_i63ugq01201_NewsPosts_i63ugpzw200__0_0_22_0_fld_hfnxgxqo_proxyrichTextContainer\" class=\"s_usaAWRichTextClickableSkin_richTextContainer s_usaAWRichTextClickableSkinrichTextContainer\">\n<p class=\"font_9\"><strong><em>28 de agosto de 2015<\/em><\/strong><\/p>\n<\/div>\n<\/div>\n<\/div>\n<\/div>\n<div id=\"i63ugq2b_NewsPostsView_i63ugq01201_NewsPosts_i63ugpzw200__0_0_22_0_fld_hfxs75de\" class=\"\">\n<div id=\"i63ugq2b_NewsPostsView_i63ugq01201_NewsPosts_i63ugpzw200__0_0_22_0_fld_hfxs75de\" class=\" flex_vbox\">\n<div id=\"i63ugq2b_NewsPostsView_i63ugq01201_NewsPosts_i63ugpzw200__0_0_22_0_fld_hfxs75de_proxy\" class=\"s_usaAWRichTextClickableSkin\" data-packed=\"false\">\n<div id=\"i63ugq2b_NewsPostsView_i63ugq01201_NewsPosts_i63ugpzw200__0_0_22_0_fld_hfxs75de_proxyrichTextContainer\" class=\"s_usaAWRichTextClickableSkin_richTextContainer s_usaAWRichTextClickableSkinrichTextContainer\">\n<p class=\"font_8\">Aveiro foi o destino escolhido para mais um passeio de ver\u00e3o! Fizemos o passeio na Ria de Aveiro num barco moliceiro, almo\u00e7\u00e1mos no Jardim Oudinot, na Gafanha da Nazar\u00e9 e encerr\u00e1mos o dia com uma visita ao Museu Mar\u00edtimo de \u00cdlhavo.<\/p>\n<\/div>\n<\/div>\n<\/div>\n<\/div>\n<\/div>\n<div id=\"i63ugq2b_NewsPostsView_i63ugq01201_NewsPosts_i63ugpzw200__0_0_22_0_centerToRightSpacer_child\"><\/div>\n<div id=\"i63ugq2b_NewsPostsView_i63ugq01201_NewsPosts_i63ugpzw200__0_0_22_0_Right\" class=\" flex_vbox\"><\/div>\n<\/div>\n<div id=\"i63ugq2b_NewsPostsView_i63ugq01201_NewsPosts_i63ugpzw200__0_0_22_0_Bottom\" class=\" flex_vbox\"><\/div>\n<div id=\"i63ugq2b_NewsPostsView_i63ugq01201_NewsPosts_i63ugpzw200__0_0_22_0_bottomSpacer_child\"><\/div>\n<\/div>\n<\/div>\n<div id=\"i63ugq2b_NewsPostsView_i63ugq01201_Array__0_0_22_footerSpacer_child\"><\/div>\n<div id=\"i63ugq2b_NewsPostsView_i63ugq01201_Array__0_0_22_gutterLine\" class=\"hl1\">\n<div id=\"i63ugq2b_NewsPostsView_i63ugq01201_Array__0_0_22_gutterLineline\" class=\"hl1line\"><\/div>\n<\/div>\n<\/div>\n<div id=\"i63ugq2b_NewsPostsView_i63ugq01201_Array__0_0_23_positionInParent_default\" class=\" flex_vbox\">\n<div id=\"NewsPostsView_i63ugq01201_NewsPosts_i63ugpzw200__0_0_23\" class=\" \">\n<div id=\"i63ugq2b_NewsPostsView_i63ugq01201_NewsPosts_i63ugpzw200__0_0_23_0_def_0\" class=\" flex_vbox\">\n<div id=\"i63ugq2b_NewsPostsView_i63ugq01201_NewsPosts_i63ugpzw200__0_0_23_0_Top\" class=\" flex_vbox\"><\/div>\n<div id=\"i63ugq2b_NewsPostsView_i63ugq01201_NewsPosts_i63ugpzw200__0_0_23_0_topSpacer_child\"><\/div>\n<div id=\"i63ugq2b_NewsPostsView_i63ugq01201_NewsPosts_i63ugpzw200__0_0_23_0_def_3\" class=\"flex_display\">\n<div id=\"i63ugq2b_NewsPostsView_i63ugq01201_NewsPosts_i63ugpzw200__0_0_23_0_Left\" class=\" flex_vbox\">\n<div id=\"i63ugq2b_NewsPostsView_i63ugq01201_NewsPosts_i63ugpzw200__0_0_23_0_image_1\" class=\"\">\n<div id=\"i63ugq2b_NewsPostsView_i63ugq01201_NewsPosts_i63ugpzw200__0_0_23_0_image_1\" class=\"flex_display flex_vbox\">\n<div id=\"i63ugq2b_NewsPostsView_i63ugq01201_NewsPosts_i63ugpzw200__0_0_23_0_image_1_proxy_container\" data-proxy-name=\"Image\" data-width=\"3160\" data-height=\"2272\" data-uri=\"2a6fc3_61a06d4dd4104cca92114eacb602ef16.jpg\" data-display-mode=\"fill\">\n<div id=\"i63ugq2b_NewsPostsView_i63ugq01201_NewsPosts_i63ugpzw200__0_0_23_0_image_1_proxy\" class=\"wp2\" title=\"IMG_20150819_153643.jpg\" data-exact-height=\"16\" data-content-padding-horizontal=\"0\" data-content-padding-vertical=\"0\">\n<div id=\"i63ugq2b_NewsPostsView_i63ugq01201_NewsPosts_i63ugpzw200__0_0_23_0_image_1_proxylink\" class=\"wp2link\">\n<div id=\"i63ugq2b_NewsPostsView_i63ugq01201_NewsPosts_i63ugpzw200__0_0_23_0_image_1_proxyimg\" class=\"wp2img\" data-style=\"\"><img decoding=\"async\" id=\"i63ugq2b_NewsPostsView_i63ugq01201_NewsPosts_i63ugpzw200__0_0_23_0_image_1_proxyimgimage\" src=\"https:\/\/static.wixstatic.com\/media\/2a6fc3_61a06d4dd4104cca92114eacb602ef16.jpg\/v1\/fill\/w_270,h_180,al_c,q_80,usm_0.66_1.00_0.01\/2a6fc3_61a06d4dd4104cca92114eacb602ef16.webp\" alt=\"\" data-type=\"image\" \/><\/div>\n<\/div>\n<\/div>\n<\/div>\n<\/div>\n<\/div>\n<\/div>\n<div id=\"i63ugq2b_NewsPostsView_i63ugq01201_NewsPosts_i63ugpzw200__0_0_23_0_leftToCenterSpacer_child\"><\/div>\n<div id=\"i63ugq2b_NewsPostsView_i63ugq01201_NewsPosts_i63ugpzw200__0_0_23_0_Center\" class=\"flex_display flex_vbox\">\n<div id=\"i63ugq2b_NewsPostsView_i63ugq01201_NewsPosts_i63ugpzw200__0_0_23_0_text_1\" class=\"\">\n<div id=\"i63ugq2b_NewsPostsView_i63ugq01201_NewsPosts_i63ugpzw200__0_0_23_0_text_1\" class=\"flex_display flex_vbox\">\n<div id=\"i63ugq2b_NewsPostsView_i63ugq01201_NewsPosts_i63ugpzw200__0_0_23_0_text_1_proxy\" class=\"s_usaAWRichTextClickableSkin\" data-packed=\"false\">\n<div id=\"i63ugq2b_NewsPostsView_i63ugq01201_NewsPosts_i63ugpzw200__0_0_23_0_text_1_proxyrichTextContainer\" class=\"s_usaAWRichTextClickableSkin_richTextContainer s_usaAWRichTextClickableSkinrichTextContainer\">\n<p class=\"font_6\"><strong><em>Passeio \u00e0 Figueira da Foz<\/em><\/strong><\/p>\n<\/div>\n<\/div>\n<\/div>\n<\/div>\n<div id=\"i63ugq2b_NewsPostsView_i63ugq01201_NewsPosts_i63ugpzw200__0_0_23_0_fld_hfnxgxqo\" class=\"\">\n<div id=\"i63ugq2b_NewsPostsView_i63ugq01201_NewsPosts_i63ugpzw200__0_0_23_0_fld_hfnxgxqo\" class=\" flex_vbox\">\n<div id=\"i63ugq2b_NewsPostsView_i63ugq01201_NewsPosts_i63ugpzw200__0_0_23_0_fld_hfnxgxqo_proxy\" class=\"s_usaAWRichTextClickableSkin\" data-packed=\"false\">\n<div id=\"i63ugq2b_NewsPostsView_i63ugq01201_NewsPosts_i63ugpzw200__0_0_23_0_fld_hfnxgxqo_proxyrichTextContainer\" class=\"s_usaAWRichTextClickableSkin_richTextContainer s_usaAWRichTextClickableSkinrichTextContainer\">\n<p class=\"font_9\"><strong><em>21 de agosto de 2015<\/em><\/strong><\/p>\n<\/div>\n<\/div>\n<\/div>\n<\/div>\n<div id=\"i63ugq2b_NewsPostsView_i63ugq01201_NewsPosts_i63ugpzw200__0_0_23_0_fld_hfxs75de\" class=\"\">\n<div id=\"i63ugq2b_NewsPostsView_i63ugq01201_NewsPosts_i63ugpzw200__0_0_23_0_fld_hfxs75de\" class=\" flex_vbox\">\n<div id=\"i63ugq2b_NewsPostsView_i63ugq01201_NewsPosts_i63ugpzw200__0_0_23_0_fld_hfxs75de_proxy\" class=\"s_usaAWRichTextClickableSkin\" data-packed=\"false\">\n<div id=\"i63ugq2b_NewsPostsView_i63ugq01201_NewsPosts_i63ugpzw200__0_0_23_0_fld_hfxs75de_proxyrichTextContainer\" class=\"s_usaAWRichTextClickableSkin_richTextContainer s_usaAWRichTextClickableSkinrichTextContainer\">\n<p class=\"font_8\">Mais um passeio! Fomos ao Mercado Municipal Engenheiro Silva da Figueira da Foz, passe\u00e1mos em Buarcos e almo\u00e7\u00e1mos no Parque de Merendas da Gala. De tarde, depois do merecido gelado rum\u00e1mos ao \u201cPedarium\u201d no N\u00facleo Museol\u00f3gico do Sal nos Armaz\u00e9ns de Lavos e repous\u00e1mos os p\u00e9s na \u00e1gua morna salgada.<\/p>\n<\/div>\n<\/div>\n<\/div>\n<\/div>\n<\/div>\n<div id=\"i63ugq2b_NewsPostsView_i63ugq01201_NewsPosts_i63ugpzw200__0_0_23_0_centerToRightSpacer_child\"><\/div>\n<div id=\"i63ugq2b_NewsPostsView_i63ugq01201_NewsPosts_i63ugpzw200__0_0_23_0_Right\" class=\" flex_vbox\"><\/div>\n<\/div>\n<div id=\"i63ugq2b_NewsPostsView_i63ugq01201_NewsPosts_i63ugpzw200__0_0_23_0_Bottom\" class=\" flex_vbox\"><\/div>\n<div id=\"i63ugq2b_NewsPostsView_i63ugq01201_NewsPosts_i63ugpzw200__0_0_23_0_bottomSpacer_child\"><\/div>\n<\/div>\n<\/div>\n<div id=\"i63ugq2b_NewsPostsView_i63ugq01201_Array__0_0_23_footerSpacer_child\"><\/div>\n<div id=\"i63ugq2b_NewsPostsView_i63ugq01201_Array__0_0_23_gutterLine\" class=\"hl1\">\n<div id=\"i63ugq2b_NewsPostsView_i63ugq01201_Array__0_0_23_gutterLineline\" class=\"hl1line\"><\/div>\n<\/div>\n<\/div>\n<div id=\"i63ugq2b_NewsPostsView_i63ugq01201_Array__0_0_24_positionInParent_default\" class=\" flex_vbox\">\n<div id=\"NewsPostsView_i63ugq01201_NewsPosts_i63ugpzw200__0_0_24\" class=\" \">\n<div id=\"i63ugq2b_NewsPostsView_i63ugq01201_NewsPosts_i63ugpzw200__0_0_24_0_def_0\" class=\" flex_vbox\">\n<div id=\"i63ugq2b_NewsPostsView_i63ugq01201_NewsPosts_i63ugpzw200__0_0_24_0_Top\" class=\" flex_vbox\"><\/div>\n<div id=\"i63ugq2b_NewsPostsView_i63ugq01201_NewsPosts_i63ugpzw200__0_0_24_0_topSpacer_child\"><\/div>\n<div id=\"i63ugq2b_NewsPostsView_i63ugq01201_NewsPosts_i63ugpzw200__0_0_24_0_def_3\" class=\"flex_display\">\n<div id=\"i63ugq2b_NewsPostsView_i63ugq01201_NewsPosts_i63ugpzw200__0_0_24_0_Left\" class=\" flex_vbox\">\n<div id=\"i63ugq2b_NewsPostsView_i63ugq01201_NewsPosts_i63ugpzw200__0_0_24_0_image_1\" class=\"\">\n<div id=\"i63ugq2b_NewsPostsView_i63ugq01201_NewsPosts_i63ugpzw200__0_0_24_0_image_1\" class=\"flex_display flex_vbox\">\n<div id=\"i63ugq2b_NewsPostsView_i63ugq01201_NewsPosts_i63ugpzw200__0_0_24_0_image_1_proxy_container\" data-proxy-name=\"Image\" data-width=\"3648\" data-height=\"2736\" data-uri=\"2a6fc3_174792f642d842de8b4e81c41e3245eb.jpg\" data-display-mode=\"fill\">\n<div id=\"i63ugq2b_NewsPostsView_i63ugq01201_NewsPosts_i63ugpzw200__0_0_24_0_image_1_proxy\" class=\"wp2\" title=\"P7105558.JPG\" data-exact-height=\"16\" data-content-padding-horizontal=\"0\" data-content-padding-vertical=\"0\">\n<div id=\"i63ugq2b_NewsPostsView_i63ugq01201_NewsPosts_i63ugpzw200__0_0_24_0_image_1_proxylink\" class=\"wp2link\">\n<div id=\"i63ugq2b_NewsPostsView_i63ugq01201_NewsPosts_i63ugpzw200__0_0_24_0_image_1_proxyimg\" class=\"wp2img\" data-style=\"\"><img decoding=\"async\" id=\"i63ugq2b_NewsPostsView_i63ugq01201_NewsPosts_i63ugpzw200__0_0_24_0_image_1_proxyimgimage\" src=\"https:\/\/static.wixstatic.com\/media\/2a6fc3_174792f642d842de8b4e81c41e3245eb.jpg\/v1\/fill\/w_270,h_180,al_c,q_80,usm_0.66_1.00_0.01\/2a6fc3_174792f642d842de8b4e81c41e3245eb.webp\" alt=\"\" data-type=\"image\" \/><\/div>\n<\/div>\n<\/div>\n<\/div>\n<\/div>\n<\/div>\n<\/div>\n<div id=\"i63ugq2b_NewsPostsView_i63ugq01201_NewsPosts_i63ugpzw200__0_0_24_0_leftToCenterSpacer_child\"><\/div>\n<div id=\"i63ugq2b_NewsPostsView_i63ugq01201_NewsPosts_i63ugpzw200__0_0_24_0_Center\" class=\"flex_display flex_vbox\">\n<div id=\"i63ugq2b_NewsPostsView_i63ugq01201_NewsPosts_i63ugpzw200__0_0_24_0_text_1\" class=\"\">\n<div id=\"i63ugq2b_NewsPostsView_i63ugq01201_NewsPosts_i63ugpzw200__0_0_24_0_text_1\" class=\"flex_display flex_vbox\">\n<div id=\"i63ugq2b_NewsPostsView_i63ugq01201_NewsPosts_i63ugpzw200__0_0_24_0_text_1_proxy\" class=\"s_usaAWRichTextClickableSkin\" data-packed=\"false\">\n<div id=\"i63ugq2b_NewsPostsView_i63ugq01201_NewsPosts_i63ugpzw200__0_0_24_0_text_1_proxyrichTextContainer\" class=\"s_usaAWRichTextClickableSkin_richTextContainer s_usaAWRichTextClickableSkinrichTextContainer\">\n<p class=\"font_6\"><strong><em>A\u00e7\u00e3o de Forma\u00e7\u00e3o &#8211; T\u00e9cnicas de Promo\u00e7\u00e3o do Envelhecimento Ativo<\/em><\/strong><\/p>\n<\/div>\n<\/div>\n<\/div>\n<\/div>\n<div id=\"i63ugq2b_NewsPostsView_i63ugq01201_NewsPosts_i63ugpzw200__0_0_24_0_fld_hfnxgxqo\" class=\"\">\n<div id=\"i63ugq2b_NewsPostsView_i63ugq01201_NewsPosts_i63ugpzw200__0_0_24_0_fld_hfnxgxqo\" class=\" flex_vbox\">\n<div id=\"i63ugq2b_NewsPostsView_i63ugq01201_NewsPosts_i63ugpzw200__0_0_24_0_fld_hfnxgxqo_proxy\" class=\"s_usaAWRichTextClickableSkin\" data-packed=\"false\">\n<div id=\"i63ugq2b_NewsPostsView_i63ugq01201_NewsPosts_i63ugpzw200__0_0_24_0_fld_hfnxgxqo_proxyrichTextContainer\" class=\"s_usaAWRichTextClickableSkin_richTextContainer s_usaAWRichTextClickableSkinrichTextContainer\">\n<p class=\"font_9\"><strong><em>10 de julho de 2015<\/em><\/strong><\/p>\n<\/div>\n<\/div>\n<\/div>\n<\/div>\n<div id=\"i63ugq2b_NewsPostsView_i63ugq01201_NewsPosts_i63ugpzw200__0_0_24_0_fld_hfxs75de\" class=\"\">\n<div id=\"i63ugq2b_NewsPostsView_i63ugq01201_NewsPosts_i63ugpzw200__0_0_24_0_fld_hfxs75de\" class=\" flex_vbox\">\n<div id=\"i63ugq2b_NewsPostsView_i63ugq01201_NewsPosts_i63ugpzw200__0_0_24_0_fld_hfxs75de_proxy\" class=\"s_usaAWRichTextClickableSkin\" data-packed=\"false\">\n<div id=\"i63ugq2b_NewsPostsView_i63ugq01201_NewsPosts_i63ugpzw200__0_0_24_0_fld_hfxs75de_proxyrichTextContainer\" class=\"s_usaAWRichTextClickableSkin_richTextContainer s_usaAWRichTextClickableSkinrichTextContainer\">\n<p class=\"font_9\">Em parceria com a Associa\u00e7\u00e3o Portuguesa Conversas de Psicologia, a Associa\u00e7\u00e3o Cultural Recreativa e Social de Samuel, promoveu uma a\u00e7\u00e3o de forma\u00e7\u00e3o sobre \u201c T\u00e9cnicas de Promo\u00e7\u00e3o do Envelhecimento Ativo\u201d no dia 10 de Julho.<\/p>\n<p class=\"font_9\">Esta a\u00e7\u00e3o foi dinamizada pelo Dr. Ricardo Pocinho e pelo Dr. V\u00edtor Nuno Anjos, que proporcionaram a todos os participantes um excelente dia de trabalho e de troca de experi\u00eancias.<\/p>\n<\/div>\n<\/div>\n<\/div>\n<\/div>\n<\/div>\n<div id=\"i63ugq2b_NewsPostsView_i63ugq01201_NewsPosts_i63ugpzw200__0_0_24_0_centerToRightSpacer_child\"><\/div>\n<div id=\"i63ugq2b_NewsPostsView_i63ugq01201_NewsPosts_i63ugpzw200__0_0_24_0_Right\" class=\" flex_vbox\"><\/div>\n<\/div>\n<div id=\"i63ugq2b_NewsPostsView_i63ugq01201_NewsPosts_i63ugpzw200__0_0_24_0_Bottom\" class=\" flex_vbox\"><\/div>\n<div id=\"i63ugq2b_NewsPostsView_i63ugq01201_NewsPosts_i63ugpzw200__0_0_24_0_bottomSpacer_child\"><\/div>\n<\/div>\n<\/div>\n<div id=\"i63ugq2b_NewsPostsView_i63ugq01201_Array__0_0_24_footerSpacer_child\"><\/div>\n<div id=\"i63ugq2b_NewsPostsView_i63ugq01201_Array__0_0_24_gutterLine\" class=\"hl1\">\n<div id=\"i63ugq2b_NewsPostsView_i63ugq01201_Array__0_0_24_gutterLineline\" class=\"hl1line\"><\/div>\n<\/div>\n<\/div>\n<div id=\"i63ugq2b_NewsPostsView_i63ugq01201_Array__0_0_25_positionInParent_default\" class=\" flex_vbox\">\n<div id=\"NewsPostsView_i63ugq01201_NewsPosts_i63ugpzw200__0_0_25\" class=\" \">\n<div id=\"i63ugq2b_NewsPostsView_i63ugq01201_NewsPosts_i63ugpzw200__0_0_25_0_def_0\" class=\" flex_vbox\">\n<div id=\"i63ugq2b_NewsPostsView_i63ugq01201_NewsPosts_i63ugpzw200__0_0_25_0_Top\" class=\" flex_vbox\"><\/div>\n<div id=\"i63ugq2b_NewsPostsView_i63ugq01201_NewsPosts_i63ugpzw200__0_0_25_0_topSpacer_child\"><\/div>\n<div id=\"i63ugq2b_NewsPostsView_i63ugq01201_NewsPosts_i63ugpzw200__0_0_25_0_def_3\" class=\"flex_display\">\n<div id=\"i63ugq2b_NewsPostsView_i63ugq01201_NewsPosts_i63ugpzw200__0_0_25_0_Left\" class=\" flex_vbox\">\n<div id=\"i63ugq2b_NewsPostsView_i63ugq01201_NewsPosts_i63ugpzw200__0_0_25_0_image_1\" class=\"\">\n<div id=\"i63ugq2b_NewsPostsView_i63ugq01201_NewsPosts_i63ugpzw200__0_0_25_0_image_1\" class=\"flex_display flex_vbox\">\n<div id=\"i63ugq2b_NewsPostsView_i63ugq01201_NewsPosts_i63ugpzw200__0_0_25_0_image_1_proxy_container\" data-proxy-name=\"Image\" data-width=\"2816\" data-height=\"1880\" data-uri=\"2a6fc3_f503fc757c234089b6737f2d216ff19d.jpg\" data-display-mode=\"fill\">\n<div id=\"i63ugq2b_NewsPostsView_i63ugq01201_NewsPosts_i63ugpzw200__0_0_25_0_image_1_proxy\" class=\"wp2\" title=\"IMG_8851.JPG\" data-exact-height=\"16\" data-content-padding-horizontal=\"0\" data-content-padding-vertical=\"0\">\n<div id=\"i63ugq2b_NewsPostsView_i63ugq01201_NewsPosts_i63ugpzw200__0_0_25_0_image_1_proxylink\" class=\"wp2link\">\n<div id=\"i63ugq2b_NewsPostsView_i63ugq01201_NewsPosts_i63ugpzw200__0_0_25_0_image_1_proxyimg\" class=\"wp2img\" data-style=\"\"><img decoding=\"async\" id=\"i63ugq2b_NewsPostsView_i63ugq01201_NewsPosts_i63ugpzw200__0_0_25_0_image_1_proxyimgimage\" src=\"https:\/\/static.wixstatic.com\/media\/2a6fc3_f503fc757c234089b6737f2d216ff19d.jpg\/v1\/fill\/w_270,h_180,al_c,q_80,usm_0.66_1.00_0.01\/2a6fc3_f503fc757c234089b6737f2d216ff19d.webp\" alt=\"\" data-type=\"image\" \/><\/div>\n<\/div>\n<\/div>\n<\/div>\n<\/div>\n<\/div>\n<\/div>\n<div id=\"i63ugq2b_NewsPostsView_i63ugq01201_NewsPosts_i63ugpzw200__0_0_25_0_leftToCenterSpacer_child\"><\/div>\n<div id=\"i63ugq2b_NewsPostsView_i63ugq01201_NewsPosts_i63ugpzw200__0_0_25_0_Center\" class=\"flex_display flex_vbox\">\n<div id=\"i63ugq2b_NewsPostsView_i63ugq01201_NewsPosts_i63ugpzw200__0_0_25_0_text_1\" class=\"\">\n<div id=\"i63ugq2b_NewsPostsView_i63ugq01201_NewsPosts_i63ugpzw200__0_0_25_0_text_1\" class=\"flex_display flex_vbox\">\n<div id=\"i63ugq2b_NewsPostsView_i63ugq01201_NewsPosts_i63ugpzw200__0_0_25_0_text_1_proxy\" class=\"s_usaAWRichTextClickableSkin\" data-packed=\"false\">\n<div id=\"i63ugq2b_NewsPostsView_i63ugq01201_NewsPosts_i63ugpzw200__0_0_25_0_text_1_proxyrichTextContainer\" class=\"s_usaAWRichTextClickableSkin_richTextContainer s_usaAWRichTextClickableSkinrichTextContainer\">\n<p class=\"font_6\"><strong><em>III Encontro Intergeracional do Concelho de Soure<\/em><\/strong><\/p>\n<\/div>\n<\/div>\n<\/div>\n<\/div>\n<div id=\"i63ugq2b_NewsPostsView_i63ugq01201_NewsPosts_i63ugpzw200__0_0_25_0_fld_hfnxgxqo\" class=\"\">\n<div id=\"i63ugq2b_NewsPostsView_i63ugq01201_NewsPosts_i63ugpzw200__0_0_25_0_fld_hfnxgxqo\" class=\" flex_vbox\">\n<div id=\"i63ugq2b_NewsPostsView_i63ugq01201_NewsPosts_i63ugpzw200__0_0_25_0_fld_hfnxgxqo_proxy\" class=\"s_usaAWRichTextClickableSkin\" data-packed=\"false\">\n<div id=\"i63ugq2b_NewsPostsView_i63ugq01201_NewsPosts_i63ugpzw200__0_0_25_0_fld_hfnxgxqo_proxyrichTextContainer\" class=\"s_usaAWRichTextClickableSkin_richTextContainer s_usaAWRichTextClickableSkinrichTextContainer\">\n<p class=\"font_9\"><strong><em>03 de julho de 2015<\/em><\/strong><\/p>\n<\/div>\n<\/div>\n<\/div>\n<\/div>\n<div id=\"i63ugq2b_NewsPostsView_i63ugq01201_NewsPosts_i63ugpzw200__0_0_25_0_fld_hfxs75de\" class=\"\">\n<div id=\"i63ugq2b_NewsPostsView_i63ugq01201_NewsPosts_i63ugpzw200__0_0_25_0_fld_hfxs75de\" class=\" flex_vbox\">\n<div id=\"i63ugq2b_NewsPostsView_i63ugq01201_NewsPosts_i63ugpzw200__0_0_25_0_fld_hfxs75de_proxy\" class=\"s_usaAWRichTextClickableSkin\" data-packed=\"false\">\n<div id=\"i63ugq2b_NewsPostsView_i63ugq01201_NewsPosts_i63ugpzw200__0_0_25_0_fld_hfxs75de_proxyrichTextContainer\" class=\"s_usaAWRichTextClickableSkin_richTextContainer s_usaAWRichTextClickableSkinrichTextContainer\">\n<p class=\"font_8\">Decorreu, no passado dia 3 de julho, o III Encontro Intergeracional do concelho de Soure. O Parque da V\u00e1rzea acolheu crian\u00e7as e idosos das diversas institui\u00e7\u00f5es do concelho de Soure. As crian\u00e7as do jardim-de-inf\u00e2ncia e CATL, bem como os idosos do centro de dia e da ERPI da Associa\u00e7\u00e3o Cultural Recreativa e Social de Samuel marcaram presen\u00e7a nas diversas atividades que proporcionaram momentos de salutar conv\u00edvio entre duas gera\u00e7\u00f5es distintas. Este encontro foi promovido pela C\u00e2mara Municipal de Soure, no \u00e2mbito do Plano de A\u00e7\u00e3o da Rede Social do Concelho de Soure.<\/p>\n<\/div>\n<\/div>\n<\/div>\n<\/div>\n<\/div>\n<div id=\"i63ugq2b_NewsPostsView_i63ugq01201_NewsPosts_i63ugpzw200__0_0_25_0_centerToRightSpacer_child\"><\/div>\n<div id=\"i63ugq2b_NewsPostsView_i63ugq01201_NewsPosts_i63ugpzw200__0_0_25_0_Right\" class=\" flex_vbox\"><\/div>\n<\/div>\n<div id=\"i63ugq2b_NewsPostsView_i63ugq01201_NewsPosts_i63ugpzw200__0_0_25_0_Bottom\" class=\" flex_vbox\"><\/div>\n<div id=\"i63ugq2b_NewsPostsView_i63ugq01201_NewsPosts_i63ugpzw200__0_0_25_0_bottomSpacer_child\"><\/div>\n<\/div>\n<\/div>\n<div id=\"i63ugq2b_NewsPostsView_i63ugq01201_Array__0_0_25_footerSpacer_child\"><\/div>\n<div id=\"i63ugq2b_NewsPostsView_i63ugq01201_Array__0_0_25_gutterLine\" class=\"hl1\">\n<div id=\"i63ugq2b_NewsPostsView_i63ugq01201_Array__0_0_25_gutterLineline\" class=\"hl1line\"><\/div>\n<\/div>\n<\/div>\n<div id=\"i63ugq2b_NewsPostsView_i63ugq01201_Array__0_0_26_positionInParent_default\" class=\" flex_vbox\">\n<div id=\"NewsPostsView_i63ugq01201_NewsPosts_i63ugpzw200__0_0_26\" class=\" \">\n<div id=\"i63ugq2b_NewsPostsView_i63ugq01201_NewsPosts_i63ugpzw200__0_0_26_0_def_0\" class=\" flex_vbox\">\n<div id=\"i63ugq2b_NewsPostsView_i63ugq01201_NewsPosts_i63ugpzw200__0_0_26_0_Top\" class=\" flex_vbox\"><\/div>\n<div id=\"i63ugq2b_NewsPostsView_i63ugq01201_NewsPosts_i63ugpzw200__0_0_26_0_topSpacer_child\"><\/div>\n<div id=\"i63ugq2b_NewsPostsView_i63ugq01201_NewsPosts_i63ugpzw200__0_0_26_0_def_3\" class=\"flex_display\">\n<div id=\"i63ugq2b_NewsPostsView_i63ugq01201_NewsPosts_i63ugpzw200__0_0_26_0_Left\" class=\" flex_vbox\">\n<div id=\"i63ugq2b_NewsPostsView_i63ugq01201_NewsPosts_i63ugpzw200__0_0_26_0_image_1\" class=\"\">\n<div id=\"i63ugq2b_NewsPostsView_i63ugq01201_NewsPosts_i63ugpzw200__0_0_26_0_image_1\" class=\"flex_display flex_vbox\">\n<div id=\"i63ugq2b_NewsPostsView_i63ugq01201_NewsPosts_i63ugpzw200__0_0_26_0_image_1_proxy_container\" data-proxy-name=\"Image\" data-width=\"3264\" data-height=\"2448\" data-uri=\"2a6fc3_9d0f678a4524484db273406d93380935.jpg\" data-display-mode=\"fill\">\n<div id=\"i63ugq2b_NewsPostsView_i63ugq01201_NewsPosts_i63ugpzw200__0_0_26_0_image_1_proxy\" class=\"wp2\" title=\"DSCN0013.JPG\" data-exact-height=\"16\" data-content-padding-horizontal=\"0\" data-content-padding-vertical=\"0\">\n<div id=\"i63ugq2b_NewsPostsView_i63ugq01201_NewsPosts_i63ugpzw200__0_0_26_0_image_1_proxylink\" class=\"wp2link\">\n<div id=\"i63ugq2b_NewsPostsView_i63ugq01201_NewsPosts_i63ugpzw200__0_0_26_0_image_1_proxyimg\" class=\"wp2img\" data-style=\"\"><img decoding=\"async\" id=\"i63ugq2b_NewsPostsView_i63ugq01201_NewsPosts_i63ugpzw200__0_0_26_0_image_1_proxyimgimage\" src=\"https:\/\/static.wixstatic.com\/media\/2a6fc3_9d0f678a4524484db273406d93380935.jpg\/v1\/fill\/w_270,h_180,al_c,q_80,usm_0.66_1.00_0.01\/2a6fc3_9d0f678a4524484db273406d93380935.webp\" alt=\"\" data-type=\"image\" \/><\/div>\n<\/div>\n<\/div>\n<\/div>\n<\/div>\n<\/div>\n<\/div>\n<div id=\"i63ugq2b_NewsPostsView_i63ugq01201_NewsPosts_i63ugpzw200__0_0_26_0_leftToCenterSpacer_child\"><\/div>\n<div id=\"i63ugq2b_NewsPostsView_i63ugq01201_NewsPosts_i63ugpzw200__0_0_26_0_Center\" class=\"flex_display flex_vbox\">\n<div id=\"i63ugq2b_NewsPostsView_i63ugq01201_NewsPosts_i63ugpzw200__0_0_26_0_text_1\" class=\"\">\n<div id=\"i63ugq2b_NewsPostsView_i63ugq01201_NewsPosts_i63ugpzw200__0_0_26_0_text_1\" class=\"flex_display flex_vbox\">\n<div id=\"i63ugq2b_NewsPostsView_i63ugq01201_NewsPosts_i63ugpzw200__0_0_26_0_text_1_proxy\" class=\"s_usaAWRichTextClickableSkin\" data-packed=\"false\">\n<div id=\"i63ugq2b_NewsPostsView_i63ugq01201_NewsPosts_i63ugpzw200__0_0_26_0_text_1_proxyrichTextContainer\" class=\"s_usaAWRichTextClickableSkin_richTextContainer s_usaAWRichTextClickableSkinrichTextContainer\">\n<p class=\"font_6\"><strong><em>Sess\u00e3o Informativa &#8221; Energia Fantasma&#8221;<\/em><\/strong><\/p>\n<\/div>\n<\/div>\n<\/div>\n<\/div>\n<div id=\"i63ugq2b_NewsPostsView_i63ugq01201_NewsPosts_i63ugpzw200__0_0_26_0_fld_hfnxgxqo\" class=\"\">\n<div id=\"i63ugq2b_NewsPostsView_i63ugq01201_NewsPosts_i63ugpzw200__0_0_26_0_fld_hfnxgxqo\" class=\" flex_vbox\">\n<div id=\"i63ugq2b_NewsPostsView_i63ugq01201_NewsPosts_i63ugpzw200__0_0_26_0_fld_hfnxgxqo_proxy\" class=\"s_usaAWRichTextClickableSkin\" data-packed=\"false\">\n<div id=\"i63ugq2b_NewsPostsView_i63ugq01201_NewsPosts_i63ugpzw200__0_0_26_0_fld_hfnxgxqo_proxyrichTextContainer\" class=\"s_usaAWRichTextClickableSkin_richTextContainer s_usaAWRichTextClickableSkinrichTextContainer\">\n<p class=\"font_9\"><strong><em>06 de julho de 2015<\/em><\/strong><\/p>\n<\/div>\n<\/div>\n<\/div>\n<\/div>\n<div id=\"i63ugq2b_NewsPostsView_i63ugq01201_NewsPosts_i63ugpzw200__0_0_26_0_fld_hfxs75de\" class=\"\">\n<div id=\"i63ugq2b_NewsPostsView_i63ugq01201_NewsPosts_i63ugpzw200__0_0_26_0_fld_hfxs75de\" class=\" flex_vbox\">\n<div id=\"i63ugq2b_NewsPostsView_i63ugq01201_NewsPosts_i63ugpzw200__0_0_26_0_fld_hfxs75de_proxy\" class=\"s_usaAWRichTextClickableSkin\" data-packed=\"false\">\n<div id=\"i63ugq2b_NewsPostsView_i63ugq01201_NewsPosts_i63ugpzw200__0_0_26_0_fld_hfxs75de_proxyrichTextContainer\" class=\"s_usaAWRichTextClickableSkin_richTextContainer s_usaAWRichTextClickableSkinrichTextContainer\">\n<p class=\"font_9\">Realizaram-se ontem na Associa\u00e7\u00e3o Cultural Recreativa e Social de Samuel duas a\u00e7\u00f5es de informa\u00e7\u00e3o pela DECO &#8211; Associa\u00e7\u00e3o Portuguesa para a Defesa do Consumidor no \u00e2mbito da Campanha \u201cEnergia Fantasma\u201d. Crian\u00e7as e adultos ficaram a perceber como podem acabar com os consumos desnecess\u00e1rios de energia el\u00e9trica nas suas casas, diminuindo o valor das faturas e a emiss\u00e3o de gases com efeito de estufa.<br \/>\nMais informa\u00e7\u00f5es em\u00a0www.energiafantasma.pt<\/p>\n<p class=\"font_8\">\n<\/div>\n<\/div>\n<\/div>\n<\/div>\n<\/div>\n<div id=\"i63ugq2b_NewsPostsView_i63ugq01201_NewsPosts_i63ugpzw200__0_0_26_0_centerToRightSpacer_child\"><\/div>\n<div id=\"i63ugq2b_NewsPostsView_i63ugq01201_NewsPosts_i63ugpzw200__0_0_26_0_Right\" class=\" flex_vbox\"><\/div>\n<\/div>\n<div id=\"i63ugq2b_NewsPostsView_i63ugq01201_NewsPosts_i63ugpzw200__0_0_26_0_Bottom\" class=\" flex_vbox\"><\/div>\n<div id=\"i63ugq2b_NewsPostsView_i63ugq01201_NewsPosts_i63ugpzw200__0_0_26_0_bottomSpacer_child\"><\/div>\n<\/div>\n<\/div>\n<div id=\"i63ugq2b_NewsPostsView_i63ugq01201_Array__0_0_26_footerSpacer_child\"><\/div>\n<div id=\"i63ugq2b_NewsPostsView_i63ugq01201_Array__0_0_26_gutterLine\" class=\"hl1\">\n<div id=\"i63ugq2b_NewsPostsView_i63ugq01201_Array__0_0_26_gutterLineline\" class=\"hl1line\"><\/div>\n<\/div>\n<\/div>\n<div id=\"i63ugq2b_NewsPostsView_i63ugq01201_Array__0_0_27_positionInParent_default\" class=\" flex_vbox\">\n<div id=\"NewsPostsView_i63ugq01201_NewsPosts_i63ugpzw200__0_0_27\" class=\" \">\n<div id=\"i63ugq2b_NewsPostsView_i63ugq01201_NewsPosts_i63ugpzw200__0_0_27_0_def_0\" class=\" flex_vbox\">\n<div id=\"i63ugq2b_NewsPostsView_i63ugq01201_NewsPosts_i63ugpzw200__0_0_27_0_Top\" class=\" flex_vbox\"><\/div>\n<div id=\"i63ugq2b_NewsPostsView_i63ugq01201_NewsPosts_i63ugpzw200__0_0_27_0_topSpacer_child\"><\/div>\n<div id=\"i63ugq2b_NewsPostsView_i63ugq01201_NewsPosts_i63ugpzw200__0_0_27_0_def_3\" class=\"flex_display\">\n<div id=\"i63ugq2b_NewsPostsView_i63ugq01201_NewsPosts_i63ugpzw200__0_0_27_0_Left\" class=\" flex_vbox\">\n<div id=\"i63ugq2b_NewsPostsView_i63ugq01201_NewsPosts_i63ugpzw200__0_0_27_0_image_1\" class=\"\">\n<div id=\"i63ugq2b_NewsPostsView_i63ugq01201_NewsPosts_i63ugpzw200__0_0_27_0_image_1\" class=\"flex_display flex_vbox\">\n<div id=\"i63ugq2b_NewsPostsView_i63ugq01201_NewsPosts_i63ugpzw200__0_0_27_0_image_1_proxy_container\" data-proxy-name=\"Image\" data-width=\"3648\" data-height=\"2736\" data-uri=\"2a6fc3_8f878328ad754c81a5c8c44a227e9d98.jpg\" data-display-mode=\"fill\">\n<div id=\"i63ugq2b_NewsPostsView_i63ugq01201_NewsPosts_i63ugpzw200__0_0_27_0_image_1_proxy\" class=\"wp2\" title=\"P6265035.JPG\" data-exact-height=\"16\" data-content-padding-horizontal=\"0\" data-content-padding-vertical=\"0\">\n<div id=\"i63ugq2b_NewsPostsView_i63ugq01201_NewsPosts_i63ugpzw200__0_0_27_0_image_1_proxylink\" class=\"wp2link\">\n<div id=\"i63ugq2b_NewsPostsView_i63ugq01201_NewsPosts_i63ugpzw200__0_0_27_0_image_1_proxyimg\" class=\"wp2img\" data-style=\"\"><img decoding=\"async\" id=\"i63ugq2b_NewsPostsView_i63ugq01201_NewsPosts_i63ugpzw200__0_0_27_0_image_1_proxyimgimage\" src=\"https:\/\/static.wixstatic.com\/media\/2a6fc3_8f878328ad754c81a5c8c44a227e9d98.jpg\/v1\/fill\/w_270,h_180,al_c,q_80,usm_0.66_1.00_0.01\/2a6fc3_8f878328ad754c81a5c8c44a227e9d98.webp\" alt=\"\" data-type=\"image\" \/><\/div>\n<\/div>\n<\/div>\n<\/div>\n<\/div>\n<\/div>\n<\/div>\n<div id=\"i63ugq2b_NewsPostsView_i63ugq01201_NewsPosts_i63ugpzw200__0_0_27_0_leftToCenterSpacer_child\"><\/div>\n<div id=\"i63ugq2b_NewsPostsView_i63ugq01201_NewsPosts_i63ugpzw200__0_0_27_0_Center\" class=\"flex_display flex_vbox\">\n<div id=\"i63ugq2b_NewsPostsView_i63ugq01201_NewsPosts_i63ugpzw200__0_0_27_0_text_1\" class=\"\">\n<div id=\"i63ugq2b_NewsPostsView_i63ugq01201_NewsPosts_i63ugpzw200__0_0_27_0_text_1\" class=\"flex_display flex_vbox\">\n<div id=\"i63ugq2b_NewsPostsView_i63ugq01201_NewsPosts_i63ugpzw200__0_0_27_0_text_1_proxy\" class=\"s_usaAWRichTextClickableSkin\" data-packed=\"false\">\n<div id=\"i63ugq2b_NewsPostsView_i63ugq01201_NewsPosts_i63ugpzw200__0_0_27_0_text_1_proxyrichTextContainer\" class=\"s_usaAWRichTextClickableSkin_richTextContainer s_usaAWRichTextClickableSkinrichTextContainer\">\n<p class=\"font_6\"><strong><em>Arraial Popular<\/em><\/strong><\/p>\n<\/div>\n<\/div>\n<\/div>\n<\/div>\n<div id=\"i63ugq2b_NewsPostsView_i63ugq01201_NewsPosts_i63ugpzw200__0_0_27_0_fld_hfnxgxqo\" class=\"\">\n<div id=\"i63ugq2b_NewsPostsView_i63ugq01201_NewsPosts_i63ugpzw200__0_0_27_0_fld_hfnxgxqo\" class=\" flex_vbox\">\n<div id=\"i63ugq2b_NewsPostsView_i63ugq01201_NewsPosts_i63ugpzw200__0_0_27_0_fld_hfnxgxqo_proxy\" class=\"s_usaAWRichTextClickableSkin\" data-packed=\"false\">\n<div id=\"i63ugq2b_NewsPostsView_i63ugq01201_NewsPosts_i63ugpzw200__0_0_27_0_fld_hfnxgxqo_proxyrichTextContainer\" class=\"s_usaAWRichTextClickableSkin_richTextContainer s_usaAWRichTextClickableSkinrichTextContainer\">\n<p class=\"font_9\"><strong><em>26 de junho de 2015<\/em><\/strong><\/p>\n<\/div>\n<\/div>\n<\/div>\n<\/div>\n<div id=\"i63ugq2b_NewsPostsView_i63ugq01201_NewsPosts_i63ugpzw200__0_0_27_0_fld_hfxs75de\" class=\"\">\n<div id=\"i63ugq2b_NewsPostsView_i63ugq01201_NewsPosts_i63ugpzw200__0_0_27_0_fld_hfxs75de\" class=\" flex_vbox\">\n<div id=\"i63ugq2b_NewsPostsView_i63ugq01201_NewsPosts_i63ugpzw200__0_0_27_0_fld_hfxs75de_proxy\" class=\"s_usaAWRichTextClickableSkin\" data-packed=\"false\">\n<div id=\"i63ugq2b_NewsPostsView_i63ugq01201_NewsPosts_i63ugpzw200__0_0_27_0_fld_hfxs75de_proxyrichTextContainer\" class=\"s_usaAWRichTextClickableSkin_richTextContainer s_usaAWRichTextClickableSkinrichTextContainer\">\n<p class=\"font_8\">A alegria e boa disposi\u00e7\u00e3o marcaram mais um Arraial Popular no Largo do Marco, na sexta feira, dia 26 de Junho. Mais de 200 pessoas apreciaram a sardinha assada com broa, o caldo verde e os doces. Como j\u00e1 \u00e9 tradi\u00e7\u00e3o, a Marcha de Samuel fez a sua apresenta\u00e7\u00e3o na qual participaram o grupo de Mulheres Agricultoras e do Mundo Rural, as funcion\u00e1rias e as crian\u00e7as do HIP-HOP. A noite continuou com m\u00fasica ao vivo, quermesse e jogos tradicionais.<\/p>\n<p class=\"font_8\">\n<\/div>\n<\/div>\n<\/div>\n<\/div>\n<\/div>\n<div id=\"i63ugq2b_NewsPostsView_i63ugq01201_NewsPosts_i63ugpzw200__0_0_27_0_centerToRightSpacer_child\"><\/div>\n<div id=\"i63ugq2b_NewsPostsView_i63ugq01201_NewsPosts_i63ugpzw200__0_0_27_0_Right\" class=\" flex_vbox\"><\/div>\n<\/div>\n<div id=\"i63ugq2b_NewsPostsView_i63ugq01201_NewsPosts_i63ugpzw200__0_0_27_0_Bottom\" class=\" flex_vbox\"><\/div>\n<div id=\"i63ugq2b_NewsPostsView_i63ugq01201_NewsPosts_i63ugpzw200__0_0_27_0_bottomSpacer_child\"><\/div>\n<\/div>\n<\/div>\n<div id=\"i63ugq2b_NewsPostsView_i63ugq01201_Array__0_0_27_footerSpacer_child\"><\/div>\n<div id=\"i63ugq2b_NewsPostsView_i63ugq01201_Array__0_0_27_gutterLine\" class=\"hl1\">\n<div id=\"i63ugq2b_NewsPostsView_i63ugq01201_Array__0_0_27_gutterLineline\" class=\"hl1line\"><\/div>\n<\/div>\n<\/div>\n<div id=\"i63ugq2b_NewsPostsView_i63ugq01201_Array__0_0_28_positionInParent_default\" class=\" flex_vbox\">\n<div id=\"NewsPostsView_i63ugq01201_NewsPosts_i63ugpzw200__0_0_28\" class=\" \">\n<div id=\"i63ugq2b_NewsPostsView_i63ugq01201_NewsPosts_i63ugpzw200__0_0_28_0_def_0\" class=\" flex_vbox\">\n<div id=\"i63ugq2b_NewsPostsView_i63ugq01201_NewsPosts_i63ugpzw200__0_0_28_0_Top\" class=\" flex_vbox\"><\/div>\n<div id=\"i63ugq2b_NewsPostsView_i63ugq01201_NewsPosts_i63ugpzw200__0_0_28_0_topSpacer_child\"><\/div>\n<div id=\"i63ugq2b_NewsPostsView_i63ugq01201_NewsPosts_i63ugpzw200__0_0_28_0_def_3\" class=\"flex_display\">\n<div id=\"i63ugq2b_NewsPostsView_i63ugq01201_NewsPosts_i63ugpzw200__0_0_28_0_Left\" class=\" flex_vbox\">\n<div id=\"i63ugq2b_NewsPostsView_i63ugq01201_NewsPosts_i63ugpzw200__0_0_28_0_image_1\" class=\"\">\n<div id=\"i63ugq2b_NewsPostsView_i63ugq01201_NewsPosts_i63ugpzw200__0_0_28_0_image_1\" class=\"flex_display flex_vbox\">\n<div id=\"i63ugq2b_NewsPostsView_i63ugq01201_NewsPosts_i63ugpzw200__0_0_28_0_image_1_proxy_container\" data-proxy-name=\"Image\" data-width=\"3648\" data-height=\"2736\" data-uri=\"2a6fc3_afa472d9674b43ecb277f1cee2744509.jpg\" data-display-mode=\"fill\">\n<div id=\"i63ugq2b_NewsPostsView_i63ugq01201_NewsPosts_i63ugpzw200__0_0_28_0_image_1_proxy\" class=\"wp2\" title=\"P6214661.JPG\" data-exact-height=\"16\" data-content-padding-horizontal=\"0\" data-content-padding-vertical=\"0\">\n<div id=\"i63ugq2b_NewsPostsView_i63ugq01201_NewsPosts_i63ugpzw200__0_0_28_0_image_1_proxylink\" class=\"wp2link\">\n<div id=\"i63ugq2b_NewsPostsView_i63ugq01201_NewsPosts_i63ugpzw200__0_0_28_0_image_1_proxyimg\" class=\"wp2img\" data-style=\"\"><img decoding=\"async\" id=\"i63ugq2b_NewsPostsView_i63ugq01201_NewsPosts_i63ugpzw200__0_0_28_0_image_1_proxyimgimage\" src=\"https:\/\/static.wixstatic.com\/media\/2a6fc3_afa472d9674b43ecb277f1cee2744509.jpg\/v1\/fill\/w_270,h_180,al_c,q_80,usm_0.66_1.00_0.01\/2a6fc3_afa472d9674b43ecb277f1cee2744509.webp\" alt=\"\" data-type=\"image\" \/><\/div>\n<\/div>\n<\/div>\n<\/div>\n<\/div>\n<\/div>\n<\/div>\n<div id=\"i63ugq2b_NewsPostsView_i63ugq01201_NewsPosts_i63ugpzw200__0_0_28_0_leftToCenterSpacer_child\"><\/div>\n<div id=\"i63ugq2b_NewsPostsView_i63ugq01201_NewsPosts_i63ugpzw200__0_0_28_0_Center\" class=\"flex_display flex_vbox\">\n<div id=\"i63ugq2b_NewsPostsView_i63ugq01201_NewsPosts_i63ugpzw200__0_0_28_0_text_1\" class=\"\">\n<div id=\"i63ugq2b_NewsPostsView_i63ugq01201_NewsPosts_i63ugpzw200__0_0_28_0_text_1\" class=\"flex_display flex_vbox\">\n<div id=\"i63ugq2b_NewsPostsView_i63ugq01201_NewsPosts_i63ugpzw200__0_0_28_0_text_1_proxy\" class=\"s_usaAWRichTextClickableSkin\" data-packed=\"false\">\n<div id=\"i63ugq2b_NewsPostsView_i63ugq01201_NewsPosts_i63ugpzw200__0_0_28_0_text_1_proxyrichTextContainer\" class=\"s_usaAWRichTextClickableSkin_richTextContainer s_usaAWRichTextClickableSkinrichTextContainer\">\n<p class=\"font_6\"><strong><em>Festa Final Ano Letivo<\/em><\/strong><\/p>\n<\/div>\n<\/div>\n<\/div>\n<\/div>\n<div id=\"i63ugq2b_NewsPostsView_i63ugq01201_NewsPosts_i63ugpzw200__0_0_28_0_fld_hfnxgxqo\" class=\"\">\n<div id=\"i63ugq2b_NewsPostsView_i63ugq01201_NewsPosts_i63ugpzw200__0_0_28_0_fld_hfnxgxqo\" class=\" flex_vbox\">\n<div id=\"i63ugq2b_NewsPostsView_i63ugq01201_NewsPosts_i63ugpzw200__0_0_28_0_fld_hfnxgxqo_proxy\" class=\"s_usaAWRichTextClickableSkin\" data-packed=\"false\">\n<div id=\"i63ugq2b_NewsPostsView_i63ugq01201_NewsPosts_i63ugpzw200__0_0_28_0_fld_hfnxgxqo_proxyrichTextContainer\" class=\"s_usaAWRichTextClickableSkin_richTextContainer s_usaAWRichTextClickableSkinrichTextContainer\">\n<p class=\"font_9\"><strong><em>21 de junho de 2015<\/em><\/strong><\/p>\n<\/div>\n<\/div>\n<\/div>\n<\/div>\n<div id=\"i63ugq2b_NewsPostsView_i63ugq01201_NewsPosts_i63ugpzw200__0_0_28_0_fld_hfxs75de\" class=\"\">\n<div id=\"i63ugq2b_NewsPostsView_i63ugq01201_NewsPosts_i63ugpzw200__0_0_28_0_fld_hfxs75de\" class=\" flex_vbox\">\n<div id=\"i63ugq2b_NewsPostsView_i63ugq01201_NewsPosts_i63ugpzw200__0_0_28_0_fld_hfxs75de_proxy\" class=\"s_usaAWRichTextClickableSkin\" data-packed=\"false\">\n<div id=\"i63ugq2b_NewsPostsView_i63ugq01201_NewsPosts_i63ugpzw200__0_0_28_0_fld_hfxs75de_proxyrichTextContainer\" class=\"s_usaAWRichTextClickableSkin_richTextContainer s_usaAWRichTextClickableSkinrichTextContainer\">\n<p class=\"font_8\">O ano letivo 2014\/2015 chegou ao fim e nada melhor que terminar com a festa final de ano letivo. No domingo, dia 21 de Junho, as crian\u00e7as da creche, jardim de inf\u00e2ncia\u00a0 e centro de atividades de tempos livres subiram ao palco para levar \u00e0 cena uma adapta\u00e7\u00e3o \u00a0da conhecida f\u00e1bula infantil \u201c Os m\u00fasicos de Bremen\u201d.<\/p>\n<p class=\"font_8\">Os finalistas encerraram a festa com uma can\u00e7\u00e3o alusiva \u00e0 nova etapa de vida escolar que v\u00e3o come\u00e7ar.<\/p>\n<p class=\"font_8\">\n<\/div>\n<\/div>\n<\/div>\n<\/div>\n<\/div>\n<div id=\"i63ugq2b_NewsPostsView_i63ugq01201_NewsPosts_i63ugpzw200__0_0_28_0_centerToRightSpacer_child\"><\/div>\n<div id=\"i63ugq2b_NewsPostsView_i63ugq01201_NewsPosts_i63ugpzw200__0_0_28_0_Right\" class=\" flex_vbox\"><\/div>\n<\/div>\n<div id=\"i63ugq2b_NewsPostsView_i63ugq01201_NewsPosts_i63ugpzw200__0_0_28_0_Bottom\" class=\" flex_vbox\"><\/div>\n<div id=\"i63ugq2b_NewsPostsView_i63ugq01201_NewsPosts_i63ugpzw200__0_0_28_0_bottomSpacer_child\"><\/div>\n<\/div>\n<\/div>\n<div id=\"i63ugq2b_NewsPostsView_i63ugq01201_Array__0_0_28_footerSpacer_child\"><\/div>\n<div id=\"i63ugq2b_NewsPostsView_i63ugq01201_Array__0_0_28_gutterLine\" class=\"hl1\">\n<div id=\"i63ugq2b_NewsPostsView_i63ugq01201_Array__0_0_28_gutterLineline\" class=\"hl1line\"><\/div>\n<\/div>\n<\/div>\n<div id=\"i63ugq2b_NewsPostsView_i63ugq01201_Array__0_0_29_positionInParent_default\" class=\" flex_vbox\">\n<div id=\"NewsPostsView_i63ugq01201_NewsPosts_i63ugpzw200__0_0_29\" class=\" \">\n<div id=\"i63ugq2b_NewsPostsView_i63ugq01201_NewsPosts_i63ugpzw200__0_0_29_0_def_0\" class=\" flex_vbox\">\n<div id=\"i63ugq2b_NewsPostsView_i63ugq01201_NewsPosts_i63ugpzw200__0_0_29_0_Top\" class=\" flex_vbox\"><\/div>\n<div id=\"i63ugq2b_NewsPostsView_i63ugq01201_NewsPosts_i63ugpzw200__0_0_29_0_topSpacer_child\"><\/div>\n<div id=\"i63ugq2b_NewsPostsView_i63ugq01201_NewsPosts_i63ugpzw200__0_0_29_0_def_3\" class=\"flex_display\">\n<div id=\"i63ugq2b_NewsPostsView_i63ugq01201_NewsPosts_i63ugpzw200__0_0_29_0_Left\" class=\" flex_vbox\">\n<div id=\"i63ugq2b_NewsPostsView_i63ugq01201_NewsPosts_i63ugpzw200__0_0_29_0_image_1\" class=\"\">\n<div id=\"i63ugq2b_NewsPostsView_i63ugq01201_NewsPosts_i63ugpzw200__0_0_29_0_image_1\" class=\"flex_display flex_vbox\">\n<div id=\"i63ugq2b_NewsPostsView_i63ugq01201_NewsPosts_i63ugpzw200__0_0_29_0_image_1_proxy_container\" data-proxy-name=\"Image\" data-width=\"632\" data-height=\"447\" data-uri=\"2a6fc3_eabfa1876c9d4a6480321b82aad2302d.gif\" data-display-mode=\"fill\">\n<div id=\"i63ugq2b_NewsPostsView_i63ugq01201_NewsPosts_i63ugpzw200__0_0_29_0_image_1_proxy\" class=\"wp2\" title=\"Imagem1.gif\" data-exact-height=\"16\" data-content-padding-horizontal=\"0\" data-content-padding-vertical=\"0\">\n<div id=\"i63ugq2b_NewsPostsView_i63ugq01201_NewsPosts_i63ugpzw200__0_0_29_0_image_1_proxylink\" class=\"wp2link\">\n<div id=\"i63ugq2b_NewsPostsView_i63ugq01201_NewsPosts_i63ugpzw200__0_0_29_0_image_1_proxyimg\" class=\"wp2img\" data-style=\"\"><img decoding=\"async\" id=\"i63ugq2b_NewsPostsView_i63ugq01201_NewsPosts_i63ugpzw200__0_0_29_0_image_1_proxyimgimage\" src=\"https:\/\/static.wixstatic.com\/media\/2a6fc3_eabfa1876c9d4a6480321b82aad2302d.gif\" alt=\"\" data-type=\"image\" \/><\/div>\n<\/div>\n<\/div>\n<\/div>\n<\/div>\n<\/div>\n<\/div>\n<div id=\"i63ugq2b_NewsPostsView_i63ugq01201_NewsPosts_i63ugpzw200__0_0_29_0_leftToCenterSpacer_child\"><\/div>\n<div id=\"i63ugq2b_NewsPostsView_i63ugq01201_NewsPosts_i63ugpzw200__0_0_29_0_Center\" class=\"flex_display flex_vbox\">\n<div id=\"i63ugq2b_NewsPostsView_i63ugq01201_NewsPosts_i63ugpzw200__0_0_29_0_text_1\" class=\"\">\n<div id=\"i63ugq2b_NewsPostsView_i63ugq01201_NewsPosts_i63ugpzw200__0_0_29_0_text_1\" class=\"flex_display flex_vbox\">\n<div id=\"i63ugq2b_NewsPostsView_i63ugq01201_NewsPosts_i63ugpzw200__0_0_29_0_text_1_proxy\" class=\"s_usaAWRichTextClickableSkin\" data-packed=\"false\">\n<div id=\"i63ugq2b_NewsPostsView_i63ugq01201_NewsPosts_i63ugpzw200__0_0_29_0_text_1_proxyrichTextContainer\" class=\"s_usaAWRichTextClickableSkin_richTextContainer s_usaAWRichTextClickableSkinrichTextContainer\">\n<p class=\"font_6\"><strong><em>Concurso &#8221; Conta-nos uma hist\u00f3ria&#8221;<\/em><\/strong><\/p>\n<\/div>\n<\/div>\n<\/div>\n<\/div>\n<div id=\"i63ugq2b_NewsPostsView_i63ugq01201_NewsPosts_i63ugpzw200__0_0_29_0_fld_hfnxgxqo\" class=\"\">\n<div id=\"i63ugq2b_NewsPostsView_i63ugq01201_NewsPosts_i63ugpzw200__0_0_29_0_fld_hfnxgxqo\" class=\" flex_vbox\">\n<div id=\"i63ugq2b_NewsPostsView_i63ugq01201_NewsPosts_i63ugpzw200__0_0_29_0_fld_hfnxgxqo_proxy\" class=\"s_usaAWRichTextClickableSkin\" data-packed=\"false\">\n<div id=\"i63ugq2b_NewsPostsView_i63ugq01201_NewsPosts_i63ugpzw200__0_0_29_0_fld_hfnxgxqo_proxyrichTextContainer\" class=\"s_usaAWRichTextClickableSkin_richTextContainer s_usaAWRichTextClickableSkinrichTextContainer\">\n<p class=\"font_9\"><strong><em>27 maio de 2015<\/em><\/strong><\/p>\n<\/div>\n<\/div>\n<\/div>\n<\/div>\n<div id=\"i63ugq2b_NewsPostsView_i63ugq01201_NewsPosts_i63ugpzw200__0_0_29_0_fld_hfxs75de\" class=\"\">\n<div id=\"i63ugq2b_NewsPostsView_i63ugq01201_NewsPosts_i63ugpzw200__0_0_29_0_fld_hfxs75de\" class=\" flex_vbox\">\n<div id=\"i63ugq2b_NewsPostsView_i63ugq01201_NewsPosts_i63ugpzw200__0_0_29_0_fld_hfxs75de_proxy\" class=\"s_usaAWRichTextClickableSkin\" data-packed=\"false\">\n<div id=\"i63ugq2b_NewsPostsView_i63ugq01201_NewsPosts_i63ugpzw200__0_0_29_0_fld_hfxs75de_proxyrichTextContainer\" class=\"s_usaAWRichTextClickableSkin_richTextContainer s_usaAWRichTextClickableSkinrichTextContainer\">\n<p class=\"font_8\">\u00c9 com muito orgulho que partilhamos a vit\u00f3ria da Associa\u00e7\u00e3o Cultural Recreativa e Social de Samuel que ficou em 1\u00ba lugar no concurso \u201cConta-nos uma hist\u00f3ria!\u201d na categoria de hist\u00f3rias em formato \u00e1udio, pr\u00e9 escolar, com a hist\u00f3ria \u201cA que sabe a Lua\u201d.<\/p>\n<p class=\"font_9\">As crian\u00e7as do jardim de inf\u00e2ncia da Institui\u00e7\u00e3o, com a equipa denominada \u201cOs Diabinhos\u201d- est\u00e3o de parab\u00e9ns por esta vit\u00f3ria.<\/p>\n<p class=\"font_9\">A iniciativa \u201cConta-nos uma hist\u00f3ria!&#8221; \u00e9 promovida pelo Minist\u00e9rio da Educa\u00e7\u00e3o e Ci\u00eancia, atrav\u00e9s da\u00a0Dire\u00e7\u00e3o-Geral da Educa\u00e7\u00e3o, do Gabinete da Rede de Bibliotecas Escolares e do Plano Nacional de Leitura em parceria com a Microsoft.<\/p>\n<p class=\"font_8\">\n<p class=\"font_9\">Pode ouvir a nossa hist\u00f3ria aqui:<\/p>\n<p class=\"font_9\">\u00a0http:\/\/erte.dge.mec.pt\/index.php?section=469<\/p>\n<\/div>\n<\/div>\n<\/div>\n<\/div>\n<\/div>\n<div id=\"i63ugq2b_NewsPostsView_i63ugq01201_NewsPosts_i63ugpzw200__0_0_29_0_centerToRightSpacer_child\"><\/div>\n<div id=\"i63ugq2b_NewsPostsView_i63ugq01201_NewsPosts_i63ugpzw200__0_0_29_0_Right\" class=\" flex_vbox\"><\/div>\n<\/div>\n<div id=\"i63ugq2b_NewsPostsView_i63ugq01201_NewsPosts_i63ugpzw200__0_0_29_0_Bottom\" class=\" flex_vbox\"><\/div>\n<div id=\"i63ugq2b_NewsPostsView_i63ugq01201_NewsPosts_i63ugpzw200__0_0_29_0_bottomSpacer_child\"><\/div>\n<\/div>\n<\/div>\n<div id=\"i63ugq2b_NewsPostsView_i63ugq01201_Array__0_0_29_footerSpacer_child\"><\/div>\n<div id=\"i63ugq2b_NewsPostsView_i63ugq01201_Array__0_0_29_gutterLine\" class=\"hl1\">\n<div id=\"i63ugq2b_NewsPostsView_i63ugq01201_Array__0_0_29_gutterLineline\" class=\"hl1line\"><\/div>\n<\/div>\n<\/div>\n<div id=\"i63ugq2b_NewsPostsView_i63ugq01201_Array__0_0_30_positionInParent_default\" class=\" flex_vbox\">\n<div id=\"NewsPostsView_i63ugq01201_NewsPosts_i63ugpzw200__0_0_30\" class=\" \">\n<div id=\"i63ugq2b_NewsPostsView_i63ugq01201_NewsPosts_i63ugpzw200__0_0_30_0_def_0\" class=\" flex_vbox\">\n<div id=\"i63ugq2b_NewsPostsView_i63ugq01201_NewsPosts_i63ugpzw200__0_0_30_0_Top\" class=\" flex_vbox\"><\/div>\n<div id=\"i63ugq2b_NewsPostsView_i63ugq01201_NewsPosts_i63ugpzw200__0_0_30_0_topSpacer_child\"><\/div>\n<div id=\"i63ugq2b_NewsPostsView_i63ugq01201_NewsPosts_i63ugpzw200__0_0_30_0_def_3\" class=\"flex_display\">\n<div id=\"i63ugq2b_NewsPostsView_i63ugq01201_NewsPosts_i63ugpzw200__0_0_30_0_Left\" class=\" flex_vbox\">\n<div id=\"i63ugq2b_NewsPostsView_i63ugq01201_NewsPosts_i63ugpzw200__0_0_30_0_image_1\" class=\"\">\n<div id=\"i63ugq2b_NewsPostsView_i63ugq01201_NewsPosts_i63ugpzw200__0_0_30_0_image_1\" class=\"flex_display flex_vbox\">\n<div id=\"i63ugq2b_NewsPostsView_i63ugq01201_NewsPosts_i63ugpzw200__0_0_30_0_image_1_proxy_container\" data-proxy-name=\"Image\" data-width=\"3648\" data-height=\"2736\" data-uri=\"2a6fc3_33e85ec106374d7a87b8c3a28cc7d64d.jpg\" data-display-mode=\"fill\">\n<div id=\"i63ugq2b_NewsPostsView_i63ugq01201_NewsPosts_i63ugpzw200__0_0_30_0_image_1_proxy\" class=\"wp2\" title=\"P5244173.JPG\" data-exact-height=\"16\" data-content-padding-horizontal=\"0\" data-content-padding-vertical=\"0\">\n<div id=\"i63ugq2b_NewsPostsView_i63ugq01201_NewsPosts_i63ugpzw200__0_0_30_0_image_1_proxylink\" class=\"wp2link\">\n<div id=\"i63ugq2b_NewsPostsView_i63ugq01201_NewsPosts_i63ugpzw200__0_0_30_0_image_1_proxyimg\" class=\"wp2img\" data-style=\"\"><img decoding=\"async\" id=\"i63ugq2b_NewsPostsView_i63ugq01201_NewsPosts_i63ugpzw200__0_0_30_0_image_1_proxyimgimage\" src=\"https:\/\/static.wixstatic.com\/media\/2a6fc3_33e85ec106374d7a87b8c3a28cc7d64d.jpg\/v1\/fill\/w_270,h_180,al_c,q_80,usm_0.66_1.00_0.01\/2a6fc3_33e85ec106374d7a87b8c3a28cc7d64d.webp\" alt=\"\" data-type=\"image\" \/><\/div>\n<\/div>\n<\/div>\n<\/div>\n<\/div>\n<\/div>\n<\/div>\n<div id=\"i63ugq2b_NewsPostsView_i63ugq01201_NewsPosts_i63ugpzw200__0_0_30_0_leftToCenterSpacer_child\"><\/div>\n<div id=\"i63ugq2b_NewsPostsView_i63ugq01201_NewsPosts_i63ugpzw200__0_0_30_0_Center\" class=\"flex_display flex_vbox\">\n<div id=\"i63ugq2b_NewsPostsView_i63ugq01201_NewsPosts_i63ugpzw200__0_0_30_0_text_1\" class=\"\">\n<div id=\"i63ugq2b_NewsPostsView_i63ugq01201_NewsPosts_i63ugpzw200__0_0_30_0_text_1\" class=\"flex_display flex_vbox\">\n<div id=\"i63ugq2b_NewsPostsView_i63ugq01201_NewsPosts_i63ugpzw200__0_0_30_0_text_1_proxy\" class=\"s_usaAWRichTextClickableSkin\" data-packed=\"false\">\n<div id=\"i63ugq2b_NewsPostsView_i63ugq01201_NewsPosts_i63ugpzw200__0_0_30_0_text_1_proxyrichTextContainer\" class=\"s_usaAWRichTextClickableSkin_richTextContainer s_usaAWRichTextClickableSkinrichTextContainer\">\n<p class=\"font_6\"><strong><em>Encontro de Grupos de Dan\u00e7a<\/em><\/strong><\/p>\n<\/div>\n<\/div>\n<\/div>\n<\/div>\n<div id=\"i63ugq2b_NewsPostsView_i63ugq01201_NewsPosts_i63ugpzw200__0_0_30_0_fld_hfnxgxqo\" class=\"\">\n<div id=\"i63ugq2b_NewsPostsView_i63ugq01201_NewsPosts_i63ugpzw200__0_0_30_0_fld_hfnxgxqo\" class=\" flex_vbox\">\n<div id=\"i63ugq2b_NewsPostsView_i63ugq01201_NewsPosts_i63ugpzw200__0_0_30_0_fld_hfnxgxqo_proxy\" class=\"s_usaAWRichTextClickableSkin\" data-packed=\"false\">\n<div id=\"i63ugq2b_NewsPostsView_i63ugq01201_NewsPosts_i63ugpzw200__0_0_30_0_fld_hfnxgxqo_proxyrichTextContainer\" class=\"s_usaAWRichTextClickableSkin_richTextContainer s_usaAWRichTextClickableSkinrichTextContainer\">\n<p class=\"font_9\"><strong><em>24 de maio de 2015<\/em><\/strong><\/p>\n<\/div>\n<\/div>\n<\/div>\n<\/div>\n<div id=\"i63ugq2b_NewsPostsView_i63ugq01201_NewsPosts_i63ugpzw200__0_0_30_0_fld_hfxs75de\" class=\"\">\n<div id=\"i63ugq2b_NewsPostsView_i63ugq01201_NewsPosts_i63ugpzw200__0_0_30_0_fld_hfxs75de\" class=\" flex_vbox\">\n<div id=\"i63ugq2b_NewsPostsView_i63ugq01201_NewsPosts_i63ugpzw200__0_0_30_0_fld_hfxs75de_proxy\" class=\"s_usaAWRichTextClickableSkin\" data-packed=\"false\">\n<div id=\"i63ugq2b_NewsPostsView_i63ugq01201_NewsPosts_i63ugpzw200__0_0_30_0_fld_hfxs75de_proxyrichTextContainer\" class=\"s_usaAWRichTextClickableSkin_richTextContainer s_usaAWRichTextClickableSkinrichTextContainer\">\n<p class=\"font_8\">O anfiteatro da Associa\u00e7\u00e3o de Samuel foi o palco escolhido para o I Encontro de Grupos de Dan\u00e7a realizado no passado domingo. Este evento contou com a participa\u00e7\u00e3o de 7 grupos de dan\u00e7a, incluindo o grupo anfitri\u00e3o de HIP HOP de Samuel.<br \/>\nEsta atividade trouxe \u00e0 Associa\u00e7\u00e3o de Samuel mais de 100 crian\u00e7as e jovens que animaram a tarde de calor, com muito entusiasmo e criatividade. Os principais objetivos deste encontro foram o conv\u00edvio e a demonstra\u00e7\u00e3o de diferentes trabalhos no \u00e2mbito da dan\u00e7a. Foi tamb\u00e9m realizado um pequeno concurso para atribui\u00e7\u00e3o do pr\u00e9mio de melhor carateriza\u00e7\u00e3o, pr\u00e9mio de melhor coreografia e pr\u00e9mio de melhor m\u00fasica. O j\u00fari avaliou a presta\u00e7\u00e3o dos grupos e atribuiu os pr\u00e9mios aos seguintes grupos:<br \/>\nGrupo Santa Casa da Miseric\u00f3rdia de Soure &#8211; Turma 3 &#8211; Pr\u00e9mio de melhor coreografia;<br \/>\nGrupo Dance, Love &amp; Fun da Vinha da Rainha &#8211; Pr\u00e9mio de melhor m\u00fasica;<br \/>\nGrupo Style Dance do Alqueid\u00e3o &#8211; Turma 2 &#8211; Pr\u00e9mio de melhor carateriza\u00e7\u00e3o.<br \/>\nNo final foram entregues lembran\u00e7as de participa\u00e7\u00e3o a todos os grupos e realizado um lanche conv\u00edvio.<br \/>\nObrigada a todos pela participa\u00e7\u00e3o!<\/p>\n<\/div>\n<\/div>\n<\/div>\n<\/div>\n<\/div>\n<div id=\"i63ugq2b_NewsPostsView_i63ugq01201_NewsPosts_i63ugpzw200__0_0_30_0_centerToRightSpacer_child\"><\/div>\n<div id=\"i63ugq2b_NewsPostsView_i63ugq01201_NewsPosts_i63ugpzw200__0_0_30_0_Right\" class=\" flex_vbox\"><\/div>\n<\/div>\n<div id=\"i63ugq2b_NewsPostsView_i63ugq01201_NewsPosts_i63ugpzw200__0_0_30_0_Bottom\" class=\" flex_vbox\"><\/div>\n<div id=\"i63ugq2b_NewsPostsView_i63ugq01201_NewsPosts_i63ugpzw200__0_0_30_0_bottomSpacer_child\"><\/div>\n<\/div>\n<\/div>\n<div id=\"i63ugq2b_NewsPostsView_i63ugq01201_Array__0_0_30_footerSpacer_child\"><\/div>\n<div id=\"i63ugq2b_NewsPostsView_i63ugq01201_Array__0_0_30_gutterLine\" class=\"hl1\">\n<div id=\"i63ugq2b_NewsPostsView_i63ugq01201_Array__0_0_30_gutterLineline\" class=\"hl1line\"><\/div>\n<\/div>\n<\/div>\n<div id=\"i63ugq2b_NewsPostsView_i63ugq01201_Array__0_0_31_positionInParent_default\" class=\" flex_vbox\">\n<div id=\"NewsPostsView_i63ugq01201_NewsPosts_i63ugpzw200__0_0_31\" class=\" \">\n<div id=\"i63ugq2b_NewsPostsView_i63ugq01201_NewsPosts_i63ugpzw200__0_0_31_0_def_0\" class=\" flex_vbox\">\n<div id=\"i63ugq2b_NewsPostsView_i63ugq01201_NewsPosts_i63ugpzw200__0_0_31_0_Top\" class=\" flex_vbox\"><\/div>\n<div id=\"i63ugq2b_NewsPostsView_i63ugq01201_NewsPosts_i63ugpzw200__0_0_31_0_topSpacer_child\"><\/div>\n<div id=\"i63ugq2b_NewsPostsView_i63ugq01201_NewsPosts_i63ugpzw200__0_0_31_0_def_3\" class=\"flex_display\">\n<div id=\"i63ugq2b_NewsPostsView_i63ugq01201_NewsPosts_i63ugpzw200__0_0_31_0_Left\" class=\" flex_vbox\">\n<div id=\"i63ugq2b_NewsPostsView_i63ugq01201_NewsPosts_i63ugpzw200__0_0_31_0_image_1\" class=\"\">\n<div id=\"i63ugq2b_NewsPostsView_i63ugq01201_NewsPosts_i63ugpzw200__0_0_31_0_image_1\" class=\"flex_display flex_vbox\">\n<div id=\"i63ugq2b_NewsPostsView_i63ugq01201_NewsPosts_i63ugpzw200__0_0_31_0_image_1_proxy_container\" data-proxy-name=\"Image\" data-width=\"3648\" data-height=\"2736\" data-uri=\"2a6fc3_b43d244408b74732b74ab18672fe60e3.jpg\" data-display-mode=\"fill\">\n<div id=\"i63ugq2b_NewsPostsView_i63ugq01201_NewsPosts_i63ugpzw200__0_0_31_0_image_1_proxy\" class=\"wp2\" title=\"P5173826.JPG\" data-exact-height=\"16\" data-content-padding-horizontal=\"0\" data-content-padding-vertical=\"0\">\n<div id=\"i63ugq2b_NewsPostsView_i63ugq01201_NewsPosts_i63ugpzw200__0_0_31_0_image_1_proxylink\" class=\"wp2link\">\n<div id=\"i63ugq2b_NewsPostsView_i63ugq01201_NewsPosts_i63ugpzw200__0_0_31_0_image_1_proxyimg\" class=\"wp2img\" data-style=\"\"><img decoding=\"async\" id=\"i63ugq2b_NewsPostsView_i63ugq01201_NewsPosts_i63ugpzw200__0_0_31_0_image_1_proxyimgimage\" src=\"https:\/\/static.wixstatic.com\/media\/2a6fc3_b43d244408b74732b74ab18672fe60e3.jpg\/v1\/fill\/w_270,h_180,al_c,q_80,usm_0.66_1.00_0.01\/2a6fc3_b43d244408b74732b74ab18672fe60e3.webp\" alt=\"\" data-type=\"image\" \/><\/div>\n<\/div>\n<\/div>\n<\/div>\n<\/div>\n<\/div>\n<\/div>\n<div id=\"i63ugq2b_NewsPostsView_i63ugq01201_NewsPosts_i63ugpzw200__0_0_31_0_leftToCenterSpacer_child\"><\/div>\n<div id=\"i63ugq2b_NewsPostsView_i63ugq01201_NewsPosts_i63ugpzw200__0_0_31_0_Center\" class=\"flex_display flex_vbox\">\n<div id=\"i63ugq2b_NewsPostsView_i63ugq01201_NewsPosts_i63ugpzw200__0_0_31_0_text_1\" class=\"\">\n<div id=\"i63ugq2b_NewsPostsView_i63ugq01201_NewsPosts_i63ugpzw200__0_0_31_0_text_1\" class=\"flex_display flex_vbox\">\n<div id=\"i63ugq2b_NewsPostsView_i63ugq01201_NewsPosts_i63ugpzw200__0_0_31_0_text_1_proxy\" class=\"s_usaAWRichTextClickableSkin\" data-packed=\"false\">\n<div id=\"i63ugq2b_NewsPostsView_i63ugq01201_NewsPosts_i63ugpzw200__0_0_31_0_text_1_proxyrichTextContainer\" class=\"s_usaAWRichTextClickableSkin_richTextContainer s_usaAWRichTextClickableSkinrichTextContainer\">\n<p class=\"font_6\"><strong><em>Mercado Solid\u00e1rio<\/em><\/strong><\/p>\n<\/div>\n<\/div>\n<\/div>\n<\/div>\n<div id=\"i63ugq2b_NewsPostsView_i63ugq01201_NewsPosts_i63ugpzw200__0_0_31_0_fld_hfnxgxqo\" class=\"\">\n<div id=\"i63ugq2b_NewsPostsView_i63ugq01201_NewsPosts_i63ugpzw200__0_0_31_0_fld_hfnxgxqo\" class=\" flex_vbox\">\n<div id=\"i63ugq2b_NewsPostsView_i63ugq01201_NewsPosts_i63ugpzw200__0_0_31_0_fld_hfnxgxqo_proxy\" class=\"s_usaAWRichTextClickableSkin\" data-packed=\"false\">\n<div id=\"i63ugq2b_NewsPostsView_i63ugq01201_NewsPosts_i63ugpzw200__0_0_31_0_fld_hfnxgxqo_proxyrichTextContainer\" class=\"s_usaAWRichTextClickableSkin_richTextContainer s_usaAWRichTextClickableSkinrichTextContainer\">\n<p class=\"font_9\"><strong><em>17 de maio de 2015<\/em><\/strong><\/p>\n<\/div>\n<\/div>\n<\/div>\n<\/div>\n<div id=\"i63ugq2b_NewsPostsView_i63ugq01201_NewsPosts_i63ugpzw200__0_0_31_0_fld_hfxs75de\" class=\"\">\n<div id=\"i63ugq2b_NewsPostsView_i63ugq01201_NewsPosts_i63ugpzw200__0_0_31_0_fld_hfxs75de\" class=\" flex_vbox\">\n<div id=\"i63ugq2b_NewsPostsView_i63ugq01201_NewsPosts_i63ugpzw200__0_0_31_0_fld_hfxs75de_proxy\" class=\"s_usaAWRichTextClickableSkin\" data-packed=\"false\">\n<div id=\"i63ugq2b_NewsPostsView_i63ugq01201_NewsPosts_i63ugpzw200__0_0_31_0_fld_hfxs75de_proxyrichTextContainer\" class=\"s_usaAWRichTextClickableSkin_richTextContainer s_usaAWRichTextClickableSkinrichTextContainer\">\n<p class=\"font_8\">Foi com muito empenho e esp\u00edrito de comunidade que se realizou mais um Mercado Solid\u00e1rio no passado domingo. Os participantes trouxeram os seus produtos e juntaram-se ao mercado das trocas, onde n\u00e3o entrou dinheiro, mas apenas a nossa moeda local \u201c Diabita\u201d.<\/p>\n<p class=\"font_8\">Durante o mercado os participantes puderam ainda fazer um Rastreio Gratuito pelos Bombeiros Volunt\u00e1rios de Soure \u00e0 diabetes, tens\u00e3o arterial e peso ideal.<\/p>\n<p class=\"font_8\">Encerr\u00e1mos o mercado com uma alegre atua\u00e7\u00e3o dos alunos da Escola de M\u00fasica da Institui\u00e7\u00e3o.<\/p>\n<\/div>\n<\/div>\n<\/div>\n<\/div>\n<\/div>\n<div id=\"i63ugq2b_NewsPostsView_i63ugq01201_NewsPosts_i63ugpzw200__0_0_31_0_centerToRightSpacer_child\"><\/div>\n<div id=\"i63ugq2b_NewsPostsView_i63ugq01201_NewsPosts_i63ugpzw200__0_0_31_0_Right\" class=\" flex_vbox\"><\/div>\n<\/div>\n<div id=\"i63ugq2b_NewsPostsView_i63ugq01201_NewsPosts_i63ugpzw200__0_0_31_0_Bottom\" class=\" flex_vbox\"><\/div>\n<div id=\"i63ugq2b_NewsPostsView_i63ugq01201_NewsPosts_i63ugpzw200__0_0_31_0_bottomSpacer_child\"><\/div>\n<\/div>\n<\/div>\n<div id=\"i63ugq2b_NewsPostsView_i63ugq01201_Array__0_0_31_footerSpacer_child\"><\/div>\n<div id=\"i63ugq2b_NewsPostsView_i63ugq01201_Array__0_0_31_gutterLine\" class=\"hl1\">\n<div id=\"i63ugq2b_NewsPostsView_i63ugq01201_Array__0_0_31_gutterLineline\" class=\"hl1line\"><\/div>\n<\/div>\n<\/div>\n<div id=\"i63ugq2b_NewsPostsView_i63ugq01201_Array__0_0_32_positionInParent_default\" class=\" flex_vbox\">\n<div id=\"NewsPostsView_i63ugq01201_NewsPosts_i63ugpzw200__0_0_32\" class=\" \">\n<div id=\"i63ugq2b_NewsPostsView_i63ugq01201_NewsPosts_i63ugpzw200__0_0_32_0_def_0\" class=\" flex_vbox\">\n<div id=\"i63ugq2b_NewsPostsView_i63ugq01201_NewsPosts_i63ugpzw200__0_0_32_0_Top\" class=\" flex_vbox\"><\/div>\n<div id=\"i63ugq2b_NewsPostsView_i63ugq01201_NewsPosts_i63ugpzw200__0_0_32_0_topSpacer_child\"><\/div>\n<div id=\"i63ugq2b_NewsPostsView_i63ugq01201_NewsPosts_i63ugpzw200__0_0_32_0_def_3\" class=\"flex_display\">\n<div id=\"i63ugq2b_NewsPostsView_i63ugq01201_NewsPosts_i63ugpzw200__0_0_32_0_Left\" class=\" flex_vbox\">\n<div id=\"i63ugq2b_NewsPostsView_i63ugq01201_NewsPosts_i63ugpzw200__0_0_32_0_image_1\" class=\"\">\n<div id=\"i63ugq2b_NewsPostsView_i63ugq01201_NewsPosts_i63ugpzw200__0_0_32_0_image_1\" class=\"flex_display flex_vbox\">\n<div id=\"i63ugq2b_NewsPostsView_i63ugq01201_NewsPosts_i63ugpzw200__0_0_32_0_image_1_proxy_container\" data-proxy-name=\"Image\" data-width=\"4608\" data-height=\"3456\" data-uri=\"2a6fc3_1808fb395de5458bb01033a2b2463acf.jpg\" data-display-mode=\"fill\">\n<div id=\"i63ugq2b_NewsPostsView_i63ugq01201_NewsPosts_i63ugpzw200__0_0_32_0_image_1_proxy\" class=\"wp2\" title=\"DSC02252.JPG\" data-exact-height=\"16\" data-content-padding-horizontal=\"0\" data-content-padding-vertical=\"0\">\n<div id=\"i63ugq2b_NewsPostsView_i63ugq01201_NewsPosts_i63ugpzw200__0_0_32_0_image_1_proxylink\" class=\"wp2link\">\n<div id=\"i63ugq2b_NewsPostsView_i63ugq01201_NewsPosts_i63ugpzw200__0_0_32_0_image_1_proxyimg\" class=\"wp2img\" data-style=\"\"><img decoding=\"async\" id=\"i63ugq2b_NewsPostsView_i63ugq01201_NewsPosts_i63ugpzw200__0_0_32_0_image_1_proxyimgimage\" src=\"https:\/\/static.wixstatic.com\/media\/2a6fc3_1808fb395de5458bb01033a2b2463acf.jpg\/v1\/fill\/w_270,h_180,al_c,q_80,usm_0.66_1.00_0.01\/2a6fc3_1808fb395de5458bb01033a2b2463acf.webp\" alt=\"\" data-type=\"image\" \/><\/div>\n<\/div>\n<\/div>\n<\/div>\n<\/div>\n<\/div>\n<\/div>\n<div id=\"i63ugq2b_NewsPostsView_i63ugq01201_NewsPosts_i63ugpzw200__0_0_32_0_leftToCenterSpacer_child\"><\/div>\n<div id=\"i63ugq2b_NewsPostsView_i63ugq01201_NewsPosts_i63ugpzw200__0_0_32_0_Center\" class=\"flex_display flex_vbox\">\n<div id=\"i63ugq2b_NewsPostsView_i63ugq01201_NewsPosts_i63ugpzw200__0_0_32_0_text_1\" class=\"\">\n<div id=\"i63ugq2b_NewsPostsView_i63ugq01201_NewsPosts_i63ugpzw200__0_0_32_0_text_1\" class=\"flex_display flex_vbox\">\n<div id=\"i63ugq2b_NewsPostsView_i63ugq01201_NewsPosts_i63ugpzw200__0_0_32_0_text_1_proxy\" class=\"s_usaAWRichTextClickableSkin\" data-packed=\"false\">\n<div id=\"i63ugq2b_NewsPostsView_i63ugq01201_NewsPosts_i63ugpzw200__0_0_32_0_text_1_proxyrichTextContainer\" class=\"s_usaAWRichTextClickableSkin_richTextContainer s_usaAWRichTextClickableSkinrichTextContainer\">\n<p class=\"font_6\"><strong><em>Senhora da Estrela &#8211; Serra de Sic\u00f3<\/em><\/strong><\/p>\n<\/div>\n<\/div>\n<\/div>\n<\/div>\n<div id=\"i63ugq2b_NewsPostsView_i63ugq01201_NewsPosts_i63ugpzw200__0_0_32_0_fld_hfnxgxqo\" class=\"\">\n<div id=\"i63ugq2b_NewsPostsView_i63ugq01201_NewsPosts_i63ugpzw200__0_0_32_0_fld_hfnxgxqo\" class=\" flex_vbox\">\n<div id=\"i63ugq2b_NewsPostsView_i63ugq01201_NewsPosts_i63ugpzw200__0_0_32_0_fld_hfnxgxqo_proxy\" class=\"s_usaAWRichTextClickableSkin\" data-packed=\"false\">\n<div id=\"i63ugq2b_NewsPostsView_i63ugq01201_NewsPosts_i63ugpzw200__0_0_32_0_fld_hfnxgxqo_proxyrichTextContainer\" class=\"s_usaAWRichTextClickableSkin_richTextContainer s_usaAWRichTextClickableSkinrichTextContainer\">\n<p class=\"font_9\"><strong><em>14 de Maio de 2015<\/em><\/strong><\/p>\n<\/div>\n<\/div>\n<\/div>\n<\/div>\n<div id=\"i63ugq2b_NewsPostsView_i63ugq01201_NewsPosts_i63ugpzw200__0_0_32_0_fld_hfxs75de\" class=\"\">\n<div id=\"i63ugq2b_NewsPostsView_i63ugq01201_NewsPosts_i63ugpzw200__0_0_32_0_fld_hfxs75de\" class=\" flex_vbox\">\n<div id=\"i63ugq2b_NewsPostsView_i63ugq01201_NewsPosts_i63ugpzw200__0_0_32_0_fld_hfxs75de_proxy\" class=\"s_usaAWRichTextClickableSkin\" data-packed=\"false\">\n<div id=\"i63ugq2b_NewsPostsView_i63ugq01201_NewsPosts_i63ugpzw200__0_0_32_0_fld_hfxs75de_proxyrichTextContainer\" class=\"s_usaAWRichTextClickableSkin_richTextContainer s_usaAWRichTextClickableSkinrichTextContainer\">\n<p class=\"font_8\">Mais uma vez cumprimos a tradi\u00e7\u00e3o de rumar \u00e0 Senhora da Estrela, na Serra de Sic\u00f3 em quinta feira da Ascens\u00e3o . Apanh\u00e1mos o ramo com espigas, flores campestres e oliveira e fizemos o nosso pic nic. Foi um dia bem passado que todos gostaram. Para o ano l\u00e1 estaremos novamente.<\/p>\n<p class=\"font_8\">\n<p class=\"font_8\">\n<p class=\"font_8\">\n<p class=\"font_8\">\n<p class=\"font_8\">\n<\/div>\n<\/div>\n<\/div>\n<\/div>\n<\/div>\n<div id=\"i63ugq2b_NewsPostsView_i63ugq01201_NewsPosts_i63ugpzw200__0_0_32_0_centerToRightSpacer_child\"><\/div>\n<div id=\"i63ugq2b_NewsPostsView_i63ugq01201_NewsPosts_i63ugpzw200__0_0_32_0_Right\" class=\" flex_vbox\"><\/div>\n<\/div>\n<div id=\"i63ugq2b_NewsPostsView_i63ugq01201_NewsPosts_i63ugpzw200__0_0_32_0_Bottom\" class=\" flex_vbox\"><\/div>\n<div id=\"i63ugq2b_NewsPostsView_i63ugq01201_NewsPosts_i63ugpzw200__0_0_32_0_bottomSpacer_child\"><\/div>\n<\/div>\n<\/div>\n<div id=\"i63ugq2b_NewsPostsView_i63ugq01201_Array__0_0_32_footerSpacer_child\"><\/div>\n<div id=\"i63ugq2b_NewsPostsView_i63ugq01201_Array__0_0_32_gutterLine\" class=\"hl1\">\n<div id=\"i63ugq2b_NewsPostsView_i63ugq01201_Array__0_0_32_gutterLineline\" class=\"hl1line\"><\/div>\n<\/div>\n<\/div>\n<div id=\"i63ugq2b_NewsPostsView_i63ugq01201_Array__0_0_33_positionInParent_default\" class=\" flex_vbox\">\n<div id=\"NewsPostsView_i63ugq01201_NewsPosts_i63ugpzw200__0_0_33\" class=\" \">\n<div id=\"i63ugq2b_NewsPostsView_i63ugq01201_NewsPosts_i63ugpzw200__0_0_33_0_def_0\" class=\" flex_vbox\">\n<div id=\"i63ugq2b_NewsPostsView_i63ugq01201_NewsPosts_i63ugpzw200__0_0_33_0_Top\" class=\" flex_vbox\"><\/div>\n<div id=\"i63ugq2b_NewsPostsView_i63ugq01201_NewsPosts_i63ugpzw200__0_0_33_0_topSpacer_child\"><\/div>\n<div id=\"i63ugq2b_NewsPostsView_i63ugq01201_NewsPosts_i63ugpzw200__0_0_33_0_def_3\" class=\"flex_display\">\n<div id=\"i63ugq2b_NewsPostsView_i63ugq01201_NewsPosts_i63ugpzw200__0_0_33_0_Left\" class=\" flex_vbox\">\n<div id=\"i63ugq2b_NewsPostsView_i63ugq01201_NewsPosts_i63ugpzw200__0_0_33_0_image_1\" class=\"\">\n<div id=\"i63ugq2b_NewsPostsView_i63ugq01201_NewsPosts_i63ugpzw200__0_0_33_0_image_1\" class=\"flex_display flex_vbox\">\n<div id=\"i63ugq2b_NewsPostsView_i63ugq01201_NewsPosts_i63ugpzw200__0_0_33_0_image_1_proxy_container\" data-proxy-name=\"Image\" data-width=\"4608\" data-height=\"3456\" data-uri=\"2a6fc3_f0c872e445c443a59462ef68f9756d53.jpg\" data-display-mode=\"fill\">\n<div id=\"i63ugq2b_NewsPostsView_i63ugq01201_NewsPosts_i63ugpzw200__0_0_33_0_image_1_proxy\" class=\"wp2\" title=\"DSC02224.JPG\" data-exact-height=\"16\" data-content-padding-horizontal=\"0\" data-content-padding-vertical=\"0\">\n<div id=\"i63ugq2b_NewsPostsView_i63ugq01201_NewsPosts_i63ugpzw200__0_0_33_0_image_1_proxylink\" class=\"wp2link\">\n<div id=\"i63ugq2b_NewsPostsView_i63ugq01201_NewsPosts_i63ugpzw200__0_0_33_0_image_1_proxyimg\" class=\"wp2img\" data-style=\"\"><img decoding=\"async\" id=\"i63ugq2b_NewsPostsView_i63ugq01201_NewsPosts_i63ugpzw200__0_0_33_0_image_1_proxyimgimage\" src=\"https:\/\/static.wixstatic.com\/media\/2a6fc3_f0c872e445c443a59462ef68f9756d53.jpg\/v1\/fill\/w_270,h_180,al_c,q_80,usm_0.66_1.00_0.01\/2a6fc3_f0c872e445c443a59462ef68f9756d53.webp\" alt=\"\" data-type=\"image\" \/><\/div>\n<\/div>\n<\/div>\n<\/div>\n<\/div>\n<\/div>\n<\/div>\n<div id=\"i63ugq2b_NewsPostsView_i63ugq01201_NewsPosts_i63ugpzw200__0_0_33_0_leftToCenterSpacer_child\"><\/div>\n<div id=\"i63ugq2b_NewsPostsView_i63ugq01201_NewsPosts_i63ugpzw200__0_0_33_0_Center\" class=\"flex_display flex_vbox\">\n<div id=\"i63ugq2b_NewsPostsView_i63ugq01201_NewsPosts_i63ugpzw200__0_0_33_0_text_1\" class=\"\">\n<div id=\"i63ugq2b_NewsPostsView_i63ugq01201_NewsPosts_i63ugpzw200__0_0_33_0_text_1\" class=\"flex_display flex_vbox\">\n<div id=\"i63ugq2b_NewsPostsView_i63ugq01201_NewsPosts_i63ugpzw200__0_0_33_0_text_1_proxy\" class=\"s_usaAWRichTextClickableSkin\" data-packed=\"false\">\n<div id=\"i63ugq2b_NewsPostsView_i63ugq01201_NewsPosts_i63ugpzw200__0_0_33_0_text_1_proxyrichTextContainer\" class=\"s_usaAWRichTextClickableSkin_richTextContainer s_usaAWRichTextClickableSkinrichTextContainer\">\n<p class=\"font_6\"><strong><em>Prociss\u00e3o das Velas<\/em><\/strong><\/p>\n<\/div>\n<\/div>\n<\/div>\n<\/div>\n<div id=\"i63ugq2b_NewsPostsView_i63ugq01201_NewsPosts_i63ugpzw200__0_0_33_0_fld_hfnxgxqo\" class=\"\">\n<div id=\"i63ugq2b_NewsPostsView_i63ugq01201_NewsPosts_i63ugpzw200__0_0_33_0_fld_hfnxgxqo\" class=\" flex_vbox\">\n<div id=\"i63ugq2b_NewsPostsView_i63ugq01201_NewsPosts_i63ugpzw200__0_0_33_0_fld_hfnxgxqo_proxy\" class=\"s_usaAWRichTextClickableSkin\" data-packed=\"false\">\n<div id=\"i63ugq2b_NewsPostsView_i63ugq01201_NewsPosts_i63ugpzw200__0_0_33_0_fld_hfnxgxqo_proxyrichTextContainer\" class=\"s_usaAWRichTextClickableSkin_richTextContainer s_usaAWRichTextClickableSkinrichTextContainer\">\n<p class=\"font_9\"><strong><em>12\/13 maio de 2015<\/em><\/strong><\/p>\n<\/div>\n<\/div>\n<\/div>\n<\/div>\n<div id=\"i63ugq2b_NewsPostsView_i63ugq01201_NewsPosts_i63ugpzw200__0_0_33_0_fld_hfxs75de\" class=\"\">\n<div id=\"i63ugq2b_NewsPostsView_i63ugq01201_NewsPosts_i63ugpzw200__0_0_33_0_fld_hfxs75de\" class=\" flex_vbox\">\n<div id=\"i63ugq2b_NewsPostsView_i63ugq01201_NewsPosts_i63ugpzw200__0_0_33_0_fld_hfxs75de_proxy\" class=\"s_usaAWRichTextClickableSkin\" data-packed=\"false\">\n<div id=\"i63ugq2b_NewsPostsView_i63ugq01201_NewsPosts_i63ugpzw200__0_0_33_0_fld_hfxs75de_proxyrichTextContainer\" class=\"s_usaAWRichTextClickableSkin_richTextContainer s_usaAWRichTextClickableSkinrichTextContainer\">\n<p class=\"font_8\">Como j\u00e1 \u00e9 habitual, no dia 12 de maio a Associa\u00e7\u00e3o de Samuel promoveu uma visita ao Santu\u00e1rio de F\u00e1tima, onde os participantes puderam assistir \u00e0 Prociss\u00e3o das Velas e \u00e0 Missa. Este ano os peregrinos tamb\u00e9m puderam apreciar a imagem da Virgem \u00a0Aparecida, padroeira do Brasil.<\/p>\n<p class=\"font_8\">\n<p class=\"font_8\">\n<\/div>\n<\/div>\n<\/div>\n<\/div>\n<\/div>\n<div id=\"i63ugq2b_NewsPostsView_i63ugq01201_NewsPosts_i63ugpzw200__0_0_33_0_centerToRightSpacer_child\"><\/div>\n<div id=\"i63ugq2b_NewsPostsView_i63ugq01201_NewsPosts_i63ugpzw200__0_0_33_0_Right\" class=\" flex_vbox\"><\/div>\n<\/div>\n<div id=\"i63ugq2b_NewsPostsView_i63ugq01201_NewsPosts_i63ugpzw200__0_0_33_0_Bottom\" class=\" flex_vbox\"><\/div>\n<div id=\"i63ugq2b_NewsPostsView_i63ugq01201_NewsPosts_i63ugpzw200__0_0_33_0_bottomSpacer_child\"><\/div>\n<\/div>\n<\/div>\n<div id=\"i63ugq2b_NewsPostsView_i63ugq01201_Array__0_0_33_footerSpacer_child\"><\/div>\n<div id=\"i63ugq2b_NewsPostsView_i63ugq01201_Array__0_0_33_gutterLine\" class=\"hl1\">\n<div id=\"i63ugq2b_NewsPostsView_i63ugq01201_Array__0_0_33_gutterLineline\" class=\"hl1line\"><\/div>\n<\/div>\n<\/div>\n<div id=\"i63ugq2b_NewsPostsView_i63ugq01201_Array__0_0_34_positionInParent_default\" class=\" flex_vbox\">\n<div id=\"NewsPostsView_i63ugq01201_NewsPosts_i63ugpzw200__0_0_34\" class=\" \">\n<div id=\"i63ugq2b_NewsPostsView_i63ugq01201_NewsPosts_i63ugpzw200__0_0_34_0_def_0\" class=\" flex_vbox\">\n<div id=\"i63ugq2b_NewsPostsView_i63ugq01201_NewsPosts_i63ugpzw200__0_0_34_0_Top\" class=\" flex_vbox\"><\/div>\n<div id=\"i63ugq2b_NewsPostsView_i63ugq01201_NewsPosts_i63ugpzw200__0_0_34_0_topSpacer_child\"><\/div>\n<div id=\"i63ugq2b_NewsPostsView_i63ugq01201_NewsPosts_i63ugpzw200__0_0_34_0_def_3\" class=\"flex_display\">\n<div id=\"i63ugq2b_NewsPostsView_i63ugq01201_NewsPosts_i63ugpzw200__0_0_34_0_Left\" class=\" flex_vbox\">\n<div id=\"i63ugq2b_NewsPostsView_i63ugq01201_NewsPosts_i63ugpzw200__0_0_34_0_image_1\" class=\"\">\n<div id=\"i63ugq2b_NewsPostsView_i63ugq01201_NewsPosts_i63ugpzw200__0_0_34_0_image_1\" class=\"flex_display flex_vbox\">\n<div id=\"i63ugq2b_NewsPostsView_i63ugq01201_NewsPosts_i63ugpzw200__0_0_34_0_image_1_proxy_container\" data-proxy-name=\"Image\" data-width=\"3648\" data-height=\"2736\" data-uri=\"2a6fc3_9341902329d8435abdaccffc04d25544.jpg\" data-display-mode=\"fill\">\n<div id=\"i63ugq2b_NewsPostsView_i63ugq01201_NewsPosts_i63ugpzw200__0_0_34_0_image_1_proxy\" class=\"wp2\" title=\"P5093081.JPG\" data-exact-height=\"16\" data-content-padding-horizontal=\"0\" data-content-padding-vertical=\"0\">\n<div id=\"i63ugq2b_NewsPostsView_i63ugq01201_NewsPosts_i63ugpzw200__0_0_34_0_image_1_proxylink\" class=\"wp2link\">\n<div id=\"i63ugq2b_NewsPostsView_i63ugq01201_NewsPosts_i63ugpzw200__0_0_34_0_image_1_proxyimg\" class=\"wp2img\" data-style=\"\"><img decoding=\"async\" id=\"i63ugq2b_NewsPostsView_i63ugq01201_NewsPosts_i63ugpzw200__0_0_34_0_image_1_proxyimgimage\" src=\"https:\/\/static.wixstatic.com\/media\/2a6fc3_9341902329d8435abdaccffc04d25544.jpg\/v1\/fill\/w_270,h_180,al_c,q_80,usm_0.66_1.00_0.01\/2a6fc3_9341902329d8435abdaccffc04d25544.webp\" alt=\"\" data-type=\"image\" \/><\/div>\n<\/div>\n<\/div>\n<\/div>\n<\/div>\n<\/div>\n<\/div>\n<div id=\"i63ugq2b_NewsPostsView_i63ugq01201_NewsPosts_i63ugpzw200__0_0_34_0_leftToCenterSpacer_child\"><\/div>\n<div id=\"i63ugq2b_NewsPostsView_i63ugq01201_NewsPosts_i63ugpzw200__0_0_34_0_Center\" class=\"flex_display flex_vbox\">\n<div id=\"i63ugq2b_NewsPostsView_i63ugq01201_NewsPosts_i63ugpzw200__0_0_34_0_text_1\" class=\"\">\n<div id=\"i63ugq2b_NewsPostsView_i63ugq01201_NewsPosts_i63ugpzw200__0_0_34_0_text_1\" class=\"flex_display flex_vbox\">\n<div id=\"i63ugq2b_NewsPostsView_i63ugq01201_NewsPosts_i63ugpzw200__0_0_34_0_text_1_proxy\" class=\"s_usaAWRichTextClickableSkin\" data-packed=\"false\">\n<div id=\"i63ugq2b_NewsPostsView_i63ugq01201_NewsPosts_i63ugpzw200__0_0_34_0_text_1_proxyrichTextContainer\" class=\"s_usaAWRichTextClickableSkin_richTextContainer s_usaAWRichTextClickableSkinrichTextContainer\">\n<p class=\"font_6\"><strong><em>Noite Brasileira<\/em><\/strong><\/p>\n<\/div>\n<\/div>\n<\/div>\n<\/div>\n<div id=\"i63ugq2b_NewsPostsView_i63ugq01201_NewsPosts_i63ugpzw200__0_0_34_0_fld_hfnxgxqo\" class=\"\">\n<div id=\"i63ugq2b_NewsPostsView_i63ugq01201_NewsPosts_i63ugpzw200__0_0_34_0_fld_hfnxgxqo\" class=\" flex_vbox\">\n<div id=\"i63ugq2b_NewsPostsView_i63ugq01201_NewsPosts_i63ugpzw200__0_0_34_0_fld_hfnxgxqo_proxy\" class=\"s_usaAWRichTextClickableSkin\" data-packed=\"false\">\n<div id=\"i63ugq2b_NewsPostsView_i63ugq01201_NewsPosts_i63ugpzw200__0_0_34_0_fld_hfnxgxqo_proxyrichTextContainer\" class=\"s_usaAWRichTextClickableSkin_richTextContainer s_usaAWRichTextClickableSkinrichTextContainer\">\n<p class=\"font_9\"><strong><em>09 de maio de 2015<\/em><\/strong><\/p>\n<\/div>\n<\/div>\n<\/div>\n<\/div>\n<div id=\"i63ugq2b_NewsPostsView_i63ugq01201_NewsPosts_i63ugpzw200__0_0_34_0_fld_hfxs75de\" class=\"\">\n<div id=\"i63ugq2b_NewsPostsView_i63ugq01201_NewsPosts_i63ugpzw200__0_0_34_0_fld_hfxs75de\" class=\" flex_vbox\">\n<div id=\"i63ugq2b_NewsPostsView_i63ugq01201_NewsPosts_i63ugpzw200__0_0_34_0_fld_hfxs75de_proxy\" class=\"s_usaAWRichTextClickableSkin\" data-packed=\"false\">\n<div id=\"i63ugq2b_NewsPostsView_i63ugq01201_NewsPosts_i63ugpzw200__0_0_34_0_fld_hfxs75de_proxyrichTextContainer\" class=\"s_usaAWRichTextClickableSkin_richTextContainer s_usaAWRichTextClickableSkinrichTextContainer\">\n<p class=\"font_8\">No dia 9 de maio os ritmos e sabores do Brasil regressaram \u00e0 Associa\u00e7\u00e3o de Samuel com mais uma Noite Brasileira. Muita anima\u00e7\u00e3o, samba, feijoada \u00e0 brasileira e caipirinha marcaram esta noite bem divertida!<\/p>\n<p class=\"font_8\">\n<p class=\"font_8\">\n<p class=\"font_8\">\n<\/div>\n<\/div>\n<\/div>\n<\/div>\n<\/div>\n<div id=\"i63ugq2b_NewsPostsView_i63ugq01201_NewsPosts_i63ugpzw200__0_0_34_0_centerToRightSpacer_child\"><\/div>\n<div id=\"i63ugq2b_NewsPostsView_i63ugq01201_NewsPosts_i63ugpzw200__0_0_34_0_Right\" class=\" flex_vbox\"><\/div>\n<\/div>\n<div id=\"i63ugq2b_NewsPostsView_i63ugq01201_NewsPosts_i63ugpzw200__0_0_34_0_Bottom\" class=\" flex_vbox\"><\/div>\n<div id=\"i63ugq2b_NewsPostsView_i63ugq01201_NewsPosts_i63ugpzw200__0_0_34_0_bottomSpacer_child\"><\/div>\n<\/div>\n<\/div>\n<div id=\"i63ugq2b_NewsPostsView_i63ugq01201_Array__0_0_34_footerSpacer_child\"><\/div>\n<div id=\"i63ugq2b_NewsPostsView_i63ugq01201_Array__0_0_34_gutterLine\" class=\"hl1\">\n<div id=\"i63ugq2b_NewsPostsView_i63ugq01201_Array__0_0_34_gutterLineline\" class=\"hl1line\"><\/div>\n<\/div>\n<\/div>\n<div id=\"i63ugq2b_NewsPostsView_i63ugq01201_Array__0_0_35_positionInParent_default\" class=\" flex_vbox\">\n<div id=\"NewsPostsView_i63ugq01201_NewsPosts_i63ugpzw200__0_0_35\" class=\" \">\n<div id=\"i63ugq2b_NewsPostsView_i63ugq01201_NewsPosts_i63ugpzw200__0_0_35_0_def_0\" class=\" flex_vbox\">\n<div id=\"i63ugq2b_NewsPostsView_i63ugq01201_NewsPosts_i63ugpzw200__0_0_35_0_Top\" class=\" flex_vbox\"><\/div>\n<div id=\"i63ugq2b_NewsPostsView_i63ugq01201_NewsPosts_i63ugpzw200__0_0_35_0_topSpacer_child\"><\/div>\n<div id=\"i63ugq2b_NewsPostsView_i63ugq01201_NewsPosts_i63ugpzw200__0_0_35_0_def_3\" class=\"flex_display\">\n<div id=\"i63ugq2b_NewsPostsView_i63ugq01201_NewsPosts_i63ugpzw200__0_0_35_0_Left\" class=\" flex_vbox\">\n<div id=\"i63ugq2b_NewsPostsView_i63ugq01201_NewsPosts_i63ugpzw200__0_0_35_0_image_1\" class=\"\">\n<div id=\"i63ugq2b_NewsPostsView_i63ugq01201_NewsPosts_i63ugpzw200__0_0_35_0_image_1\" class=\"flex_display flex_vbox\">\n<div id=\"i63ugq2b_NewsPostsView_i63ugq01201_NewsPosts_i63ugpzw200__0_0_35_0_image_1_proxy_container\" data-proxy-name=\"Image\" data-width=\"1880\" data-height=\"2816\" data-uri=\"2a6fc3_dd5e1a4dd8b94e809ece699065f91bda.jpg\" data-display-mode=\"fill\">\n<div id=\"i63ugq2b_NewsPostsView_i63ugq01201_NewsPosts_i63ugpzw200__0_0_35_0_image_1_proxy\" class=\"wp2\" title=\"IMG_8503.JPG\" data-exact-height=\"16\" data-content-padding-horizontal=\"0\" data-content-padding-vertical=\"0\">\n<div id=\"i63ugq2b_NewsPostsView_i63ugq01201_NewsPosts_i63ugpzw200__0_0_35_0_image_1_proxylink\" class=\"wp2link\">\n<div id=\"i63ugq2b_NewsPostsView_i63ugq01201_NewsPosts_i63ugpzw200__0_0_35_0_image_1_proxyimg\" class=\"wp2img\" data-style=\"\"><img decoding=\"async\" id=\"i63ugq2b_NewsPostsView_i63ugq01201_NewsPosts_i63ugpzw200__0_0_35_0_image_1_proxyimgimage\" src=\"https:\/\/static.wixstatic.com\/media\/2a6fc3_dd5e1a4dd8b94e809ece699065f91bda.jpg\/v1\/fill\/w_270,h_180,al_c,q_80,usm_0.66_1.00_0.01\/2a6fc3_dd5e1a4dd8b94e809ece699065f91bda.webp\" alt=\"\" data-type=\"image\" \/><\/div>\n<\/div>\n<\/div>\n<\/div>\n<\/div>\n<\/div>\n<\/div>\n<div id=\"i63ugq2b_NewsPostsView_i63ugq01201_NewsPosts_i63ugpzw200__0_0_35_0_leftToCenterSpacer_child\"><\/div>\n<div id=\"i63ugq2b_NewsPostsView_i63ugq01201_NewsPosts_i63ugpzw200__0_0_35_0_Center\" class=\"flex_display flex_vbox\">\n<div id=\"i63ugq2b_NewsPostsView_i63ugq01201_NewsPosts_i63ugpzw200__0_0_35_0_text_1\" class=\"\">\n<div id=\"i63ugq2b_NewsPostsView_i63ugq01201_NewsPosts_i63ugpzw200__0_0_35_0_text_1\" class=\"flex_display flex_vbox\">\n<div id=\"i63ugq2b_NewsPostsView_i63ugq01201_NewsPosts_i63ugpzw200__0_0_35_0_text_1_proxy\" class=\"s_usaAWRichTextClickableSkin\" data-packed=\"false\">\n<div id=\"i63ugq2b_NewsPostsView_i63ugq01201_NewsPosts_i63ugpzw200__0_0_35_0_text_1_proxyrichTextContainer\" class=\"s_usaAWRichTextClickableSkin_richTextContainer s_usaAWRichTextClickableSkinrichTextContainer\">\n<p class=\"font_6\"><strong><em>Simulacro de Inc\u00eandio<\/em><\/strong><\/p>\n<\/div>\n<\/div>\n<\/div>\n<\/div>\n<div id=\"i63ugq2b_NewsPostsView_i63ugq01201_NewsPosts_i63ugpzw200__0_0_35_0_fld_hfnxgxqo\" class=\"\">\n<div id=\"i63ugq2b_NewsPostsView_i63ugq01201_NewsPosts_i63ugpzw200__0_0_35_0_fld_hfnxgxqo\" class=\" flex_vbox\">\n<div id=\"i63ugq2b_NewsPostsView_i63ugq01201_NewsPosts_i63ugpzw200__0_0_35_0_fld_hfnxgxqo_proxy\" class=\"s_usaAWRichTextClickableSkin\" data-packed=\"false\">\n<div id=\"i63ugq2b_NewsPostsView_i63ugq01201_NewsPosts_i63ugpzw200__0_0_35_0_fld_hfnxgxqo_proxyrichTextContainer\" class=\"s_usaAWRichTextClickableSkin_richTextContainer s_usaAWRichTextClickableSkinrichTextContainer\">\n<p class=\"font_9\"><strong><em>01 de abril de 2015<\/em><\/strong><\/p>\n<\/div>\n<\/div>\n<\/div>\n<\/div>\n<div id=\"i63ugq2b_NewsPostsView_i63ugq01201_NewsPosts_i63ugpzw200__0_0_35_0_fld_hfxs75de\" class=\"\">\n<div id=\"i63ugq2b_NewsPostsView_i63ugq01201_NewsPosts_i63ugpzw200__0_0_35_0_fld_hfxs75de\" class=\" flex_vbox\">\n<div id=\"i63ugq2b_NewsPostsView_i63ugq01201_NewsPosts_i63ugpzw200__0_0_35_0_fld_hfxs75de_proxy\" class=\"s_usaAWRichTextClickableSkin\" data-packed=\"false\">\n<div id=\"i63ugq2b_NewsPostsView_i63ugq01201_NewsPosts_i63ugpzw200__0_0_35_0_fld_hfxs75de_proxyrichTextContainer\" class=\"s_usaAWRichTextClickableSkin_richTextContainer s_usaAWRichTextClickableSkinrichTextContainer\">\n<p class=\"font_8\">O dia come\u00e7ou de uma forma diferente na Creche, jardim-de-inf\u00e2ncia e CATL da Associa\u00e7\u00e3o de Samuel! \u00c0s 10:30 da manh\u00e3 soaram os alarmes de inc\u00eandio para dar in\u00edcio a mais um simulacro. Foram criados dois cen\u00e1rios no teatro de opera\u00e7\u00f5es, sendo um o isolamento de 4 crian\u00e7as (um com traumatismo no membro inferior) e um adulto num parque exterior sem sa\u00edda, e outro um beb\u00e9 retido dentro das instala\u00e7\u00f5es da creche. Foram seguidas todas as instru\u00e7\u00f5es de seguran\u00e7a quer por colaboradoras quer por crian\u00e7as, que adoraram a experi\u00eancia. Fundamental foi a participa\u00e7\u00e3o dos Bombeiros Volunt\u00e1rios de Soure e respetiva sec\u00e7\u00e3o da Granja do Ulmeiro que connosco colaboraram com todo o empenho e dedica\u00e7\u00e3o. A esta corpora\u00e7\u00e3o o nosso Muito Obrigada!<\/p>\n<\/div>\n<\/div>\n<\/div>\n<\/div>\n<\/div>\n<div id=\"i63ugq2b_NewsPostsView_i63ugq01201_NewsPosts_i63ugpzw200__0_0_35_0_centerToRightSpacer_child\"><\/div>\n<div id=\"i63ugq2b_NewsPostsView_i63ugq01201_NewsPosts_i63ugpzw200__0_0_35_0_Right\" class=\" flex_vbox\"><\/div>\n<\/div>\n<div id=\"i63ugq2b_NewsPostsView_i63ugq01201_NewsPosts_i63ugpzw200__0_0_35_0_Bottom\" class=\" flex_vbox\"><\/div>\n<div id=\"i63ugq2b_NewsPostsView_i63ugq01201_NewsPosts_i63ugpzw200__0_0_35_0_bottomSpacer_child\"><\/div>\n<\/div>\n<\/div>\n<div id=\"i63ugq2b_NewsPostsView_i63ugq01201_Array__0_0_35_footerSpacer_child\"><\/div>\n<div id=\"i63ugq2b_NewsPostsView_i63ugq01201_Array__0_0_35_gutterLine\" class=\"hl1\">\n<div id=\"i63ugq2b_NewsPostsView_i63ugq01201_Array__0_0_35_gutterLineline\" class=\"hl1line\"><\/div>\n<\/div>\n<\/div>\n<div id=\"i63ugq2b_NewsPostsView_i63ugq01201_Array__0_0_36_positionInParent_default\" class=\" flex_vbox\">\n<div id=\"NewsPostsView_i63ugq01201_NewsPosts_i63ugpzw200__0_0_36\" class=\" \">\n<div id=\"i63ugq2b_NewsPostsView_i63ugq01201_NewsPosts_i63ugpzw200__0_0_36_0_def_0\" class=\" flex_vbox\">\n<div id=\"i63ugq2b_NewsPostsView_i63ugq01201_NewsPosts_i63ugpzw200__0_0_36_0_Top\" class=\" flex_vbox\"><\/div>\n<div id=\"i63ugq2b_NewsPostsView_i63ugq01201_NewsPosts_i63ugpzw200__0_0_36_0_topSpacer_child\"><\/div>\n<div id=\"i63ugq2b_NewsPostsView_i63ugq01201_NewsPosts_i63ugpzw200__0_0_36_0_def_3\" class=\"flex_display\">\n<div id=\"i63ugq2b_NewsPostsView_i63ugq01201_NewsPosts_i63ugpzw200__0_0_36_0_Left\" class=\" flex_vbox\">\n<div id=\"i63ugq2b_NewsPostsView_i63ugq01201_NewsPosts_i63ugpzw200__0_0_36_0_image_1\" class=\"\">\n<div id=\"i63ugq2b_NewsPostsView_i63ugq01201_NewsPosts_i63ugpzw200__0_0_36_0_image_1\" class=\"flex_display flex_vbox\">\n<div id=\"i63ugq2b_NewsPostsView_i63ugq01201_NewsPosts_i63ugpzw200__0_0_36_0_image_1_proxy_container\" data-proxy-name=\"Image\" data-width=\"3648\" data-height=\"2736\" data-uri=\"2a6fc3_9b4049c0f60440b88874fdd80f199cd8.jpg\" data-display-mode=\"fill\">\n<div id=\"i63ugq2b_NewsPostsView_i63ugq01201_NewsPosts_i63ugpzw200__0_0_36_0_image_1_proxy\" class=\"wp2\" title=\"P3201816.JPG\" data-exact-height=\"16\" data-content-padding-horizontal=\"0\" data-content-padding-vertical=\"0\">\n<div id=\"i63ugq2b_NewsPostsView_i63ugq01201_NewsPosts_i63ugpzw200__0_0_36_0_image_1_proxylink\" class=\"wp2link\">\n<div id=\"i63ugq2b_NewsPostsView_i63ugq01201_NewsPosts_i63ugpzw200__0_0_36_0_image_1_proxyimg\" class=\"wp2img\" data-style=\"\"><img decoding=\"async\" id=\"i63ugq2b_NewsPostsView_i63ugq01201_NewsPosts_i63ugpzw200__0_0_36_0_image_1_proxyimgimage\" src=\"https:\/\/static.wixstatic.com\/media\/2a6fc3_9b4049c0f60440b88874fdd80f199cd8.jpg\/v1\/fill\/w_270,h_180,al_c,q_80,usm_0.66_1.00_0.01\/2a6fc3_9b4049c0f60440b88874fdd80f199cd8.webp\" alt=\"\" data-type=\"image\" \/><\/div>\n<\/div>\n<\/div>\n<\/div>\n<\/div>\n<\/div>\n<\/div>\n<div id=\"i63ugq2b_NewsPostsView_i63ugq01201_NewsPosts_i63ugpzw200__0_0_36_0_leftToCenterSpacer_child\"><\/div>\n<div id=\"i63ugq2b_NewsPostsView_i63ugq01201_NewsPosts_i63ugpzw200__0_0_36_0_Center\" class=\"flex_display flex_vbox\">\n<div id=\"i63ugq2b_NewsPostsView_i63ugq01201_NewsPosts_i63ugpzw200__0_0_36_0_text_1\" class=\"\">\n<div id=\"i63ugq2b_NewsPostsView_i63ugq01201_NewsPosts_i63ugpzw200__0_0_36_0_text_1\" class=\"flex_display flex_vbox\">\n<div id=\"i63ugq2b_NewsPostsView_i63ugq01201_NewsPosts_i63ugpzw200__0_0_36_0_text_1_proxy\" class=\"s_usaAWRichTextClickableSkin\" data-packed=\"false\">\n<div id=\"i63ugq2b_NewsPostsView_i63ugq01201_NewsPosts_i63ugpzw200__0_0_36_0_text_1_proxyrichTextContainer\" class=\"s_usaAWRichTextClickableSkin_richTextContainer s_usaAWRichTextClickableSkinrichTextContainer\">\n<p class=\"font_6\"><strong><em>Dia Mundial da \u00c1rvore<\/em><\/strong><\/p>\n<\/div>\n<\/div>\n<\/div>\n<\/div>\n<div id=\"i63ugq2b_NewsPostsView_i63ugq01201_NewsPosts_i63ugpzw200__0_0_36_0_fld_hfnxgxqo\" class=\"\">\n<div id=\"i63ugq2b_NewsPostsView_i63ugq01201_NewsPosts_i63ugpzw200__0_0_36_0_fld_hfnxgxqo\" class=\" flex_vbox\">\n<div id=\"i63ugq2b_NewsPostsView_i63ugq01201_NewsPosts_i63ugpzw200__0_0_36_0_fld_hfnxgxqo_proxy\" class=\"s_usaAWRichTextClickableSkin\" data-packed=\"false\">\n<div id=\"i63ugq2b_NewsPostsView_i63ugq01201_NewsPosts_i63ugpzw200__0_0_36_0_fld_hfnxgxqo_proxyrichTextContainer\" class=\"s_usaAWRichTextClickableSkin_richTextContainer s_usaAWRichTextClickableSkinrichTextContainer\">\n<p class=\"font_9\"><strong><em>20 de mar\u00e7o de 2015<\/em><\/strong><\/p>\n<\/div>\n<\/div>\n<\/div>\n<\/div>\n<div id=\"i63ugq2b_NewsPostsView_i63ugq01201_NewsPosts_i63ugpzw200__0_0_36_0_fld_hfxs75de\" class=\"\">\n<div id=\"i63ugq2b_NewsPostsView_i63ugq01201_NewsPosts_i63ugpzw200__0_0_36_0_fld_hfxs75de\" class=\" flex_vbox\">\n<div id=\"i63ugq2b_NewsPostsView_i63ugq01201_NewsPosts_i63ugpzw200__0_0_36_0_fld_hfxs75de_proxy\" class=\"s_usaAWRichTextClickableSkin\" data-packed=\"false\">\n<div id=\"i63ugq2b_NewsPostsView_i63ugq01201_NewsPosts_i63ugpzw200__0_0_36_0_fld_hfxs75de_proxyrichTextContainer\" class=\"s_usaAWRichTextClickableSkin_richTextContainer s_usaAWRichTextClickableSkinrichTextContainer\">\n<p class=\"font_8\">Antecipando a comemora\u00e7\u00e3o do Dia Mundial da \u00c1rvore, e numa iniciativa que partiu da Exma. Sra. Presidente da Junta de Freguesia de Samuel, as crian\u00e7as de Creche\u00a0e Jardim de inf\u00e2ncia plantaram uma \u00e1rvore no jardim da Institui\u00e7\u00e3o. A cada crian\u00e7a foi entregue tamb\u00e9m um Medronheiro para plantar em casa em conjunto com a sua fam\u00edlia.<\/p>\n<p class=\"font_8\">\n<\/div>\n<\/div>\n<\/div>\n<\/div>\n<\/div>\n<div id=\"i63ugq2b_NewsPostsView_i63ugq01201_NewsPosts_i63ugpzw200__0_0_36_0_centerToRightSpacer_child\"><\/div>\n<div id=\"i63ugq2b_NewsPostsView_i63ugq01201_NewsPosts_i63ugpzw200__0_0_36_0_Right\" class=\" flex_vbox\"><\/div>\n<\/div>\n<div id=\"i63ugq2b_NewsPostsView_i63ugq01201_NewsPosts_i63ugpzw200__0_0_36_0_Bottom\" class=\" flex_vbox\"><\/div>\n<div id=\"i63ugq2b_NewsPostsView_i63ugq01201_NewsPosts_i63ugpzw200__0_0_36_0_bottomSpacer_child\"><\/div>\n<\/div>\n<\/div>\n<div id=\"i63ugq2b_NewsPostsView_i63ugq01201_Array__0_0_36_footerSpacer_child\"><\/div>\n<div id=\"i63ugq2b_NewsPostsView_i63ugq01201_Array__0_0_36_gutterLine\" class=\"hl1\">\n<div id=\"i63ugq2b_NewsPostsView_i63ugq01201_Array__0_0_36_gutterLineline\" class=\"hl1line\"><\/div>\n<\/div>\n<\/div>\n<div id=\"i63ugq2b_NewsPostsView_i63ugq01201_Array__0_0_37_positionInParent_default\" class=\" flex_vbox\">\n<div id=\"NewsPostsView_i63ugq01201_NewsPosts_i63ugpzw200__0_0_37\" class=\" \">\n<div id=\"i63ugq2b_NewsPostsView_i63ugq01201_NewsPosts_i63ugpzw200__0_0_37_0_def_0\" class=\" flex_vbox\">\n<div id=\"i63ugq2b_NewsPostsView_i63ugq01201_NewsPosts_i63ugpzw200__0_0_37_0_Top\" class=\" flex_vbox\"><\/div>\n<div id=\"i63ugq2b_NewsPostsView_i63ugq01201_NewsPosts_i63ugpzw200__0_0_37_0_topSpacer_child\"><\/div>\n<div id=\"i63ugq2b_NewsPostsView_i63ugq01201_NewsPosts_i63ugpzw200__0_0_37_0_def_3\" class=\"flex_display\">\n<div id=\"i63ugq2b_NewsPostsView_i63ugq01201_NewsPosts_i63ugpzw200__0_0_37_0_Left\" class=\" flex_vbox\">\n<div id=\"i63ugq2b_NewsPostsView_i63ugq01201_NewsPosts_i63ugpzw200__0_0_37_0_image_1\" class=\"\">\n<div id=\"i63ugq2b_NewsPostsView_i63ugq01201_NewsPosts_i63ugpzw200__0_0_37_0_image_1\" class=\"flex_display flex_vbox\">\n<div id=\"i63ugq2b_NewsPostsView_i63ugq01201_NewsPosts_i63ugpzw200__0_0_37_0_image_1_proxy_container\" data-proxy-name=\"Image\" data-width=\"2736\" data-height=\"3648\" data-uri=\"2a6fc3_751e65a4b3aa4bb2aa1ee67f8e88bc48.jpg\" data-display-mode=\"fill\">\n<div id=\"i63ugq2b_NewsPostsView_i63ugq01201_NewsPosts_i63ugpzw200__0_0_37_0_image_1_proxy\" class=\"wp2\" title=\"P3171600.JPG\" data-exact-height=\"16\" data-content-padding-horizontal=\"0\" data-content-padding-vertical=\"0\">\n<div id=\"i63ugq2b_NewsPostsView_i63ugq01201_NewsPosts_i63ugpzw200__0_0_37_0_image_1_proxylink\" class=\"wp2link\">\n<div id=\"i63ugq2b_NewsPostsView_i63ugq01201_NewsPosts_i63ugpzw200__0_0_37_0_image_1_proxyimg\" class=\"wp2img\" data-style=\"\"><img decoding=\"async\" id=\"i63ugq2b_NewsPostsView_i63ugq01201_NewsPosts_i63ugpzw200__0_0_37_0_image_1_proxyimgimage\" src=\"https:\/\/static.wixstatic.com\/media\/2a6fc3_751e65a4b3aa4bb2aa1ee67f8e88bc48.jpg\/v1\/fill\/w_270,h_180,al_c,q_80,usm_0.66_1.00_0.01\/2a6fc3_751e65a4b3aa4bb2aa1ee67f8e88bc48.webp\" alt=\"\" data-type=\"image\" \/><\/div>\n<\/div>\n<\/div>\n<\/div>\n<\/div>\n<\/div>\n<\/div>\n<div id=\"i63ugq2b_NewsPostsView_i63ugq01201_NewsPosts_i63ugpzw200__0_0_37_0_leftToCenterSpacer_child\"><\/div>\n<div id=\"i63ugq2b_NewsPostsView_i63ugq01201_NewsPosts_i63ugpzw200__0_0_37_0_Center\" class=\"flex_display flex_vbox\">\n<div id=\"i63ugq2b_NewsPostsView_i63ugq01201_NewsPosts_i63ugpzw200__0_0_37_0_text_1\" class=\"\">\n<div id=\"i63ugq2b_NewsPostsView_i63ugq01201_NewsPosts_i63ugpzw200__0_0_37_0_text_1\" class=\"flex_display flex_vbox\">\n<div id=\"i63ugq2b_NewsPostsView_i63ugq01201_NewsPosts_i63ugpzw200__0_0_37_0_text_1_proxy\" class=\"s_usaAWRichTextClickableSkin\" data-packed=\"false\">\n<div id=\"i63ugq2b_NewsPostsView_i63ugq01201_NewsPosts_i63ugpzw200__0_0_37_0_text_1_proxyrichTextContainer\" class=\"s_usaAWRichTextClickableSkin_richTextContainer s_usaAWRichTextClickableSkinrichTextContainer\">\n<p class=\"font_6\"><strong><em>Feira do Livro<\/em><\/strong><\/p>\n<\/div>\n<\/div>\n<\/div>\n<\/div>\n<div id=\"i63ugq2b_NewsPostsView_i63ugq01201_NewsPosts_i63ugpzw200__0_0_37_0_fld_hfnxgxqo\" class=\"\">\n<div id=\"i63ugq2b_NewsPostsView_i63ugq01201_NewsPosts_i63ugpzw200__0_0_37_0_fld_hfnxgxqo\" class=\" flex_vbox\">\n<div id=\"i63ugq2b_NewsPostsView_i63ugq01201_NewsPosts_i63ugpzw200__0_0_37_0_fld_hfnxgxqo_proxy\" class=\"s_usaAWRichTextClickableSkin\" data-packed=\"false\">\n<div id=\"i63ugq2b_NewsPostsView_i63ugq01201_NewsPosts_i63ugpzw200__0_0_37_0_fld_hfnxgxqo_proxyrichTextContainer\" class=\"s_usaAWRichTextClickableSkin_richTextContainer s_usaAWRichTextClickableSkinrichTextContainer\">\n<p class=\"font_9\"><strong><em>16 de mar\u00e7o a 02 de abril de 2015<\/em><\/strong><\/p>\n<\/div>\n<\/div>\n<\/div>\n<\/div>\n<div id=\"i63ugq2b_NewsPostsView_i63ugq01201_NewsPosts_i63ugpzw200__0_0_37_0_fld_hfxs75de\" class=\"\">\n<div id=\"i63ugq2b_NewsPostsView_i63ugq01201_NewsPosts_i63ugpzw200__0_0_37_0_fld_hfxs75de\" class=\" flex_vbox\">\n<div id=\"i63ugq2b_NewsPostsView_i63ugq01201_NewsPosts_i63ugpzw200__0_0_37_0_fld_hfxs75de_proxy\" class=\"s_usaAWRichTextClickableSkin\" data-packed=\"false\">\n<div id=\"i63ugq2b_NewsPostsView_i63ugq01201_NewsPosts_i63ugpzw200__0_0_37_0_fld_hfxs75de_proxyrichTextContainer\" class=\"s_usaAWRichTextClickableSkin_richTextContainer s_usaAWRichTextClickableSkinrichTextContainer\">\n<p class=\"font_8\">Entre os dias 16 de mar\u00e7o e 02 de abril est\u00e1 a decorrer na Associa\u00e7\u00e3o de Samuel mais uma Feira do Livro especialmente dedicada aos mais novos. Nesta, poder\u00e3o adquirir livros bastante atrativos, ouvir a narra\u00e7\u00e3o interativa do livro &#8220;A que sabe a Lua?&#8221; e participar no atelier de express\u00e3o pl\u00e1stica. Visite-nos!<\/p>\n<p class=\"font_8\">\n<p class=\"font_8\">\n<\/div>\n<\/div>\n<\/div>\n<\/div>\n<\/div>\n<div id=\"i63ugq2b_NewsPostsView_i63ugq01201_NewsPosts_i63ugpzw200__0_0_37_0_centerToRightSpacer_child\"><\/div>\n<div id=\"i63ugq2b_NewsPostsView_i63ugq01201_NewsPosts_i63ugpzw200__0_0_37_0_Right\" class=\" flex_vbox\"><\/div>\n<\/div>\n<div id=\"i63ugq2b_NewsPostsView_i63ugq01201_NewsPosts_i63ugpzw200__0_0_37_0_Bottom\" class=\" flex_vbox\"><\/div>\n<div id=\"i63ugq2b_NewsPostsView_i63ugq01201_NewsPosts_i63ugpzw200__0_0_37_0_bottomSpacer_child\"><\/div>\n<\/div>\n<\/div>\n<div id=\"i63ugq2b_NewsPostsView_i63ugq01201_Array__0_0_37_footerSpacer_child\"><\/div>\n<div id=\"i63ugq2b_NewsPostsView_i63ugq01201_Array__0_0_37_gutterLine\" class=\"hl1\">\n<div id=\"i63ugq2b_NewsPostsView_i63ugq01201_Array__0_0_37_gutterLineline\" class=\"hl1line\"><\/div>\n<\/div>\n<\/div>\n<div id=\"i63ugq2b_NewsPostsView_i63ugq01201_Array__0_0_38_positionInParent_default\" class=\" flex_vbox\">\n<div id=\"NewsPostsView_i63ugq01201_NewsPosts_i63ugpzw200__0_0_38\" class=\" \">\n<div id=\"i63ugq2b_NewsPostsView_i63ugq01201_NewsPosts_i63ugpzw200__0_0_38_0_def_0\" class=\" flex_vbox\">\n<div id=\"i63ugq2b_NewsPostsView_i63ugq01201_NewsPosts_i63ugpzw200__0_0_38_0_Top\" class=\" flex_vbox\"><\/div>\n<div id=\"i63ugq2b_NewsPostsView_i63ugq01201_NewsPosts_i63ugpzw200__0_0_38_0_topSpacer_child\"><\/div>\n<div id=\"i63ugq2b_NewsPostsView_i63ugq01201_NewsPosts_i63ugpzw200__0_0_38_0_def_3\" class=\"flex_display\">\n<div id=\"i63ugq2b_NewsPostsView_i63ugq01201_NewsPosts_i63ugpzw200__0_0_38_0_Left\" class=\" flex_vbox\">\n<div id=\"i63ugq2b_NewsPostsView_i63ugq01201_NewsPosts_i63ugpzw200__0_0_38_0_image_1\" class=\"\">\n<div id=\"i63ugq2b_NewsPostsView_i63ugq01201_NewsPosts_i63ugpzw200__0_0_38_0_image_1\" class=\"flex_display flex_vbox\">\n<div id=\"i63ugq2b_NewsPostsView_i63ugq01201_NewsPosts_i63ugpzw200__0_0_38_0_image_1_proxy_container\" data-proxy-name=\"Image\" data-width=\"3648\" data-height=\"2736\" data-uri=\"2a6fc3_15b26641a2534ba0b69ff1f85a7b6d56.jpg\" data-display-mode=\"fill\">\n<div id=\"i63ugq2b_NewsPostsView_i63ugq01201_NewsPosts_i63ugpzw200__0_0_38_0_image_1_proxy\" class=\"wp2\" title=\"04.JPG\" data-exact-height=\"16\" data-content-padding-horizontal=\"0\" data-content-padding-vertical=\"0\">\n<div id=\"i63ugq2b_NewsPostsView_i63ugq01201_NewsPosts_i63ugpzw200__0_0_38_0_image_1_proxylink\" class=\"wp2link\">\n<div id=\"i63ugq2b_NewsPostsView_i63ugq01201_NewsPosts_i63ugpzw200__0_0_38_0_image_1_proxyimg\" class=\"wp2img\" data-style=\"\"><img decoding=\"async\" id=\"i63ugq2b_NewsPostsView_i63ugq01201_NewsPosts_i63ugpzw200__0_0_38_0_image_1_proxyimgimage\" src=\"https:\/\/static.wixstatic.com\/media\/2a6fc3_15b26641a2534ba0b69ff1f85a7b6d56.jpg\/v1\/fill\/w_270,h_180,al_c,q_80,usm_0.66_1.00_0.01\/2a6fc3_15b26641a2534ba0b69ff1f85a7b6d56.webp\" alt=\"\" data-type=\"image\" \/><\/div>\n<\/div>\n<\/div>\n<\/div>\n<\/div>\n<\/div>\n<\/div>\n<div id=\"i63ugq2b_NewsPostsView_i63ugq01201_NewsPosts_i63ugpzw200__0_0_38_0_leftToCenterSpacer_child\"><\/div>\n<div id=\"i63ugq2b_NewsPostsView_i63ugq01201_NewsPosts_i63ugpzw200__0_0_38_0_Center\" class=\"flex_display flex_vbox\">\n<div id=\"i63ugq2b_NewsPostsView_i63ugq01201_NewsPosts_i63ugpzw200__0_0_38_0_text_1\" class=\"\">\n<div id=\"i63ugq2b_NewsPostsView_i63ugq01201_NewsPosts_i63ugpzw200__0_0_38_0_text_1\" class=\"flex_display flex_vbox\">\n<div id=\"i63ugq2b_NewsPostsView_i63ugq01201_NewsPosts_i63ugpzw200__0_0_38_0_text_1_proxy\" class=\"s_usaAWRichTextClickableSkin\" data-packed=\"false\">\n<div id=\"i63ugq2b_NewsPostsView_i63ugq01201_NewsPosts_i63ugpzw200__0_0_38_0_text_1_proxyrichTextContainer\" class=\"s_usaAWRichTextClickableSkin_richTextContainer s_usaAWRichTextClickableSkinrichTextContainer\">\n<p class=\"font_6\"><strong><em>II Caminhada Rosa<\/em><\/strong><\/p>\n<\/div>\n<\/div>\n<\/div>\n<\/div>\n<div id=\"i63ugq2b_NewsPostsView_i63ugq01201_NewsPosts_i63ugpzw200__0_0_38_0_fld_hfnxgxqo\" class=\"\">\n<div id=\"i63ugq2b_NewsPostsView_i63ugq01201_NewsPosts_i63ugpzw200__0_0_38_0_fld_hfnxgxqo\" class=\" flex_vbox\">\n<div id=\"i63ugq2b_NewsPostsView_i63ugq01201_NewsPosts_i63ugpzw200__0_0_38_0_fld_hfnxgxqo_proxy\" class=\"s_usaAWRichTextClickableSkin\" data-packed=\"false\">\n<div id=\"i63ugq2b_NewsPostsView_i63ugq01201_NewsPosts_i63ugpzw200__0_0_38_0_fld_hfnxgxqo_proxyrichTextContainer\" class=\"s_usaAWRichTextClickableSkin_richTextContainer s_usaAWRichTextClickableSkinrichTextContainer\">\n<p class=\"font_9\"><strong><em>07 de mar\u00e7o de 2015<\/em><\/strong><\/p>\n<\/div>\n<\/div>\n<\/div>\n<\/div>\n<div id=\"i63ugq2b_NewsPostsView_i63ugq01201_NewsPosts_i63ugpzw200__0_0_38_0_fld_hfxs75de\" class=\"\">\n<div id=\"i63ugq2b_NewsPostsView_i63ugq01201_NewsPosts_i63ugpzw200__0_0_38_0_fld_hfxs75de\" class=\" flex_vbox\">\n<div id=\"i63ugq2b_NewsPostsView_i63ugq01201_NewsPosts_i63ugpzw200__0_0_38_0_fld_hfxs75de_proxy\" class=\"s_usaAWRichTextClickableSkin\" data-packed=\"false\">\n<div id=\"i63ugq2b_NewsPostsView_i63ugq01201_NewsPosts_i63ugpzw200__0_0_38_0_fld_hfxs75de_proxyrichTextContainer\" class=\"s_usaAWRichTextClickableSkin_richTextContainer s_usaAWRichTextClickableSkinrichTextContainer\">\n<p class=\"font_8\">No \u00e2mbito da comemora\u00e7\u00e3o do Dia Internacional da Mulher realizou-se a II Caminhada Rosa, com mais de 100 participantes. Esta atividade come\u00e7ou com uma sess\u00e3o de aquecimento, a que se seguiu um percurso de 13 Km onde se apreciou a paisagem de uma parte da freguesia de Samuel. \u00c0 chegada esperava os \u00a0participantes uma sess\u00e3o de alongamentos seguida da atua\u00e7\u00e3o do grupo de HIP HOP desta Associa\u00e7\u00e3o. A manh\u00e3 terminou com um almo\u00e7o conv\u00edvio.<\/p>\n<\/div>\n<\/div>\n<\/div>\n<\/div>\n<\/div>\n<div id=\"i63ugq2b_NewsPostsView_i63ugq01201_NewsPosts_i63ugpzw200__0_0_38_0_centerToRightSpacer_child\"><\/div>\n<div id=\"i63ugq2b_NewsPostsView_i63ugq01201_NewsPosts_i63ugpzw200__0_0_38_0_Right\" class=\" flex_vbox\"><\/div>\n<\/div>\n<div id=\"i63ugq2b_NewsPostsView_i63ugq01201_NewsPosts_i63ugpzw200__0_0_38_0_Bottom\" class=\" flex_vbox\"><\/div>\n<div id=\"i63ugq2b_NewsPostsView_i63ugq01201_NewsPosts_i63ugpzw200__0_0_38_0_bottomSpacer_child\"><\/div>\n<\/div>\n<\/div>\n<div id=\"i63ugq2b_NewsPostsView_i63ugq01201_Array__0_0_38_footerSpacer_child\"><\/div>\n<div id=\"i63ugq2b_NewsPostsView_i63ugq01201_Array__0_0_38_gutterLine\" class=\"hl1\">\n<div id=\"i63ugq2b_NewsPostsView_i63ugq01201_Array__0_0_38_gutterLineline\" class=\"hl1line\"><\/div>\n<\/div>\n<\/div>\n<div id=\"i63ugq2b_NewsPostsView_i63ugq01201_Array__0_0_39_positionInParent_default\" class=\" flex_vbox\">\n<div id=\"NewsPostsView_i63ugq01201_NewsPosts_i63ugpzw200__0_0_39\" class=\" \">\n<div id=\"i63ugq2b_NewsPostsView_i63ugq01201_NewsPosts_i63ugpzw200__0_0_39_0_def_0\" class=\" flex_vbox\">\n<div id=\"i63ugq2b_NewsPostsView_i63ugq01201_NewsPosts_i63ugpzw200__0_0_39_0_Top\" class=\" flex_vbox\"><\/div>\n<div id=\"i63ugq2b_NewsPostsView_i63ugq01201_NewsPosts_i63ugpzw200__0_0_39_0_topSpacer_child\"><\/div>\n<div id=\"i63ugq2b_NewsPostsView_i63ugq01201_NewsPosts_i63ugpzw200__0_0_39_0_def_3\" class=\"flex_display\">\n<div id=\"i63ugq2b_NewsPostsView_i63ugq01201_NewsPosts_i63ugpzw200__0_0_39_0_Left\" class=\" flex_vbox\">\n<div id=\"i63ugq2b_NewsPostsView_i63ugq01201_NewsPosts_i63ugpzw200__0_0_39_0_image_1\" class=\"\">\n<div id=\"i63ugq2b_NewsPostsView_i63ugq01201_NewsPosts_i63ugpzw200__0_0_39_0_image_1\" class=\"flex_display flex_vbox\">\n<div id=\"i63ugq2b_NewsPostsView_i63ugq01201_NewsPosts_i63ugpzw200__0_0_39_0_image_1_proxy_container\" data-proxy-name=\"Image\" data-width=\"2816\" data-height=\"1880\" data-uri=\"2a6fc3_7bbcba73c83040ba9c263e2a8abc34e9.jpg\" data-display-mode=\"fill\">\n<div id=\"i63ugq2b_NewsPostsView_i63ugq01201_NewsPosts_i63ugpzw200__0_0_39_0_image_1_proxy\" class=\"wp2\" title=\"IMG_8283.JPG\" data-exact-height=\"16\" data-content-padding-horizontal=\"0\" data-content-padding-vertical=\"0\">\n<div id=\"i63ugq2b_NewsPostsView_i63ugq01201_NewsPosts_i63ugpzw200__0_0_39_0_image_1_proxylink\" class=\"wp2link\">\n<div id=\"i63ugq2b_NewsPostsView_i63ugq01201_NewsPosts_i63ugpzw200__0_0_39_0_image_1_proxyimg\" class=\"wp2img\" data-style=\"\"><img decoding=\"async\" id=\"i63ugq2b_NewsPostsView_i63ugq01201_NewsPosts_i63ugpzw200__0_0_39_0_image_1_proxyimgimage\" src=\"https:\/\/static.wixstatic.com\/media\/2a6fc3_7bbcba73c83040ba9c263e2a8abc34e9.jpg\/v1\/fill\/w_270,h_180,al_c,q_80,usm_0.66_1.00_0.01\/2a6fc3_7bbcba73c83040ba9c263e2a8abc34e9.webp\" alt=\"\" data-type=\"image\" \/><\/div>\n<\/div>\n<\/div>\n<\/div>\n<\/div>\n<\/div>\n<\/div>\n<div id=\"i63ugq2b_NewsPostsView_i63ugq01201_NewsPosts_i63ugpzw200__0_0_39_0_leftToCenterSpacer_child\"><\/div>\n<div id=\"i63ugq2b_NewsPostsView_i63ugq01201_NewsPosts_i63ugpzw200__0_0_39_0_Center\" class=\"flex_display flex_vbox\">\n<div id=\"i63ugq2b_NewsPostsView_i63ugq01201_NewsPosts_i63ugpzw200__0_0_39_0_text_1\" class=\"\">\n<div id=\"i63ugq2b_NewsPostsView_i63ugq01201_NewsPosts_i63ugpzw200__0_0_39_0_text_1\" class=\"flex_display flex_vbox\">\n<div id=\"i63ugq2b_NewsPostsView_i63ugq01201_NewsPosts_i63ugpzw200__0_0_39_0_text_1_proxy\" class=\"s_usaAWRichTextClickableSkin\" data-packed=\"false\">\n<div id=\"i63ugq2b_NewsPostsView_i63ugq01201_NewsPosts_i63ugpzw200__0_0_39_0_text_1_proxyrichTextContainer\" class=\"s_usaAWRichTextClickableSkin_richTextContainer s_usaAWRichTextClickableSkinrichTextContainer\">\n<p class=\"font_6\"><strong><em>Carnaval 2015<\/em><\/strong><\/p>\n<\/div>\n<\/div>\n<\/div>\n<\/div>\n<div id=\"i63ugq2b_NewsPostsView_i63ugq01201_NewsPosts_i63ugpzw200__0_0_39_0_fld_hfnxgxqo\" class=\"\">\n<div id=\"i63ugq2b_NewsPostsView_i63ugq01201_NewsPosts_i63ugpzw200__0_0_39_0_fld_hfnxgxqo\" class=\" flex_vbox\">\n<div id=\"i63ugq2b_NewsPostsView_i63ugq01201_NewsPosts_i63ugpzw200__0_0_39_0_fld_hfnxgxqo_proxy\" class=\"s_usaAWRichTextClickableSkin\" data-packed=\"false\">\n<div id=\"i63ugq2b_NewsPostsView_i63ugq01201_NewsPosts_i63ugpzw200__0_0_39_0_fld_hfnxgxqo_proxyrichTextContainer\" class=\"s_usaAWRichTextClickableSkin_richTextContainer s_usaAWRichTextClickableSkinrichTextContainer\">\n<p class=\"font_9\"><strong><em>13 e 16 de fevereiro de 2015<\/em><\/strong><\/p>\n<\/div>\n<\/div>\n<\/div>\n<\/div>\n<div id=\"i63ugq2b_NewsPostsView_i63ugq01201_NewsPosts_i63ugpzw200__0_0_39_0_fld_hfxs75de\" class=\"\">\n<div id=\"i63ugq2b_NewsPostsView_i63ugq01201_NewsPosts_i63ugpzw200__0_0_39_0_fld_hfxs75de\" class=\" flex_vbox\">\n<div id=\"i63ugq2b_NewsPostsView_i63ugq01201_NewsPosts_i63ugpzw200__0_0_39_0_fld_hfxs75de_proxy\" class=\"s_usaAWRichTextClickableSkin\" data-packed=\"false\">\n<div id=\"i63ugq2b_NewsPostsView_i63ugq01201_NewsPosts_i63ugpzw200__0_0_39_0_fld_hfxs75de_proxyrichTextContainer\" class=\"s_usaAWRichTextClickableSkin_richTextContainer s_usaAWRichTextClickableSkinrichTextContainer\">\n<p class=\"font_8\">Aderindo ao convite da C\u00e2mara Municipal de Soure as crian\u00e7as de jardim de inf\u00e2ncia da Associa\u00e7\u00e3o Cultural Recreativa e Social de Samuel participaram no \u00a0tradicional Desfile de Carnaval Infantil, na sexta feira \u00a0dia 13, \u00a0na vila de Soure cujo tema foi &#8220;A fruta&#8221;. \u00a0Este tema est\u00e1 relacionado \u00a0com a promo\u00e7\u00e3o do \u201cLanche Saud\u00e1vel\u201d institu\u00eddo pela Autarquia, no \u00e2mbito do Programa Fruta Escola.<\/p>\n<p class=\"font_8\">Na sexta feira \u00e0 tarde realizou-se o Baile de Carnaval na Institui\u00e7\u00e3o com a participa\u00e7\u00e3o das crian\u00e7as de creche e jardim de inf\u00e2ncia com um lanche especial.<\/p>\n<p class=\"font_8\">No \u00e2mbito do projeto pedag\u00f3gico &#8220;Eu, Tu,N\u00f3s&#8230; Encontro de Gera\u00e7\u00f5es&#8221;, as crian\u00e7as de CATL levaram a anima\u00e7\u00e3o do Carnaval aos idosos de Centro de Dia, Lar e Centro de Conv\u00edvio.<\/p>\n<\/div>\n<\/div>\n<\/div>\n<\/div>\n<\/div>\n<div id=\"i63ugq2b_NewsPostsView_i63ugq01201_NewsPosts_i63ugpzw200__0_0_39_0_centerToRightSpacer_child\"><\/div>\n<div id=\"i63ugq2b_NewsPostsView_i63ugq01201_NewsPosts_i63ugpzw200__0_0_39_0_Right\" class=\" flex_vbox\"><\/div>\n<\/div>\n<div id=\"i63ugq2b_NewsPostsView_i63ugq01201_NewsPosts_i63ugpzw200__0_0_39_0_Bottom\" class=\" flex_vbox\"><\/div>\n<div id=\"i63ugq2b_NewsPostsView_i63ugq01201_NewsPosts_i63ugpzw200__0_0_39_0_bottomSpacer_child\"><\/div>\n<\/div>\n<\/div>\n<div id=\"i63ugq2b_NewsPostsView_i63ugq01201_Array__0_0_39_footerSpacer_child\"><\/div>\n<div id=\"i63ugq2b_NewsPostsView_i63ugq01201_Array__0_0_39_gutterLine\" class=\"hl1\">\n<div id=\"i63ugq2b_NewsPostsView_i63ugq01201_Array__0_0_39_gutterLineline\" class=\"hl1line\"><\/div>\n<\/div>\n<\/div>\n<div id=\"i63ugq2b_NewsPostsView_i63ugq01201_Array__0_0_40_positionInParent_default\" class=\" flex_vbox\">\n<div id=\"NewsPostsView_i63ugq01201_NewsPosts_i63ugpzw200__0_0_40\" class=\" \">\n<div id=\"i63ugq2b_NewsPostsView_i63ugq01201_NewsPosts_i63ugpzw200__0_0_40_0_def_0\" class=\" flex_vbox\">\n<div id=\"i63ugq2b_NewsPostsView_i63ugq01201_NewsPosts_i63ugpzw200__0_0_40_0_Top\" class=\" flex_vbox\"><\/div>\n<div id=\"i63ugq2b_NewsPostsView_i63ugq01201_NewsPosts_i63ugpzw200__0_0_40_0_topSpacer_child\"><\/div>\n<div id=\"i63ugq2b_NewsPostsView_i63ugq01201_NewsPosts_i63ugpzw200__0_0_40_0_def_3\" class=\"flex_display\">\n<div id=\"i63ugq2b_NewsPostsView_i63ugq01201_NewsPosts_i63ugpzw200__0_0_40_0_Left\" class=\" flex_vbox\">\n<div id=\"i63ugq2b_NewsPostsView_i63ugq01201_NewsPosts_i63ugpzw200__0_0_40_0_image_1\" class=\"\">\n<div id=\"i63ugq2b_NewsPostsView_i63ugq01201_NewsPosts_i63ugpzw200__0_0_40_0_image_1\" class=\"flex_display flex_vbox\">\n<div id=\"i63ugq2b_NewsPostsView_i63ugq01201_NewsPosts_i63ugpzw200__0_0_40_0_image_1_proxy_container\" data-proxy-name=\"Image\" data-width=\"960\" data-height=\"720\" data-uri=\"2a6fc3_5d62fe68e4c1465b9ef7149bed1935ad.jpg\" data-display-mode=\"fill\">\n<div id=\"i63ugq2b_NewsPostsView_i63ugq01201_NewsPosts_i63ugpzw200__0_0_40_0_image_1_proxy\" class=\"wp2\" title=\"10943684_1549888851937381_2453985564923427033_n.jpg\" data-exact-height=\"16\" data-content-padding-horizontal=\"0\" data-content-padding-vertical=\"0\">\n<div id=\"i63ugq2b_NewsPostsView_i63ugq01201_NewsPosts_i63ugpzw200__0_0_40_0_image_1_proxylink\" class=\"wp2link\">\n<div id=\"i63ugq2b_NewsPostsView_i63ugq01201_NewsPosts_i63ugpzw200__0_0_40_0_image_1_proxyimg\" class=\"wp2img\" data-style=\"\"><img decoding=\"async\" id=\"i63ugq2b_NewsPostsView_i63ugq01201_NewsPosts_i63ugpzw200__0_0_40_0_image_1_proxyimgimage\" src=\"https:\/\/static.wixstatic.com\/media\/2a6fc3_5d62fe68e4c1465b9ef7149bed1935ad.jpg\/v1\/fill\/w_270,h_180,al_c,q_80,usm_0.66_1.00_0.01\/2a6fc3_5d62fe68e4c1465b9ef7149bed1935ad.webp\" alt=\"\" data-type=\"image\" \/><\/div>\n<\/div>\n<\/div>\n<\/div>\n<\/div>\n<\/div>\n<\/div>\n<div id=\"i63ugq2b_NewsPostsView_i63ugq01201_NewsPosts_i63ugpzw200__0_0_40_0_leftToCenterSpacer_child\"><\/div>\n<div id=\"i63ugq2b_NewsPostsView_i63ugq01201_NewsPosts_i63ugpzw200__0_0_40_0_Center\" class=\"flex_display flex_vbox\">\n<div id=\"i63ugq2b_NewsPostsView_i63ugq01201_NewsPosts_i63ugpzw200__0_0_40_0_text_1\" class=\"\">\n<div id=\"i63ugq2b_NewsPostsView_i63ugq01201_NewsPosts_i63ugpzw200__0_0_40_0_text_1\" class=\"flex_display flex_vbox\">\n<div id=\"i63ugq2b_NewsPostsView_i63ugq01201_NewsPosts_i63ugpzw200__0_0_40_0_text_1_proxy\" class=\"s_usaAWRichTextClickableSkin\" data-packed=\"false\">\n<div id=\"i63ugq2b_NewsPostsView_i63ugq01201_NewsPosts_i63ugpzw200__0_0_40_0_text_1_proxyrichTextContainer\" class=\"s_usaAWRichTextClickableSkin_richTextContainer s_usaAWRichTextClickableSkinrichTextContainer\">\n<p class=\"font_6\"><strong><em>Noite de fados<\/em><\/strong><\/p>\n<\/div>\n<\/div>\n<\/div>\n<\/div>\n<div id=\"i63ugq2b_NewsPostsView_i63ugq01201_NewsPosts_i63ugpzw200__0_0_40_0_fld_hfnxgxqo\" class=\"\">\n<div id=\"i63ugq2b_NewsPostsView_i63ugq01201_NewsPosts_i63ugpzw200__0_0_40_0_fld_hfnxgxqo\" class=\" flex_vbox\">\n<div id=\"i63ugq2b_NewsPostsView_i63ugq01201_NewsPosts_i63ugpzw200__0_0_40_0_fld_hfnxgxqo_proxy\" class=\"s_usaAWRichTextClickableSkin\" data-packed=\"false\">\n<div id=\"i63ugq2b_NewsPostsView_i63ugq01201_NewsPosts_i63ugpzw200__0_0_40_0_fld_hfnxgxqo_proxyrichTextContainer\" class=\"s_usaAWRichTextClickableSkin_richTextContainer s_usaAWRichTextClickableSkinrichTextContainer\">\n<p class=\"font_9\"><strong><em>24 de janeiro de 2015<\/em><\/strong><\/p>\n<\/div>\n<\/div>\n<\/div>\n<\/div>\n<div id=\"i63ugq2b_NewsPostsView_i63ugq01201_NewsPosts_i63ugpzw200__0_0_40_0_fld_hfxs75de\" class=\"\">\n<div id=\"i63ugq2b_NewsPostsView_i63ugq01201_NewsPosts_i63ugpzw200__0_0_40_0_fld_hfxs75de\" class=\" flex_vbox\">\n<div id=\"i63ugq2b_NewsPostsView_i63ugq01201_NewsPosts_i63ugpzw200__0_0_40_0_fld_hfxs75de_proxy\" class=\"s_usaAWRichTextClickableSkin\" data-packed=\"false\">\n<div id=\"i63ugq2b_NewsPostsView_i63ugq01201_NewsPosts_i63ugpzw200__0_0_40_0_fld_hfxs75de_proxyrichTextContainer\" class=\"s_usaAWRichTextClickableSkin_richTextContainer s_usaAWRichTextClickableSkinrichTextContainer\">\n<p class=\"font_8\">Realizou-se no dia 24 de janeiro mais uma Noite de Fados com muito sucesso! Al\u00e9m do fado, saborearam-se algumas iguarias da Feguesia de Samuel &#8211; serrabulho, torresmos e morcela doce &#8211; acompanhadas de boa broa, vinho tinto e sangria.<\/p>\n<p class=\"font_8\">\n<p class=\"font_8\">\n<p class=\"font_8\">\n<\/div>\n<\/div>\n<\/div>\n<\/div>\n<\/div>\n<div id=\"i63ugq2b_NewsPostsView_i63ugq01201_NewsPosts_i63ugpzw200__0_0_40_0_centerToRightSpacer_child\"><\/div>\n<div id=\"i63ugq2b_NewsPostsView_i63ugq01201_NewsPosts_i63ugpzw200__0_0_40_0_Right\" class=\" flex_vbox\"><\/div>\n<\/div>\n<div id=\"i63ugq2b_NewsPostsView_i63ugq01201_NewsPosts_i63ugpzw200__0_0_40_0_Bottom\" class=\" flex_vbox\"><\/div>\n<div id=\"i63ugq2b_NewsPostsView_i63ugq01201_NewsPosts_i63ugpzw200__0_0_40_0_bottomSpacer_child\"><\/div>\n<\/div>\n<\/div>\n<\/div>\n<p>[\/et_pb_text][\/et_pb_column][\/et_pb_row][\/et_pb_section]<\/p>\n","protected":false},"excerpt":{"rendered":"<p><div class=\"et_pb_row et_pb_row_0 et_pb_row_empty\">\n\t\t\t\t\n\t\t\t\t\n\t\t\t\t\n\t\t\t\t\n\t\t\t\t\n\t\t\t<\/div> Noite de Fados 24 de fevereiro de 2018 Realizou-se no s\u00e1bado mais uma excelente Noite de Fados na nossa Associa\u00e7\u00e3o. Cont\u00e1mos com as vozes de\u00a0F\u00e1tima Louren\u00e7o e Ramiro Santos a cantar fado de Lisboa e Pedro Devesa a cantar fado de Coimbra. Na guitarra portuguesa ouvimos Jo\u00e3o Paulo Devesa e na viola de fado [&hellip;]<\/p>\n","protected":false},"author":2,"featured_media":0,"parent":0,"menu_order":0,"comment_status":"closed","ping_status":"closed","template":"","meta":{"_et_pb_use_builder":"on","_et_pb_old_content":"","_et_gb_content_width":"","footnotes":""},"class_list":["post-123","page","type-page","status-publish","hentry"],"_links":{"self":[{"href":"https:\/\/www.asamuel.pt\/novo\/wp-json\/wp\/v2\/pages\/123","targetHints":{"allow":["GET"]}}],"collection":[{"href":"https:\/\/www.asamuel.pt\/novo\/wp-json\/wp\/v2\/pages"}],"about":[{"href":"https:\/\/www.asamuel.pt\/novo\/wp-json\/wp\/v2\/types\/page"}],"author":[{"embeddable":true,"href":"https:\/\/www.asamuel.pt\/novo\/wp-json\/wp\/v2\/users\/2"}],"replies":[{"embeddable":true,"href":"https:\/\/www.asamuel.pt\/novo\/wp-json\/wp\/v2\/comments?post=123"}],"version-history":[{"count":4,"href":"https:\/\/www.asamuel.pt\/novo\/wp-json\/wp\/v2\/pages\/123\/revisions"}],"predecessor-version":[{"id":330,"href":"https:\/\/www.asamuel.pt\/novo\/wp-json\/wp\/v2\/pages\/123\/revisions\/330"}],"wp:attachment":[{"href":"https:\/\/www.asamuel.pt\/novo\/wp-json\/wp\/v2\/media?parent=123"}],"curies":[{"name":"wp","href":"https:\/\/api.w.org\/{rel}","templated":true}]}}